{"id":5137,"date":"2021-01-22T21:44:17","date_gmt":"2021-01-22T20:44:17","guid":{"rendered":"https:\/\/www.blecha.at\/sluzby\/verpackung-und-versand\/"},"modified":"2021-09-30T14:43:21","modified_gmt":"2021-09-30T12:43:21","slug":"baleni-a-preprava","status":"publish","type":"page","link":"https:\/\/www.blecha.at\/cs\/sluzby\/baleni-a-preprava\/","title":{"rendered":"Verpackung und Versand"},"content":{"rendered":"\n<section id=\"sectionTwo\" class=\"mt-lg-n11 py-8 py-md-11 px-lg-9 border-left border-right border-right-lg-none bg-white\">\n\n\n<div class=\"wp-bootstrap-blocks-container container-fluid mb-0\">\n\t\n<div class=\"wp-bootstrap-blocks-row row mx-auto\">\n\t\n\n<div class=\"col-12 col-md-10\">\n\t\t\t\n\n<h2 class=\"text-secondary scroll-fade-bottom-up visibility-hidden wp-block-heading\">Rychleji do c\u00edle! <br>S logistikou BLECHA, nejbezpe\u010dn\u011bj\u0161\u00ed doru\u010dovac\u00ed slu\u017ebou.<\/h2>\n\n\n\n<p class=\"scroll-fade-bottom-up visibility-hidden\">Na\u0161i z\u00e1kazn\u00edci oce\u0148uj\u00ed na\u0161i kvalitu a to nejen materi\u00e1lu. Proto\u017ee n\u00e1\u0161 slib jde daleko nad r\u00e1mec va\u0161\u00ed objedn\u00e1vky, od prvn\u00edho kontaktu a\u017e po p\u0159\u00edjezd na\u0161eho \u0159idi\u010de. Postar\u00e1me se o v\u0161e, co je t\u0159eba ud\u011blat pro optim\u00e1ln\u00ed balen\u00ed, aby va\u0161e dod\u00e1vka dorazila 100% chr\u00e1n\u011bna a nepo\u0161kozena. Po \u010cesk\u00e9 republice dod\u00e1v\u00e1me v ka\u017ed\u00fd pracovn\u00ed den na z\u00e1klad\u011b na\u0161eho pl\u00e1nu rozvoz\u016f. Ve v\u00fdjime\u010dn\u00fdch p\u0159\u00edpadech a pro jin\u00e9 p\u0159epravn\u00ed trasy m\u00e1me k dispozici spolehliv\u00e9 partnersk\u00e9 p\u0159epravn\u00ed spole\u010dnosti, kter\u00e9 zaji\u0161\u0165uj\u00ed rychl\u00e9 a bezpe\u010dn\u00e9 dod\u00e1n\u00ed. Postar\u00e1me se tak\u00e9 o bezprobl\u00e9mov\u00e9 celn\u00ed formality. Sledujte sv\u016fj projekt, o zbytek se postar\u00e1me my.<\/p>\n\n\t<\/div>\n\n<\/div>\n\n<\/div>\n\n\n\n<\/section>\n\n\n\n<section class=\"border-left border-right border-right-lg-none bg-primary\">\n\n\n<div class=\"wp-bootstrap-blocks-container container-fluid mb-0 px-0\">\n\t\n<div class=\"wp-bootstrap-blocks-row row mx-auto\">\n\t\n\n<div class=\"col-12 col-md-6 px-7 px-lg-9 py-7 py-lg-9\">\n\t\t\t\n\n<h3 class=\"text-secondary scroll-fade-bottom-up visibility-hidden wp-block-heading\">BAL\u00cdC\u00cd STROJ<\/h3>\n\n\n\n<p class=\"scroll-fade-bottom-up visibility-hidden\">BLECHA zaru\u010duje bezpe\u010dnost, stabilitu a ochranu materi\u00e1lu b\u011bhem p\u0159epravy d\u00edky pou\u017eit\u00ed bal\u00edc\u00edho za\u0159\u00edzen\u00ed! Na po\u017e\u00e1d\u00e1n\u00ed zabal\u00edme V\u00e1mi objednan\u00fd materi\u00e1l tenkou f\u00f3li\u00ed do cel\u00e9ho bal\u00edku nebo i po jednotliv\u00fdch ty\u010d\u00ed.<\/p>\n\n\n\n<h5 class=\"text-secondary mt-7 mb-5 scroll-fade-bottom-up visibility-hidden wp-block-heading\">Technick\u00e9 mo\u017enosti:<\/h5>\n\n\n\n<div class=\"d-flex text-left scroll-fade-bottom-up visibility-hidden\">\n<div class=\"badge badge-rounded-circle badge-secondary mt-1 mr-4\">\n<i class=\"fe fe-check\"><\/i>\n<\/div><p class=\"text-white\">\u0161\u00ed\u0159ka: 100 mm a\u017e 550 mm<\/p><\/div>\n\n<div class=\"d-flex text-left scroll-fade-bottom-up visibility-hidden\">\n<div class=\"badge badge-rounded-circle badge-secondary mt-1 mr-4\">\n<i class=\"fe fe-check\"><\/i>\n<\/div><p class=\"text-white\">v\u00fd\u0161ka: 30 mm a\u017e 500 mm<\/p><\/div>\n\n<div class=\"d-flex text-left scroll-fade-bottom-up visibility-hidden\">\n<div class=\"badge badge-rounded-circle badge-secondary mt-1 mr-4\">\n<i class=\"fe fe-check\"><\/i>\n<\/div><p class=\"text-white\">d\u00e9lka: 2000 mm a\u017e 6020 mm<\/p><\/div>\n\n<div class=\"d-flex text-left scroll-fade-bottom-up visibility-hidden\">\n<div class=\"badge badge-rounded-circle badge-secondary mt-1 mr-4\">\n<i class=\"fe fe-check\"><\/i>\n<\/div><p class=\"text-white\">hmotnost: max. 600 kg<\/p><\/div>\n\n<div class=\"d-flex text-left scroll-fade-bottom-up visibility-hidden\">\n<div class=\"badge badge-rounded-circle badge-secondary mt-1 mr-4\">\n<i class=\"fe fe-check\"><\/i>\n<\/div><p class=\"text-white\">\u00fahlop\u0159\u00ed\u010dka: max. 744 mm<\/p><\/div>\n\n\t<\/div>\n\n\n\n<div class=\"col-12 col-md-6 px-0 scroll-reveal-right-to-left\">\n\t\t\t\n\n<div class=\"reveal-item\">\n<div class=\"reveal-item-inner\">\n\n\n\n<figure class=\"wp-block-image size-large wp-block-image-cover h-100 mb-0\"><img loading=\"lazy\" decoding=\"async\" width=\"795\" height=\"1024\" src=\"https:\/\/www.blecha.at\/wp-content\/uploads\/2021\/02\/blecha-wickelmaschine-1-795x1024.jpg\" alt=\"\" class=\"wp-image-1854\" srcset=\"https:\/\/www.blecha.at\/wp-content\/uploads\/2021\/02\/blecha-wickelmaschine-1-795x1024.jpg 795w, https:\/\/www.blecha.at\/wp-content\/uploads\/2021\/02\/blecha-wickelmaschine-1-233x300.jpg 233w, https:\/\/www.blecha.at\/wp-content\/uploads\/2021\/02\/blecha-wickelmaschine-1-768x990.jpg 768w, https:\/\/www.blecha.at\/wp-content\/uploads\/2021\/02\/blecha-wickelmaschine-1-1192x1536.jpg 1192w, https:\/\/www.blecha.at\/wp-content\/uploads\/2021\/02\/blecha-wickelmaschine-1-1589x2048.jpg 1589w, https:\/\/www.blecha.at\/wp-content\/uploads\/2021\/02\/blecha-wickelmaschine-1.jpg 1707w\" sizes=\"auto, (max-width: 795px) 100vw, 795px\" \/><\/figure>\n\n\n\n<\/div>\n<\/div>\n\n\t<\/div>\n\n\n\n<div class=\"col-12 col-md-6 px-7 px-lg-9 py-7 py-lg-9 order-md-2\">\n\t\t\t\n\n<h3 class=\"text-secondary scroll-fade-bottom-up visibility-hidden wp-block-heading\"><strong>Vysokozdvi\u017en\u00e9 a vychyst\u00e1vac\u00ed voz\u00edky<\/strong><\/h3>\n\n\n\n<p>Ve spole\u010dnosti BLECHA pracujeme s 10 nejmodern\u011bj\u0161\u00edmi vysokozdvi\u017en\u00fdmi voz\u00edky, kter\u00fdmi jsou na\u0161e vozidla nakl\u00e1d\u00e1na a vykl\u00e1d\u00e1na.<\/p>\n\n\n\n<p>M\u00e1me tak\u00e9 \u010dty\u0159i bo\u010dn\u00ed naklada\u010de se sb\u011brn\u00fdmi ko\u0161i, kter\u00e9 slou\u017e\u00ed k vykl\u00e1d\u00e1n\u00ed zbo\u017e\u00ed z reg\u00e1l\u016f a p\u0159\u00edprav\u011b pro nakl\u00e1dku z\u00e1kazn\u00edk\u016fm.<\/p>\n\n\n\n<p>V neposledn\u00ed \u0159ad\u011b pou\u017e\u00edv\u00e1me \u010dty\u0159i bo\u010dn\u00ed naklada\u010de bez vychyst\u00e1vac\u00edho ko\u0161e, se kter\u00fdmi na\u0161i zku\u0161en\u00ed odborn\u00edci d\u00e1vaj\u00ed zbo\u017e\u00ed do reg\u00e1l\u016f. Jsme proto optim\u00e1ln\u011b vybaveni k tomu, abychom mohli na\u0161im z\u00e1kazn\u00edk\u016fm dod\u00e1vat na\u0161e vysoce kvalitn\u00ed produkty rychle a efektivn\u011b. Za\u010dn\u011bte sv\u016fj dal\u0161\u00ed projekt s BLECHOU a p\u0159esv\u011bd\u010dte se sami<\/p>\n\n\t<\/div>\n\n\n\n<div class=\"col-12 col-md-6 px-0 scroll-reveal-left-to-right\">\n\t\t\t\n\n<div class=\"reveal-item\">\n<div class=\"reveal-item-inner\">\n\n\n\n<figure class=\"wp-block-image size-large wp-block-image-cover h-100 mb-0\"><img loading=\"lazy\" decoding=\"async\" width=\"795\" height=\"1024\" src=\"https:\/\/www.blecha.at\/wp-content\/uploads\/2021\/02\/blecha-kommissioniermaschine-1-795x1024.jpg\" alt=\"\" class=\"wp-image-1869\" srcset=\"https:\/\/www.blecha.at\/wp-content\/uploads\/2021\/02\/blecha-kommissioniermaschine-1-795x1024.jpg 795w, https:\/\/www.blecha.at\/wp-content\/uploads\/2021\/02\/blecha-kommissioniermaschine-1-233x300.jpg 233w, https:\/\/www.blecha.at\/wp-content\/uploads\/2021\/02\/blecha-kommissioniermaschine-1-768x990.jpg 768w, https:\/\/www.blecha.at\/wp-content\/uploads\/2021\/02\/blecha-kommissioniermaschine-1-1192x1536.jpg 1192w, https:\/\/www.blecha.at\/wp-content\/uploads\/2021\/02\/blecha-kommissioniermaschine-1-1589x2048.jpg 1589w, https:\/\/www.blecha.at\/wp-content\/uploads\/2021\/02\/blecha-kommissioniermaschine-1.jpg 1707w\" sizes=\"auto, (max-width: 795px) 100vw, 795px\" \/><\/figure>\n\n\n\n<\/div>\n<\/div>\n\n\t<\/div>\n\n<\/div>\n\n<\/div>\n\n\n\n<\/section>\n\n\n\n<section class=\"py-8 py-md-11 px-lg-9 border-left border-right border-right-lg-none bg-light\">\n\n\n<div class=\"wp-bootstrap-blocks-container container-fluid mb-0\">\n\t\n<div class=\"wp-bootstrap-blocks-row row mx-auto\">\n\t\n\n<div class=\"col-12 col-md-10\">\n\t\t\t\n\n<h3 class=\"scroll-fade-bottom-up visibility-hidden wp-block-heading\"><meta charset=\"utf-8\">MANIPULA\u010cN\u00cd ZA\u0158\u00cdZEN\u00cd NA PLECHY<\/h3>\n\n\n\n<p class=\"scroll-fade-bottom-up visibility-hidden\">Objednan\u00e9 plechy, slzi\u010dkov\u00e9 plechy a desky stohujeme automaticky, rychle a \u0161etrn\u011b, voliteln\u011b i bez pap\u00edrov\u00e9 vrstvy!<\/p>\n\n\n\n<h5 class=\"wp-block-heading\">Va\u0161e v\u00fdhody:<\/h5>\n\n\n\n<div class=\"d-flex text-left scroll-fade-bottom-up visibility-hidden\">\n<div class=\"badge badge-rounded-circle badge-secondary mt-1 mr-4\">\n<i class=\"fe fe-check\"><\/i>\n<\/div><p class=\"text-black\">rychl\u00e9 dod\u00e1n\u00ed<\/p><\/div>\n\n<div class=\"d-flex text-left scroll-fade-bottom-up visibility-hidden\">\n<div class=\"badge badge-rounded-circle badge-secondary mt-1 mr-4\">\n<i class=\"fe fe-check\"><\/i>\n<\/div><p class=\"text-black\">vysok\u00e1 kvalita povrchu<\/p><\/div>\n\n<div class=\"d-flex text-left scroll-fade-bottom-up visibility-hidden\">\n<div class=\"badge badge-rounded-circle badge-secondary mt-1 mr-4\">\n<i class=\"fe fe-check\"><\/i>\n<\/div><p class=\"text-black\">\u017e\u00e1dn\u00e9 dal\u0161\u00ed n\u00e1klady<\/p><\/div>\n\n\t<\/div>\n\n<\/div>\n\n<\/div>\n\n\n\n<\/section>\n\n\n\n<section class=\"py-8 py-md-11 px-lg-9 border-left border-right border-right-lg-none bg-white\">\n\n\n<div class=\"wp-bootstrap-blocks-container container-fluid mb-0\">\n\t\n<div class=\"wp-bootstrap-blocks-row row mx-auto\">\n\t\n\n<div class=\"col-12 col-md-10\">\n\t\t\t\n\n<h3 class=\"scroll-fade-bottom-up visibility-hidden wp-block-heading\">BLECHA-vozov\u00fd park<\/h3>\n\n\n\n<p class=\"scroll-fade-bottom-up visibility-hidden\">\u017d\u00e1dn\u00e1 cesta pro n\u00e1s nen\u00ed p\u0159\u00edli\u0161 daleko. Zvl\u00e1\u0161t\u011b ne pro na\u0161e p\u0159epravn\u00ed spole\u010dnosti. Va\u0161i z\u00e1silku dod\u00e1me do \u010cesk\u00e9 republiky, Rakouska, N\u011bmecka, na Slovensko, do Ma\u010farska, Slovinska, Ji\u017en\u00edho Tyrolska, It\u00e1lie nebo Chorvatska. Po \u010cesk\u00e9 republice rozv\u00e1\u017e\u00edme na\u0161\u00ed dopravou v ka\u017ed\u00fd pracovn\u00ed den p\u0159i iminim\u00e1ln\u00ed v\u00e1ze 100 kg\/dod\u00e1vku. Je to m\u00e1lo? Pak se t\u011b\u0161\u00edme na v\u00fdzvu. Kontaktujte n\u00e1s, my to zvl\u00e1dneme!<\/p>\n\n\t<\/div>\n\n<\/div>\n\n<\/div>\n\n\n\n<\/section>\n\n\n\n<section class=\"px-lg-9 border-left border-right border-right-lg-none bg-secondary\">\n\n\n<div class=\"wp-bootstrap-blocks-container container-fluid mb-0\">\n\t\n<div class=\"wp-bootstrap-blocks-row row mx-auto\">\n\t\n\n<div class=\"col-12 col-md-12 text-white border-bottom border-white py-7 py-lg-9\">\n\t\t\t\n\n<svg class=\"icon-brand mb-4 scroll-fade-bottom-up visibility-hidden\" viewBox=\"0 0 64 64\" xmlns=\"http:\/\/www.w3.org\/2000\/svg\"><g fill=\"none\" class=\"stroke-primary\" stroke-linecap=\"square\" stroke-miterlimit=\"10\" stroke-width=\"2\"><path d=\"m20 56v6h-11v-6\"><\/path><path d=\"m55 56v6h-11v-6\"><\/path><g class=\"stroke-primary\"><path d=\"m4 25v7\"><\/path><path d=\"m60 25v7\"><\/path><path d=\"m58.073 39.887-4.073-4.887v-33h-44v33l-4.073 4.887c-.599.719-.927 1.623-.927 2.559v13.554h54v-13.552c0-.936-.328-1.842-.927-2.561z\"><\/path><\/g><circle cx=\"16\" cy=\"46\" r=\"4\"><\/circle><circle cx=\"48\" cy=\"46\" r=\"4\"><\/circle><path d=\"m28 46h8\"><\/path><path d=\"m10 8h44\" class=\"stroke-primary\" stroke-linecap=\"butt\"><\/path><path d=\"m16 14h32v20h-32z\"><\/path><\/g><\/svg>\n\n\n\n<h4 class=\"scroll-fade-bottom-up visibility-hidden wp-block-heading\">Vyzvednut\u00ed materi\u00e1lu<\/h4>\n\n\n\n<p class=\"mb-5 scroll-fade-bottom-up visibility-hidden\">\u010casto si na\u0161i z\u00e1kazn\u00edci vyzved\u00e1vaj\u00ed materi\u00e1l u n\u00e1s sami. I zde v\u0161ak p\u0159ikl\u00e1d\u00e1me velk\u00fd v\u00fdznam bezpe\u010dnosti a dodr\u017eov\u00e1n\u00ed z\u00e1konn\u00fdch po\u017eadavk\u016f:<\/p>\n\n\n\n<div class=\"d-flex text-left scroll-fade-bottom-up visibility-hidden\">\n<div class=\"badge badge-rounded-circle badge-primary mt-1 mr-4\">\n<i class=\"fe fe-check\"><\/i>\n<\/div><p class=\"text-white\">vozidlo mus\u00ed b\u00fdt technicky p\u0159izp\u016fsobil\u00e9 pro nakl\u00e1dku<\/p><\/div>\n\n<div class=\"d-flex text-left scroll-fade-bottom-up visibility-hidden\">\n<div class=\"badge badge-rounded-circle badge-primary mt-1 mr-4\">\n<i class=\"fe fe-check\"><\/i>\n<\/div><p class=\"text-white\">nesm\u00ed b\u00fdt p\u0159ekro\u010dena maxim\u00e1ln\u011b p\u0159\u00edpustn\u00e1 celkov\u00e1 hmotnost vozidla<\/p><\/div>\n\n<div class=\"d-flex text-left scroll-fade-bottom-up visibility-hidden\">\n<div class=\"badge badge-rounded-circle badge-primary mt-1 mr-4\">\n<i class=\"fe fe-check\"><\/i>\n<\/div><p class=\"text-white\">nap\u00ednac\u00ed popruhy pro upevn\u011bn\u00ed materi\u00e1lu mus\u00edte m\u00edt k dispozici*<\/p><\/div>\n\n<div class=\"d-flex text-left scroll-fade-bottom-up visibility-hidden\">\n<div class=\"badge badge-rounded-circle badge-primary mt-1 mr-4\">\n<i class=\"fe fe-check\"><\/i>\n<\/div><p class=\"text-white\">p\u0159esahuj\u00edc\u00ed n\u00e1klad mus\u00ed b\u00fdt ozna\u010den<\/p><\/div>\n\n<div class=\"d-flex text-left scroll-fade-bottom-up visibility-hidden\">\n<div class=\"badge badge-rounded-circle badge-primary mt-1 mr-4\">\n<i class=\"fe fe-check\"><\/i>\n<\/div><p class=\"text-white\">v\u00fd\u0161ka n\u00e1kladu max. 4 metry<\/p><\/div>\n\n\n\n<p class=\"mt-3 scroll-fade-bottom-up visibility-hidden\"><em>* <em>Pokud nem\u00e1te popruhy k dispozici, m\u00e1te nyn\u00ed mo\u017enost zakoupit je u n\u00e1s, n\u00e1\u0161 prodejn\u00ed t\u00fdm V\u00e1m r\u00e1d porad\u00ed!<\/em><\/em>.<\/p>\n\n\t<\/div>\n\n\n\n<div class=\"col-12 col-md-6 text-white py-7 border-bottom border-white\">\n\t\t\t\n\n<svg class=\"icon-brand mb-4 scroll-fade-bottom-up visibility-hidden\" viewBox=\"0 0 64 64\" xmlns=\"http:\/\/www.w3.org\/2000\/svg\"><g fill=\"none\" class=\"stroke-primary\" stroke-linecap=\"square\" stroke-miterlimit=\"10\" stroke-width=\"2\"><g class=\"stroke-primary\"><path d=\"m44 19h11l7 14v17h-8\"><\/path><path d=\"m42 50h-21\"><\/path><path d=\"m9 50h-7v-42h37v29\"><\/path><\/g><path d=\"m47 25v8l9-.001\"><\/path><circle cx=\"15\" cy=\"50\" r=\"6\"><\/circle><circle cx=\"48\" cy=\"50\" r=\"6\"><\/circle><\/g><\/svg>\n\n\n\n<h4 class=\"scroll-fade-bottom-up visibility-hidden wp-block-heading\">Spedice<\/h4>\n\n\n\n<p class=\"scroll-fade-bottom-up visibility-hidden\">Z\u00edskejte svou dod\u00e1vku ve v\u00edce ne\u017e 60 zem\u00edch po cel\u00e9m sv\u011bt\u011b. Dopravu pro V\u00e1s zajist\u00edme, jako\u017e i v\u0161echny dodac\u00ed a celn\u00ed pap\u00edry v p\u0159\u00edslu\u0161n\u00e9m jazyce.<\/p>\n\n\t<\/div>\n\n\n\n<div class=\"col-12 col-md-6 text-white py-7 border-bottom border-white\">\n\t\t\t\n\n<svg class=\"icon-brand mb-4 scroll-fade-bottom-up visibility-hidden\" viewBox=\"0 0 64 64\" xmlns=\"http:\/\/www.w3.org\/2000\/svg\"><g fill=\"none\" class=\"stroke-primary\" stroke-linecap=\"square\" stroke-miterlimit=\"10\" stroke-width=\"2\"><path d=\"m2 16h60\" class=\"stroke-primary\" stroke-linecap=\"butt\"><\/path><path d=\"m62 16-14-12h-32l-14 12v44h60z\" class=\"stroke-primary\"><\/path><path d=\"m40 36h-16v-20l6-12h4l6 12z\"><\/path><\/g><\/svg>\n\n\n\n<h4 class=\"scroll-fade-bottom-up visibility-hidden wp-block-heading\">Z\u00e1silkov\u00e1 slu\u017eba<\/h4>\n\n\n\n<p class=\"scroll-fade-bottom-up visibility-hidden\">Men\u0161\u00ed mno\u017estv\u00ed zas\u00edl\u00e1me ve vnitrozem\u00ed a do zahrani\u010d\u00ed rychle a levn\u011b z\u00e1silkovou slu\u017ebou do maxim\u00e1ln\u00ed d\u00e9lky 2 m nebo po \u017eeleznici s d\u00e9lkou do 3 m.<\/p>\n\n\t<\/div>\n\n\n\n<div class=\"col-12 text-white mt-5 pb-7 pb-md-9\">\n\t\t\t\n\n<p class=\"scroll-fade-bottom-up visibility-hidden\"><em><em>Pokud jde o n\u00e1klady na dopravu, je t\u0159eba vz\u00edt v \u00favahu druh dopravy, oblast doru\u010den\u00ed, zbo\u017e\u00ed, hmotnost atd. N\u00e1\u0161 t\u00fdm se v\u0161ak tyto detaily postar\u00e1, aby pro V\u00e1s bylo doru\u010den\u00ed co nejkomfortn\u011bj\u0161\u00ed<\/em>.<\/em><\/p>\n\n\t<\/div>\n\n<\/div>\n\n<\/div>\n\n\n\n<\/section>\n\n\n\n<section class=\"py-8 py-md-11 px-lg-9 border-left border-right border-right-lg-none bg-white\">\n\n\n<div class=\"wp-bootstrap-blocks-container container-fluid mb-0\">\n\t\n<div class=\"wp-bootstrap-blocks-row row mx-auto\">\n\t\n\n<div class=\"col-12 col-md-10\">\n\t\t\t\n\n<h2 class=\"text-secondary mb-7 scroll-fade-bottom-up visibility-hidden wp-block-heading\">M\u00e9dia<\/h2>\n\n\t<\/div>\n\n\n\n<div class=\"col-12 col-lg-4\">\n\t\t\t\n\n<figure class=\"wp-block-embed is-type-video is-provider-youtube wp-block-embed-youtube wp-embed-aspect-16-9 wp-has-aspect-ratio\"><div class=\"wp-block-embed__wrapper\">\n<iframe loading=\"lazy\" title=\"Wickelmaschine bei Firma Blecha\" width=\"500\" height=\"281\" src=\"https:\/\/www.youtube.com\/embed\/U-TvgAFpl-I?feature=oembed\" frameborder=\"0\" allow=\"accelerometer; autoplay; clipboard-write; encrypted-media; gyroscope; picture-in-picture; web-share\" referrerpolicy=\"strict-origin-when-cross-origin\" allowfullscreen><\/iframe>\n<\/div><\/figure>\n\n\t<\/div>\n\n\n\n<div class=\"col-12 col-lg-4\">\n\t\t\t\n\n<figure class=\"wp-block-embed is-type-video is-provider-youtube wp-block-embed-youtube wp-embed-aspect-16-9 wp-has-aspect-ratio\"><div class=\"wp-block-embed__wrapper\">\n<iframe loading=\"lazy\" title=\"Blech-Kommissionier Anlage bei Firma Blecha\" width=\"500\" height=\"281\" src=\"https:\/\/www.youtube.com\/embed\/YCuRZ2LqE0E?feature=oembed\" frameborder=\"0\" allow=\"accelerometer; autoplay; clipboard-write; encrypted-media; gyroscope; picture-in-picture; web-share\" referrerpolicy=\"strict-origin-when-cross-origin\" allowfullscreen><\/iframe>\n<\/div><\/figure>\n\n\t<\/div>\n\n<\/div>\n\n<\/div>\n\n\n\n<\/section>\n","protected":false},"excerpt":{"rendered":"","protected":false},"author":2,"featured_media":5139,"parent":4572,"menu_order":0,"comment_status":"closed","ping_status":"closed","template":"page-leistungen.php","meta":{"_acf_changed":false,"footnotes":""},"class_list":["post-5137","page","type-page","status-publish","has-post-thumbnail","hentry"],"acf":[],"yoast_head":"<!-- This site is optimized with the Yoast SEO plugin v27.3 - https:\/\/yoast.com\/product\/yoast-seo-wordpress\/ -->\n<title>Balen\u00ed a p\u0159eprava | BLECHA<\/title>\n<meta name=\"description\" content=\"D\u00edky logistick\u00e9 slu\u017eb\u011b BLECHA se postar\u00e1me o v\u0161e, co souvis\u00ed s optim\u00e1ln\u00edm balen\u00edm, aby k v\u00e1m va\u0161e z\u00e1silka dorazila 100% chr\u00e1n\u011bna a v nepo\u0161kozen\u00e9m stavu.\" \/>\n<meta name=\"robots\" content=\"index, follow, max-snippet:-1, max-image-preview:large, max-video-preview:-1\" \/>\n<link rel=\"canonical\" href=\"https:\/\/www.blecha.at\/cs\/sluzby\/baleni-a-preprava\/\" \/>\n<meta property=\"og:locale\" content=\"cs_CZ\" \/>\n<meta property=\"og:type\" content=\"article\" \/>\n<meta property=\"og:title\" content=\"Balen\u00ed a p\u0159eprava | BLECHA\" \/>\n<meta property=\"og:description\" content=\"D\u00edky logistick\u00e9 slu\u017eb\u011b BLECHA se postar\u00e1me o v\u0161e, co souvis\u00ed s optim\u00e1ln\u00edm balen\u00edm, aby k v\u00e1m va\u0161e z\u00e1silka dorazila 100% chr\u00e1n\u011bna a v nepo\u0161kozen\u00e9m stavu.\" \/>\n<meta property=\"og:url\" content=\"https:\/\/www.blecha.at\/cs\/sluzby\/baleni-a-preprava\/\" \/>\n<meta property=\"og:site_name\" content=\"BLECHA\" \/>\n<meta property=\"article:modified_time\" content=\"2021-09-30T12:43:21+00:00\" \/>\n<meta property=\"og:image\" content=\"https:\/\/www.blecha.at\/wp-content\/uploads\/2021\/03\/blecha-verpackung-und-versand-1-thumbnail.jpg\" \/>\n\t<meta property=\"og:image:width\" content=\"1600\" \/>\n\t<meta property=\"og:image:height\" content=\"1600\" \/>\n\t<meta property=\"og:image:type\" content=\"image\/jpeg\" \/>\n<meta name=\"twitter:card\" content=\"summary_large_image\" \/>\n<meta name=\"twitter:label1\" content=\"Odhadovan\u00e1 doba \u010dten\u00ed\" \/>\n\t<meta name=\"twitter:data1\" content=\"3 minuty\" \/>\n<script type=\"application\/ld+json\" class=\"yoast-schema-graph\">{\"@context\":\"https:\\\/\\\/schema.org\",\"@graph\":[{\"@type\":\"WebPage\",\"@id\":\"https:\\\/\\\/www.blecha.at\\\/cs\\\/sluzby\\\/baleni-a-preprava\\\/\",\"url\":\"https:\\\/\\\/www.blecha.at\\\/cs\\\/sluzby\\\/baleni-a-preprava\\\/\",\"name\":\"Balen\u00ed a p\u0159eprava | BLECHA\",\"isPartOf\":{\"@id\":\"https:\\\/\\\/www.blecha.at\\\/#website\"},\"primaryImageOfPage\":{\"@id\":\"https:\\\/\\\/www.blecha.at\\\/cs\\\/sluzby\\\/baleni-a-preprava\\\/#primaryimage\"},\"image\":{\"@id\":\"https:\\\/\\\/www.blecha.at\\\/cs\\\/sluzby\\\/baleni-a-preprava\\\/#primaryimage\"},\"thumbnailUrl\":\"https:\\\/\\\/www.blecha.at\\\/wp-content\\\/uploads\\\/2021\\\/03\\\/blecha-verpackung-und-versand-1-thumbnail.jpg\",\"datePublished\":\"2021-01-22T20:44:17+00:00\",\"dateModified\":\"2021-09-30T12:43:21+00:00\",\"description\":\"D\u00edky logistick\u00e9 slu\u017eb\u011b BLECHA se postar\u00e1me o v\u0161e, co souvis\u00ed s optim\u00e1ln\u00edm balen\u00edm, aby k v\u00e1m va\u0161e z\u00e1silka dorazila 100% chr\u00e1n\u011bna a v nepo\u0161kozen\u00e9m stavu.\",\"breadcrumb\":{\"@id\":\"https:\\\/\\\/www.blecha.at\\\/cs\\\/sluzby\\\/baleni-a-preprava\\\/#breadcrumb\"},\"inLanguage\":\"cs\",\"potentialAction\":[{\"@type\":\"ReadAction\",\"target\":[\"https:\\\/\\\/www.blecha.at\\\/cs\\\/sluzby\\\/baleni-a-preprava\\\/\"]}]},{\"@type\":\"ImageObject\",\"inLanguage\":\"cs\",\"@id\":\"https:\\\/\\\/www.blecha.at\\\/cs\\\/sluzby\\\/baleni-a-preprava\\\/#primaryimage\",\"url\":\"https:\\\/\\\/www.blecha.at\\\/wp-content\\\/uploads\\\/2021\\\/03\\\/blecha-verpackung-und-versand-1-thumbnail.jpg\",\"contentUrl\":\"https:\\\/\\\/www.blecha.at\\\/wp-content\\\/uploads\\\/2021\\\/03\\\/blecha-verpackung-und-versand-1-thumbnail.jpg\",\"width\":1600,\"height\":1600},{\"@type\":\"BreadcrumbList\",\"@id\":\"https:\\\/\\\/www.blecha.at\\\/cs\\\/sluzby\\\/baleni-a-preprava\\\/#breadcrumb\",\"itemListElement\":[{\"@type\":\"ListItem\",\"position\":1,\"name\":\"Home\",\"item\":\"https:\\\/\\\/www.blecha.at\\\/cs\\\/\"},{\"@type\":\"ListItem\",\"position\":2,\"name\":\"Slu\u017eby\",\"item\":\"https:\\\/\\\/www.blecha.at\\\/cs\\\/sluzby\\\/\"},{\"@type\":\"ListItem\",\"position\":3,\"name\":\"Verpackung und Versand\"}]},{\"@type\":\"WebSite\",\"@id\":\"https:\\\/\\\/www.blecha.at\\\/#website\",\"url\":\"https:\\\/\\\/www.blecha.at\\\/\",\"name\":\"BLECHA\",\"description\":\"Eine weitere WordPress-Website\",\"potentialAction\":[{\"@type\":\"SearchAction\",\"target\":{\"@type\":\"EntryPoint\",\"urlTemplate\":\"https:\\\/\\\/www.blecha.at\\\/?s={search_term_string}\"},\"query-input\":{\"@type\":\"PropertyValueSpecification\",\"valueRequired\":true,\"valueName\":\"search_term_string\"}}],\"inLanguage\":\"cs\"}]}<\/script>\n<!-- \/ Yoast SEO plugin. -->","yoast_head_json":{"title":"Balen\u00ed a p\u0159eprava | BLECHA","description":"D\u00edky logistick\u00e9 slu\u017eb\u011b BLECHA se postar\u00e1me o v\u0161e, co souvis\u00ed s optim\u00e1ln\u00edm balen\u00edm, aby k v\u00e1m va\u0161e z\u00e1silka dorazila 100% chr\u00e1n\u011bna a v nepo\u0161kozen\u00e9m stavu.","robots":{"index":"index","follow":"follow","max-snippet":"max-snippet:-1","max-image-preview":"max-image-preview:large","max-video-preview":"max-video-preview:-1"},"canonical":"https:\/\/www.blecha.at\/cs\/sluzby\/baleni-a-preprava\/","og_locale":"cs_CZ","og_type":"article","og_title":"Balen\u00ed a p\u0159eprava | BLECHA","og_description":"D\u00edky logistick\u00e9 slu\u017eb\u011b BLECHA se postar\u00e1me o v\u0161e, co souvis\u00ed s optim\u00e1ln\u00edm balen\u00edm, aby k v\u00e1m va\u0161e z\u00e1silka dorazila 100% chr\u00e1n\u011bna a v nepo\u0161kozen\u00e9m stavu.","og_url":"https:\/\/www.blecha.at\/cs\/sluzby\/baleni-a-preprava\/","og_site_name":"BLECHA","article_modified_time":"2021-09-30T12:43:21+00:00","og_image":[{"width":1600,"height":1600,"url":"https:\/\/www.blecha.at\/wp-content\/uploads\/2021\/03\/blecha-verpackung-und-versand-1-thumbnail.jpg","type":"image\/jpeg"}],"twitter_card":"summary_large_image","twitter_misc":{"Odhadovan\u00e1 doba \u010dten\u00ed":"3 minuty"},"schema":{"@context":"https:\/\/schema.org","@graph":[{"@type":"WebPage","@id":"https:\/\/www.blecha.at\/cs\/sluzby\/baleni-a-preprava\/","url":"https:\/\/www.blecha.at\/cs\/sluzby\/baleni-a-preprava\/","name":"Balen\u00ed a p\u0159eprava | BLECHA","isPartOf":{"@id":"https:\/\/www.blecha.at\/#website"},"primaryImageOfPage":{"@id":"https:\/\/www.blecha.at\/cs\/sluzby\/baleni-a-preprava\/#primaryimage"},"image":{"@id":"https:\/\/www.blecha.at\/cs\/sluzby\/baleni-a-preprava\/#primaryimage"},"thumbnailUrl":"https:\/\/www.blecha.at\/wp-content\/uploads\/2021\/03\/blecha-verpackung-und-versand-1-thumbnail.jpg","datePublished":"2021-01-22T20:44:17+00:00","dateModified":"2021-09-30T12:43:21+00:00","description":"D\u00edky logistick\u00e9 slu\u017eb\u011b BLECHA se postar\u00e1me o v\u0161e, co souvis\u00ed s optim\u00e1ln\u00edm balen\u00edm, aby k v\u00e1m va\u0161e z\u00e1silka dorazila 100% chr\u00e1n\u011bna a v nepo\u0161kozen\u00e9m stavu.","breadcrumb":{"@id":"https:\/\/www.blecha.at\/cs\/sluzby\/baleni-a-preprava\/#breadcrumb"},"inLanguage":"cs","potentialAction":[{"@type":"ReadAction","target":["https:\/\/www.blecha.at\/cs\/sluzby\/baleni-a-preprava\/"]}]},{"@type":"ImageObject","inLanguage":"cs","@id":"https:\/\/www.blecha.at\/cs\/sluzby\/baleni-a-preprava\/#primaryimage","url":"https:\/\/www.blecha.at\/wp-content\/uploads\/2021\/03\/blecha-verpackung-und-versand-1-thumbnail.jpg","contentUrl":"https:\/\/www.blecha.at\/wp-content\/uploads\/2021\/03\/blecha-verpackung-und-versand-1-thumbnail.jpg","width":1600,"height":1600},{"@type":"BreadcrumbList","@id":"https:\/\/www.blecha.at\/cs\/sluzby\/baleni-a-preprava\/#breadcrumb","itemListElement":[{"@type":"ListItem","position":1,"name":"Home","item":"https:\/\/www.blecha.at\/cs\/"},{"@type":"ListItem","position":2,"name":"Slu\u017eby","item":"https:\/\/www.blecha.at\/cs\/sluzby\/"},{"@type":"ListItem","position":3,"name":"Verpackung und Versand"}]},{"@type":"WebSite","@id":"https:\/\/www.blecha.at\/#website","url":"https:\/\/www.blecha.at\/","name":"BLECHA","description":"Eine weitere WordPress-Website","potentialAction":[{"@type":"SearchAction","target":{"@type":"EntryPoint","urlTemplate":"https:\/\/www.blecha.at\/?s={search_term_string}"},"query-input":{"@type":"PropertyValueSpecification","valueRequired":true,"valueName":"search_term_string"}}],"inLanguage":"cs"}]}},"_links":{"self":[{"href":"https:\/\/www.blecha.at\/cs\/wp-json\/wp\/v2\/pages\/5137","targetHints":{"allow":["GET"]}}],"collection":[{"href":"https:\/\/www.blecha.at\/cs\/wp-json\/wp\/v2\/pages"}],"about":[{"href":"https:\/\/www.blecha.at\/cs\/wp-json\/wp\/v2\/types\/page"}],"author":[{"embeddable":true,"href":"https:\/\/www.blecha.at\/cs\/wp-json\/wp\/v2\/users\/2"}],"replies":[{"embeddable":true,"href":"https:\/\/www.blecha.at\/cs\/wp-json\/wp\/v2\/comments?post=5137"}],"version-history":[{"count":2,"href":"https:\/\/www.blecha.at\/cs\/wp-json\/wp\/v2\/pages\/5137\/revisions"}],"predecessor-version":[{"id":5144,"href":"https:\/\/www.blecha.at\/cs\/wp-json\/wp\/v2\/pages\/5137\/revisions\/5144"}],"up":[{"embeddable":true,"href":"https:\/\/www.blecha.at\/cs\/wp-json\/wp\/v2\/pages\/4572"}],"wp:featuredmedia":[{"embeddable":true,"href":"https:\/\/www.blecha.at\/cs\/wp-json\/wp\/v2\/media\/5139"}],"wp:attachment":[{"href":"https:\/\/www.blecha.at\/cs\/wp-json\/wp\/v2\/media?parent=5137"}],"curies":[{"name":"wp","href":"https:\/\/api.w.org\/{rel}","templated":true}]}}