{"id":6220,"date":"2021-01-22T23:12:58","date_gmt":"2021-01-22T22:12:58","guid":{"rendered":"https:\/\/www.blecha.at\/produits\/zaunsysteme\/"},"modified":"2023-05-19T12:59:29","modified_gmt":"2023-05-19T10:59:29","slug":"systemes-de-cloture","status":"publish","type":"page","link":"https:\/\/www.blecha.at\/fr\/produits\/systemes-de-cloture\/","title":{"rendered":"Syst\u00e8mes de cl\u00f4ture"},"content":{"rendered":"\n<section id=\"sectionTwo\" class=\"mt-lg-n11 py-8 py-md-11 px-lg-9 border-left border-right border-right-lg-none bg-white\">\n\n\n<div class=\"wp-bootstrap-blocks-container container-fluid mb-0\">\n\t\n<div class=\"wp-bootstrap-blocks-row row mx-auto\">\n\t\n\n<div class=\"col-12 col-md-10\">\n\t\t\t\n\n<h2 class=\"wp-block-heading text-secondary scroll-fade-bottom-up visibility-hidden\">L&rsquo;aluminium a plus \u00e0 offrir.<\/h2>\n\n\n\n<p class=\"scroll-fade-bottom-up visibility-hidden\">Pour nous, une cl\u00f4ture en aluminium est bien plus qu&rsquo;une simple d\u00e9limitation. Avec nos composants de cl\u00f4ture en aluminium, une cl\u00f4ture en aluminium devient un v\u00e9ritable atout sur votre propri\u00e9t\u00e9.<\/p>\n\n\n\n<p class=\"scroll-fade-bottom-up visibility-hidden\">Nous avons en stock une gamme compl\u00e8te de profil\u00e9s en aluminium pour les cl\u00f4tures de jardins, de balcons, de balustrades et de portails. Vous trouverez un grand choix de lattes de cl\u00f4ture avec des capuchons assortis, des supports de lattes de cl\u00f4ture, des lattes de couverture, des palissades, des poteaux de cl\u00f4ture, du mat\u00e9riel de montage ainsi que des \u00e9l\u00e9ments de cl\u00f4ture en aspect fer forg\u00e9.<\/p>\n\n\n\n<p class=\"scroll-fade-bottom-up visibility-hidden\">Comme variante de cl\u00f4ture moderne, nous proposons des combinaisons avec des lattes, des tubes profil\u00e9s et\/ou des t\u00f4les perfor\u00e9es (perforation ronde, perforation carr\u00e9e). Les cl\u00f4tures d&rsquo;intimit\u00e9 en aluminium sont devenues populaires pour les maisons unifamiliales et multifamiliales ainsi que pour les b\u00e2timents commerciaux, notamment en raison de leur conception de haute qualit\u00e9.<\/p>\n\n\n\n<p class=\"scroll-fade-bottom-up visibility-hidden\">Gr\u00e2ce aux nombreux composants du syst\u00e8me, vous pouvez assembler des panneaux de cl\u00f4ture \u00e0 votre go\u00fbt. Choisissez parmi le grand choix d&rsquo;\u00e9l\u00e9ments de cl\u00f4ture et de balcon.<\/p>\n\n\n\n<p class=\"scroll-fade-bottom-up visibility-hidden\">En tant que particulier, vous pouvez y trouver des id\u00e9es et vous laisser inspirer par nos \u00e9l\u00e9ments de cl\u00f4ture pr\u00eats \u00e0 l&#8217;emploi. Pour l&rsquo;installation correcte de notre syst\u00e8me de cl\u00f4ture en aluminium, il suffit de contacter une entreprise partenaire dans votre r\u00e9gion. Nous nous ferons un plaisir de vous informer sur nos entreprises partenaires si n\u00e9cessaire.<\/p>\n\n\t<\/div>\n\n<\/div>\n\n<\/div>\n\n\n\n<\/section>\n\n\n\n<section class=\"py-8 py-md-9 px-lg-9 border-left border-right border-right-lg-none bg-primary\">\n\n\n<div class=\"wp-bootstrap-blocks-container container-fluid mb-0\">\n\t\n<div class=\"wp-bootstrap-blocks-row row mx-auto\">\n\t\n\n<div class=\"col-12 col-lg-4 text-left mb-6 mb-lg-0 scroll-fade-bottom-up visibility-hidden\">\n\t\t\t\n\n<svg class=\"icon-brand mb-4\" viewBox=\"0 0 64 64\" xmlns=\"http:\/\/www.w3.org\/2000\/svg\"><g fill=\"none\" class=\"stroke-secondary\" stroke-linecap=\"square\" stroke-miterlimit=\"10\" stroke-width=\"2\"><path d=\"m44.32 15.581 9.68 8.419-18.748 21.047\" stroke-linecap=\"butt\"><\/path><path d=\"m34 6.43 12 3.693-12 38.992\" stroke-linecap=\"butt\"><\/path><g class=\"stroke-secondary\"><path d=\"m10 2h24v60h-24z\"><\/path><circle cx=\"22\" cy=\"52\" r=\"3\"><\/circle><path d=\"m10 42h24\"><\/path><\/g><\/g><\/svg>\n\n\n\n<h5 class=\"wp-block-heading\">Cl\u00f4ture color\u00e9e?<\/h5>\n\n\n\n<p>Nous livrons nos cl\u00f4tures dans la couleur de votre choix selon le nuancier RAL ou \u00e9galement rev\u00eatues d&rsquo;un aspect d\u00e9cor bois.<\/p>\n\n\t<\/div>\n\n\n\n<div class=\"col-12 col-lg-4 text-left mb-6 mb-lg-0 scroll-fade-bottom-up visibility-hidden\">\n\t\t\t\n\n<svg class=\"icon-brand mb-4\" viewBox=\"0 0 64 64\" xmlns=\"http:\/\/www.w3.org\/2000\/svg\"><g fill=\"none\" class=\"stroke-secondary\" stroke-linecap=\"square\" stroke-miterlimit=\"10\" stroke-width=\"2\"><path d=\"m10 10h28v11c0 1.657 1.343 3 3 3 1.657 0 3-1.343 3-3v-11h10\"><\/path><path d=\"m54 32h-44\" class=\"stroke-secondary\"><\/path><path d=\"m32 52v2\"><\/path><path d=\"m54 36c0 3.314-2.686 6-6 6h-10v14c0 3.314-2.686 6-6 6-3.314 0-6-2.686-6-6v-14h-10c-3.314 0-6-2.686-6-6v-34h44z\" class=\"stroke-secondary\"><\/path><\/g><\/svg>\n\n\n\n<h5 class=\"wp-block-heading\">Plus de peinture fade<\/h5>\n\n\n\n<p>Votre future cl\u00f4ture en aluminium restera litt\u00e9ralement telle qu&rsquo;elle est : belle pendant des ann\u00e9es.<\/p>\n\n\t<\/div>\n\n\n\n<div class=\"col-12 col-lg-4 text-left scroll-fade-bottom-up visibility-hidden\">\n\t\t\t\n\n<svg class=\"icon-brand mb-4\" viewBox=\"0 0 64 64\" xmlns=\"http:\/\/www.w3.org\/2000\/svg\"><g fill=\"none\" class=\"stroke-secondary\" stroke-linecap=\"square\" stroke-miterlimit=\"10\" stroke-width=\"2\"><path d=\"m21 22h5\"><\/path><path d=\"m21 49h5\"><\/path><g class=\"stroke-secondary\"><path d=\"m43 22h5\"><\/path><path d=\"m43 49h5\"><\/path><path d=\"m4 60v-48l6-6 6 6v48z\"><\/path><\/g><path d=\"m26 60v-48l6-6 6 6v48z\"><\/path><path d=\"m48 60v-48l6-6 6 6v48z\" class=\"stroke-secondary\"><\/path><\/g><\/svg>\n\n\n\n<h5 class=\"wp-block-heading\">La cl\u00f4ture cass\u00e9e, c&rsquo;\u00e9tait hier<\/h5>\n\n\n\n<p>Une cl\u00f4ture ou une rampe en aluminium est extr\u00eamement durable et peut r\u00e9sister \u00e0 tous les intemp\u00e9ries. Pour toujours.<\/p>\n\n\t<\/div>\n\n<\/div>\n\n<\/div>\n\n\n\n<\/section>\n\n\n\n<section data-jarallax=\"\" data-speed=\".8\" class=\"py-12 py-md-13 overlay overlay-black overlay-40 bg-cover jarallax\" style=\"background-image: url(\/wp-content\/uploads\/2021\/08\/blecha-zaunprofile-2.jpg);\">\n  <div class=\"container\">\n    <div class=\"row mx-auto\">\n      <div class=\"col-12 col-md-10\">\n        <!-- Blockquote -->\n        <blockquote class=\"blockquote mb-0\"> \n          \n          <!-- Text -->\n          <p class=\"h2 text-white text-left font-regular scroll-fade-bottom-up visibility-hidden\">Les possibilit\u00e9s offertes par l&rsquo;aluminium sont presque illimit\u00e9es. Parcourez notre brochure et rendez votre cl\u00f4ture unique.<\/p>\n\n\n\n<div class=\"wp-block-file btn btn-secondary mt-5 scroll-fade-bottom-up visibility-hidden\"><a id=\"wp-block-file--media-f1505b5e-9a99-4595-ae36-c38028236342\" href=\"https:\/\/www.blecha.at\/wp-content\/uploads\/2021\/02\/PDF-Broschuere-Zaunbau-Tor-und-Antriebstechnik.pdf\">parcourez la brochure en PDF<\/a><\/div>\n\n\n\n<\/blockquote>\n      <\/div>\n    <\/div>\n  <\/div>\n<\/section>\n\n\n\n<section class=\"py-8 py-md-9 px-lg-9 border-left border-right border-right-lg-none bg-white\">\n\n\n<div class=\"wp-bootstrap-blocks-row row\">\n\t\n\n<div class=\"col-12\">\n\t\t\t\n<div class=\"row mx-auto\"><div class=\"col-12 col-md-6 col-lg-4 mb-7 scroll-fade-bottom-up visibility-hidden\">\n                <a href=\"https:\/\/www.blecha.at\/fr\/produkte\/zaunsysteme\/lamellen\/\">\n                    <div class=\"card position-relative\">\n                        <div class=\"card-zoom\"><img loading=\"lazy\" decoding=\"async\" width=\"1024\" height=\"1024\" src=\"https:\/\/www.blecha.at\/wp-content\/uploads\/2021\/08\/lamellen-1024x1024.jpg\" class=\"card-img d-block w-100 h-auto\" alt=\"\" srcset=\"https:\/\/www.blecha.at\/wp-content\/uploads\/2021\/08\/lamellen-1024x1024.jpg 1024w, https:\/\/www.blecha.at\/wp-content\/uploads\/2021\/08\/lamellen-300x300.jpg 300w, https:\/\/www.blecha.at\/wp-content\/uploads\/2021\/08\/lamellen-150x150.jpg 150w, https:\/\/www.blecha.at\/wp-content\/uploads\/2021\/08\/lamellen-768x768.jpg 768w, https:\/\/www.blecha.at\/wp-content\/uploads\/2021\/08\/lamellen-1536x1536.jpg 1536w, https:\/\/www.blecha.at\/wp-content\/uploads\/2021\/08\/lamellen.jpg 1600w\" sizes=\"auto, (max-width: 1024px) 100vw, 1024px\" \/><\/div>\n\n                        <div class=\"card-img-overlay card-img-overlay-hover-hide card-img-overlay-black\">\n                            <div class=\"card-body\">\n\n                                <!-- Heading -->\n                                <h4 class=\"font-weight-bold text-white mb-0\">Lamelles<\/h4>\n\n                                <!-- Description -->\n                                \n                            <\/div>\n                        <\/div>\n                    <\/div>\n                <\/a>\n            <\/div><div class=\"col-12 col-md-6 col-lg-4 mb-7 scroll-fade-bottom-up visibility-hidden\">\n                <a href=\"https:\/\/www.blecha.at\/fr\/produkte\/zaunsysteme\/sichtschutzprofile\/\">\n                    <div class=\"card position-relative\">\n                        <div class=\"card-zoom\"><img loading=\"lazy\" decoding=\"async\" width=\"1024\" height=\"1024\" src=\"https:\/\/www.blecha.at\/wp-content\/uploads\/2021\/08\/sichtschutzprofile-1024x1024.jpg\" class=\"card-img d-block w-100 h-auto\" alt=\"\" srcset=\"https:\/\/www.blecha.at\/wp-content\/uploads\/2021\/08\/sichtschutzprofile-1024x1024.jpg 1024w, https:\/\/www.blecha.at\/wp-content\/uploads\/2021\/08\/sichtschutzprofile-300x300.jpg 300w, https:\/\/www.blecha.at\/wp-content\/uploads\/2021\/08\/sichtschutzprofile-150x150.jpg 150w, https:\/\/www.blecha.at\/wp-content\/uploads\/2021\/08\/sichtschutzprofile-768x768.jpg 768w, https:\/\/www.blecha.at\/wp-content\/uploads\/2021\/08\/sichtschutzprofile-1536x1536.jpg 1536w, https:\/\/www.blecha.at\/wp-content\/uploads\/2021\/08\/sichtschutzprofile.jpg 1600w\" sizes=\"auto, (max-width: 1024px) 100vw, 1024px\" \/><\/div>\n\n                        <div class=\"card-img-overlay card-img-overlay-hover-hide card-img-overlay-black\">\n                            <div class=\"card-body\">\n\n                                <!-- Heading -->\n                                <h4 class=\"font-weight-bold text-white mb-0\">Profil\u00e9s de confidentialit\u00e9<\/h4>\n\n                                <!-- Description -->\n                                \n                            <\/div>\n                        <\/div>\n                    <\/div>\n                <\/a>\n            <\/div><div class=\"col-12 col-md-6 col-lg-4 mb-7 scroll-fade-bottom-up visibility-hidden\">\n                <a href=\"https:\/\/www.blecha.at\/fr\/produkte\/zaunsysteme\/latten-und-kappen\/\">\n                    <div class=\"card position-relative\">\n                        <div class=\"card-zoom\"><img loading=\"lazy\" decoding=\"async\" width=\"1024\" height=\"1024\" src=\"https:\/\/www.blecha.at\/wp-content\/uploads\/2021\/08\/latten-und-kappen-1024x1024.jpg\" class=\"card-img d-block w-100 h-auto\" alt=\"\" srcset=\"https:\/\/www.blecha.at\/wp-content\/uploads\/2021\/08\/latten-und-kappen-1024x1024.jpg 1024w, https:\/\/www.blecha.at\/wp-content\/uploads\/2021\/08\/latten-und-kappen-300x300.jpg 300w, https:\/\/www.blecha.at\/wp-content\/uploads\/2021\/08\/latten-und-kappen-150x150.jpg 150w, https:\/\/www.blecha.at\/wp-content\/uploads\/2021\/08\/latten-und-kappen-768x768.jpg 768w, https:\/\/www.blecha.at\/wp-content\/uploads\/2021\/08\/latten-und-kappen-1536x1536.jpg 1536w, https:\/\/www.blecha.at\/wp-content\/uploads\/2021\/08\/latten-und-kappen.jpg 1600w\" sizes=\"auto, (max-width: 1024px) 100vw, 1024px\" \/><\/div>\n\n                        <div class=\"card-img-overlay card-img-overlay-hover-hide card-img-overlay-black\">\n                            <div class=\"card-body\">\n\n                                <!-- Heading -->\n                                <h4 class=\"font-weight-bold text-white mb-0\">Lamelles et capuchons<\/h4>\n\n                                <!-- Description -->\n                                \n                            <\/div>\n                        <\/div>\n                    <\/div>\n                <\/a>\n            <\/div><div class=\"col-12 col-md-6 col-lg-4 mb-7 scroll-fade-bottom-up visibility-hidden\">\n                <a href=\"https:\/\/www.blecha.at\/fr\/produits\/systemes-de-cloture\/privacy\/\">\n                    <div class=\"card position-relative\">\n                        <div class=\"card-zoom\"><img loading=\"lazy\" decoding=\"async\" width=\"1024\" height=\"1024\" src=\"https:\/\/www.blecha.at\/wp-content\/uploads\/2023\/05\/blecha-zaunsysteme-privacy.jpg\" class=\"card-img d-block w-100 h-auto\" alt=\"\" srcset=\"https:\/\/www.blecha.at\/wp-content\/uploads\/2023\/05\/blecha-zaunsysteme-privacy.jpg 1024w, https:\/\/www.blecha.at\/wp-content\/uploads\/2023\/05\/blecha-zaunsysteme-privacy-300x300.jpg 300w, https:\/\/www.blecha.at\/wp-content\/uploads\/2023\/05\/blecha-zaunsysteme-privacy-150x150.jpg 150w, https:\/\/www.blecha.at\/wp-content\/uploads\/2023\/05\/blecha-zaunsysteme-privacy-768x768.jpg 768w\" sizes=\"auto, (max-width: 1024px) 100vw, 1024px\" \/><\/div>\n\n                        <div class=\"card-img-overlay card-img-overlay-hover-hide card-img-overlay-black\">\n                            <div class=\"card-body\">\n\n                                <!-- Heading -->\n                                <h4 class=\"font-weight-bold text-white mb-0\">Privacy<\/h4>\n\n                                <!-- Description -->\n                                \n                            <\/div>\n                        <\/div>\n                    <\/div>\n                <\/a>\n            <\/div><div class=\"col-12 col-md-6 col-lg-4 mb-7 scroll-fade-bottom-up visibility-hidden\">\n                <a href=\"https:\/\/www.blecha.at\/fr\/produkte\/zaunsysteme\/palisaden-und-aufsteckteile\/\">\n                    <div class=\"card position-relative\">\n                        <div class=\"card-zoom\"><img loading=\"lazy\" decoding=\"async\" width=\"1024\" height=\"1024\" src=\"https:\/\/www.blecha.at\/wp-content\/uploads\/2021\/08\/palisaden-und-aufsteckteile-1024x1024.jpg\" class=\"card-img d-block w-100 h-auto\" alt=\"\" srcset=\"https:\/\/www.blecha.at\/wp-content\/uploads\/2021\/08\/palisaden-und-aufsteckteile-1024x1024.jpg 1024w, https:\/\/www.blecha.at\/wp-content\/uploads\/2021\/08\/palisaden-und-aufsteckteile-300x300.jpg 300w, https:\/\/www.blecha.at\/wp-content\/uploads\/2021\/08\/palisaden-und-aufsteckteile-150x150.jpg 150w, https:\/\/www.blecha.at\/wp-content\/uploads\/2021\/08\/palisaden-und-aufsteckteile-768x768.jpg 768w, https:\/\/www.blecha.at\/wp-content\/uploads\/2021\/08\/palisaden-und-aufsteckteile-1536x1536.jpg 1536w, https:\/\/www.blecha.at\/wp-content\/uploads\/2021\/08\/palisaden-und-aufsteckteile.jpg 1600w\" sizes=\"auto, (max-width: 1024px) 100vw, 1024px\" \/><\/div>\n\n                        <div class=\"card-img-overlay card-img-overlay-hover-hide card-img-overlay-black\">\n                            <div class=\"card-body\">\n\n                                <!-- Heading -->\n                                <h4 class=\"font-weight-bold text-white mb-0\">Palissades et pi\u00e8ces jointes<\/h4>\n\n                                <!-- Description -->\n                                \n                            <\/div>\n                        <\/div>\n                    <\/div>\n                <\/a>\n            <\/div><div class=\"col-12 col-md-6 col-lg-4 mb-7 scroll-fade-bottom-up visibility-hidden\">\n                <a href=\"https:\/\/www.blecha.at\/fr\/produkte\/zaunsysteme\/dekorzaeune\/\">\n                    <div class=\"card position-relative\">\n                        <div class=\"card-zoom\"><img loading=\"lazy\" decoding=\"async\" width=\"1024\" height=\"1024\" src=\"https:\/\/www.blecha.at\/wp-content\/uploads\/2021\/08\/dekorzaeune-1024x1024.jpg\" class=\"card-img d-block w-100 h-auto\" alt=\"\" srcset=\"https:\/\/www.blecha.at\/wp-content\/uploads\/2021\/08\/dekorzaeune-1024x1024.jpg 1024w, https:\/\/www.blecha.at\/wp-content\/uploads\/2021\/08\/dekorzaeune-300x300.jpg 300w, https:\/\/www.blecha.at\/wp-content\/uploads\/2021\/08\/dekorzaeune-150x150.jpg 150w, https:\/\/www.blecha.at\/wp-content\/uploads\/2021\/08\/dekorzaeune-768x768.jpg 768w, https:\/\/www.blecha.at\/wp-content\/uploads\/2021\/08\/dekorzaeune-1536x1536.jpg 1536w, https:\/\/www.blecha.at\/wp-content\/uploads\/2021\/08\/dekorzaeune.jpg 1600w\" sizes=\"auto, (max-width: 1024px) 100vw, 1024px\" \/><\/div>\n\n                        <div class=\"card-img-overlay card-img-overlay-hover-hide card-img-overlay-black\">\n                            <div class=\"card-body\">\n\n                                <!-- Heading -->\n                                <h4 class=\"font-weight-bold text-white mb-0\">Cl\u00f4tures d\u00e9coratives<\/h4>\n\n                                <!-- Description -->\n                                \n                            <\/div>\n                        <\/div>\n                    <\/div>\n                <\/a>\n            <\/div><div class=\"col-12 col-md-6 col-lg-4 mb-7 scroll-fade-bottom-up visibility-hidden\">\n                <a href=\"https:\/\/www.blecha.at\/fr\/produkte\/zaunsysteme\/schmiedeoptik\/\">\n                    <div class=\"card position-relative\">\n                        <div class=\"card-zoom\"><img loading=\"lazy\" decoding=\"async\" width=\"1024\" height=\"1024\" src=\"https:\/\/www.blecha.at\/wp-content\/uploads\/2021\/08\/schmiedeoptik-1024x1024.jpg\" class=\"card-img d-block w-100 h-auto\" alt=\"\" srcset=\"https:\/\/www.blecha.at\/wp-content\/uploads\/2021\/08\/schmiedeoptik-1024x1024.jpg 1024w, https:\/\/www.blecha.at\/wp-content\/uploads\/2021\/08\/schmiedeoptik-300x300.jpg 300w, https:\/\/www.blecha.at\/wp-content\/uploads\/2021\/08\/schmiedeoptik-150x150.jpg 150w, https:\/\/www.blecha.at\/wp-content\/uploads\/2021\/08\/schmiedeoptik-768x768.jpg 768w, https:\/\/www.blecha.at\/wp-content\/uploads\/2021\/08\/schmiedeoptik-1536x1536.jpg 1536w, https:\/\/www.blecha.at\/wp-content\/uploads\/2021\/08\/schmiedeoptik.jpg 1600w\" sizes=\"auto, (max-width: 1024px) 100vw, 1024px\" \/><\/div>\n\n                        <div class=\"card-img-overlay card-img-overlay-hover-hide card-img-overlay-black\">\n                            <div class=\"card-body\">\n\n                                <!-- Heading -->\n                                <h4 class=\"font-weight-bold text-white mb-0\">Aspect fer forg\u00e9<\/h4>\n\n                                <!-- Description -->\n                                \n                            <\/div>\n                        <\/div>\n                    <\/div>\n                <\/a>\n            <\/div><div class=\"col-12 col-md-6 col-lg-4 mb-7 scroll-fade-bottom-up visibility-hidden\">\n                <a href=\"https:\/\/www.blecha.at\/fr\/produkte\/zaunsysteme\/balkone-und-gelaender\/\">\n                    <div class=\"card position-relative\">\n                        <div class=\"card-zoom\"><img loading=\"lazy\" decoding=\"async\" width=\"1024\" height=\"1024\" src=\"https:\/\/www.blecha.at\/wp-content\/uploads\/2021\/08\/balkone-und-gelaender-1024x1024.jpg\" class=\"card-img d-block w-100 h-auto\" alt=\"\" srcset=\"https:\/\/www.blecha.at\/wp-content\/uploads\/2021\/08\/balkone-und-gelaender-1024x1024.jpg 1024w, https:\/\/www.blecha.at\/wp-content\/uploads\/2021\/08\/balkone-und-gelaender-300x300.jpg 300w, https:\/\/www.blecha.at\/wp-content\/uploads\/2021\/08\/balkone-und-gelaender-150x150.jpg 150w, https:\/\/www.blecha.at\/wp-content\/uploads\/2021\/08\/balkone-und-gelaender-768x768.jpg 768w, https:\/\/www.blecha.at\/wp-content\/uploads\/2021\/08\/balkone-und-gelaender-1536x1536.jpg 1536w, https:\/\/www.blecha.at\/wp-content\/uploads\/2021\/08\/balkone-und-gelaender.jpg 1600w\" sizes=\"auto, (max-width: 1024px) 100vw, 1024px\" \/><\/div>\n\n                        <div class=\"card-img-overlay card-img-overlay-hover-hide card-img-overlay-black\">\n                            <div class=\"card-body\">\n\n                                <!-- Heading -->\n                                <h4 class=\"font-weight-bold text-white mb-0\">Balcons et balustrades<\/h4>\n\n                                <!-- Description -->\n                                \n                            <\/div>\n                        <\/div>\n                    <\/div>\n                <\/a>\n            <\/div><div class=\"col-12 col-md-6 col-lg-4 mb-7 scroll-fade-bottom-up visibility-hidden\">\n                <a href=\"https:\/\/www.blecha.at\/fr\/produkte\/zaunsysteme\/saeulen-und-montagematerial\/\">\n                    <div class=\"card position-relative\">\n                        <div class=\"card-zoom\"><img loading=\"lazy\" decoding=\"async\" width=\"1024\" height=\"1024\" src=\"https:\/\/www.blecha.at\/wp-content\/uploads\/2021\/08\/saeulen-und-montagematerial-1024x1024.jpg\" class=\"card-img d-block w-100 h-auto\" alt=\"\" srcset=\"https:\/\/www.blecha.at\/wp-content\/uploads\/2021\/08\/saeulen-und-montagematerial-1024x1024.jpg 1024w, https:\/\/www.blecha.at\/wp-content\/uploads\/2021\/08\/saeulen-und-montagematerial-300x300.jpg 300w, https:\/\/www.blecha.at\/wp-content\/uploads\/2021\/08\/saeulen-und-montagematerial-150x150.jpg 150w, https:\/\/www.blecha.at\/wp-content\/uploads\/2021\/08\/saeulen-und-montagematerial-768x768.jpg 768w, https:\/\/www.blecha.at\/wp-content\/uploads\/2021\/08\/saeulen-und-montagematerial-1536x1536.jpg 1536w, https:\/\/www.blecha.at\/wp-content\/uploads\/2021\/08\/saeulen-und-montagematerial.jpg 1600w\" sizes=\"auto, (max-width: 1024px) 100vw, 1024px\" \/><\/div>\n\n                        <div class=\"card-img-overlay card-img-overlay-hover-hide card-img-overlay-black\">\n                            <div class=\"card-body\">\n\n                                <!-- Heading -->\n                                <h4 class=\"font-weight-bold text-white mb-0\">Colonnes et mat\u00e9riel de montage<\/h4>\n\n                                <!-- Description -->\n                                \n                            <\/div>\n                        <\/div>\n                    <\/div>\n                <\/a>\n            <\/div><div class=\"col-12 col-md-6 col-lg-4 mb-7 scroll-fade-bottom-up visibility-hidden\">\n                <a href=\"https:\/\/www.blecha.at\/fr\/produkte\/zaunsysteme\/traegerprofile-und-abdeckleisten\/\">\n                    <div class=\"card position-relative\">\n                        <div class=\"card-zoom\"><img loading=\"lazy\" decoding=\"async\" width=\"1024\" height=\"1024\" src=\"https:\/\/www.blecha.at\/wp-content\/uploads\/2021\/08\/traegerprofile-und-abdeckleisten-1024x1024.jpg\" class=\"card-img d-block w-100 h-auto\" alt=\"\" srcset=\"https:\/\/www.blecha.at\/wp-content\/uploads\/2021\/08\/traegerprofile-und-abdeckleisten-1024x1024.jpg 1024w, https:\/\/www.blecha.at\/wp-content\/uploads\/2021\/08\/traegerprofile-und-abdeckleisten-300x300.jpg 300w, https:\/\/www.blecha.at\/wp-content\/uploads\/2021\/08\/traegerprofile-und-abdeckleisten-150x150.jpg 150w, https:\/\/www.blecha.at\/wp-content\/uploads\/2021\/08\/traegerprofile-und-abdeckleisten-768x768.jpg 768w, https:\/\/www.blecha.at\/wp-content\/uploads\/2021\/08\/traegerprofile-und-abdeckleisten-1536x1536.jpg 1536w, https:\/\/www.blecha.at\/wp-content\/uploads\/2021\/08\/traegerprofile-und-abdeckleisten.jpg 1600w\" sizes=\"auto, (max-width: 1024px) 100vw, 1024px\" \/><\/div>\n\n                        <div class=\"card-img-overlay card-img-overlay-hover-hide card-img-overlay-black\">\n                            <div class=\"card-body\">\n\n                                <!-- Heading -->\n                                <h4 class=\"font-weight-bold text-white mb-0\">Profil\u00e9s de support et bandes de recouvrement<\/h4>\n\n                                <!-- Description -->\n                                \n                            <\/div>\n                        <\/div>\n                    <\/div>\n                <\/a>\n            <\/div><div class=\"col-12 col-md-6 col-lg-4 scroll-fade-bottom-up visibility-hidden\">\n                <a href=\"https:\/\/www.blecha.at\/fr\/produkte\/zaunsysteme\/tore-und-gehtueren\/\">\n                    <div class=\"card position-relative\">\n                        <div class=\"card-zoom\"><img loading=\"lazy\" decoding=\"async\" width=\"1024\" height=\"1024\" src=\"https:\/\/www.blecha.at\/wp-content\/uploads\/2021\/08\/tore-und-gehtuere-1024x1024.jpg\" class=\"card-img d-block w-100 h-auto\" alt=\"\" srcset=\"https:\/\/www.blecha.at\/wp-content\/uploads\/2021\/08\/tore-und-gehtuere-1024x1024.jpg 1024w, https:\/\/www.blecha.at\/wp-content\/uploads\/2021\/08\/tore-und-gehtuere-300x300.jpg 300w, https:\/\/www.blecha.at\/wp-content\/uploads\/2021\/08\/tore-und-gehtuere-150x150.jpg 150w, https:\/\/www.blecha.at\/wp-content\/uploads\/2021\/08\/tore-und-gehtuere-768x768.jpg 768w, https:\/\/www.blecha.at\/wp-content\/uploads\/2021\/08\/tore-und-gehtuere-1536x1536.jpg 1536w, https:\/\/www.blecha.at\/wp-content\/uploads\/2021\/08\/tore-und-gehtuere.jpg 1600w\" sizes=\"auto, (max-width: 1024px) 100vw, 1024px\" \/><\/div>\n\n                        <div class=\"card-img-overlay card-img-overlay-hover-hide card-img-overlay-black\">\n                            <div class=\"card-body\">\n\n                                <!-- Heading -->\n                                <h4 class=\"font-weight-bold text-white mb-0\">Portails et portes de passage<\/h4>\n\n                                <!-- Description -->\n                                \n                            <\/div>\n                        <\/div>\n                    <\/div>\n                <\/a>\n            <\/div><\/div>\n\n\t<\/div>\n\n<\/div>\n\n\n\n<\/section>\n\n\n\n<section class=\"py-8 py-md-11 px-lg-9 border-top border-left border-right border-right-lg-none bg-white\">\n\n\n<div class=\"wp-bootstrap-blocks-container container-fluid mb-0\">\n\t\n<div class=\"wp-bootstrap-blocks-row row\">\n\t\n\n<div class=\"col-12 col-md-10\">\n\t\t\t\n\n<h2 class=\"wp-block-heading text-secondary mb-7 scroll-fade-bottom-up visibility-hidden\">Media<\/h2>\n\n\t<\/div>\n\n<\/div>\n\n\n<div class=\"wp-bootstrap-blocks-row row\">\n\t\n\n<div class=\"col-12 col-lg-4\">\n\t\t\t\n\n<figure class=\"wp-block-embed is-type-video is-provider-youtube wp-block-embed-youtube wp-embed-aspect-16-9 wp-has-aspect-ratio\"><div class=\"wp-block-embed__wrapper\">\n<iframe loading=\"lazy\" title=\"Imagevideo Mustergarten (deutsch)\" width=\"500\" height=\"281\" src=\"https:\/\/www.youtube.com\/embed\/zSIuhvLgVjw?feature=oembed\" frameborder=\"0\" allow=\"accelerometer; autoplay; clipboard-write; encrypted-media; gyroscope; picture-in-picture; web-share\" referrerpolicy=\"strict-origin-when-cross-origin\" allowfullscreen><\/iframe>\n<\/div><\/figure>\n\n\t<\/div>\n\n<\/div>\n\n<\/div>\n\n\n\n<\/section>\n","protected":false},"excerpt":{"rendered":"Les possibilit\u00e9s offertes par l&rsquo;aluminium sont presque illimit\u00e9es. Parcourez notre brochure et rendez votre cl\u00f4ture unique.","protected":false},"author":2,"featured_media":6222,"parent":5412,"menu_order":0,"comment_status":"closed","ping_status":"closed","template":"page-produkte.php","meta":{"_acf_changed":false,"footnotes":""},"class_list":["post-6220","page","type-page","status-publish","has-post-thumbnail","hentry"],"acf":[],"yoast_head":"<!-- This site is optimized with the Yoast SEO plugin v27.3 - https:\/\/yoast.com\/product\/yoast-seo-wordpress\/ -->\n<title>Syst\u00e8mes de cl\u00f4ture | BLECHA<\/title>\n<meta name=\"description\" content=\"Avec nos composants de cl\u00f4ture en aluminium, une cl\u00f4ture en aluminium devient un v\u00e9ritable atout sur votre propri\u00e9t\u00e9.\" \/>\n<meta name=\"robots\" content=\"index, follow, max-snippet:-1, max-image-preview:large, max-video-preview:-1\" \/>\n<link rel=\"canonical\" href=\"https:\/\/www.blecha.at\/fr\/produits\/systemes-de-cloture\/\" \/>\n<meta property=\"og:locale\" content=\"fr_FR\" \/>\n<meta property=\"og:type\" content=\"article\" \/>\n<meta property=\"og:title\" content=\"Syst\u00e8mes de cl\u00f4ture | BLECHA\" \/>\n<meta property=\"og:description\" content=\"Avec nos composants de cl\u00f4ture en aluminium, une cl\u00f4ture en aluminium devient un v\u00e9ritable atout sur votre propri\u00e9t\u00e9.\" \/>\n<meta property=\"og:url\" content=\"https:\/\/www.blecha.at\/fr\/produits\/systemes-de-cloture\/\" \/>\n<meta property=\"og:site_name\" content=\"BLECHA\" \/>\n<meta property=\"article:modified_time\" content=\"2023-05-19T10:59:29+00:00\" \/>\n<meta property=\"og:image\" content=\"https:\/\/www.blecha.at\/wp-content\/uploads\/2021\/03\/blecha-zaunprofile-1-thumbnail.jpg\" \/>\n\t<meta property=\"og:image:width\" content=\"1600\" \/>\n\t<meta property=\"og:image:height\" content=\"1600\" \/>\n\t<meta property=\"og:image:type\" content=\"image\/jpeg\" \/>\n<meta name=\"twitter:card\" content=\"summary_large_image\" \/>\n<meta name=\"twitter:label1\" content=\"Dur\u00e9e de lecture estim\u00e9e\" \/>\n\t<meta name=\"twitter:data1\" content=\"2 minutes\" \/>\n<script type=\"application\/ld+json\" class=\"yoast-schema-graph\">{\"@context\":\"https:\\\/\\\/schema.org\",\"@graph\":[{\"@type\":\"WebPage\",\"@id\":\"https:\\\/\\\/www.blecha.at\\\/fr\\\/produits\\\/systemes-de-cloture\\\/\",\"url\":\"https:\\\/\\\/www.blecha.at\\\/fr\\\/produits\\\/systemes-de-cloture\\\/\",\"name\":\"Syst\u00e8mes de cl\u00f4ture | BLECHA\",\"isPartOf\":{\"@id\":\"https:\\\/\\\/www.blecha.at\\\/#website\"},\"primaryImageOfPage\":{\"@id\":\"https:\\\/\\\/www.blecha.at\\\/fr\\\/produits\\\/systemes-de-cloture\\\/#primaryimage\"},\"image\":{\"@id\":\"https:\\\/\\\/www.blecha.at\\\/fr\\\/produits\\\/systemes-de-cloture\\\/#primaryimage\"},\"thumbnailUrl\":\"https:\\\/\\\/www.blecha.at\\\/wp-content\\\/uploads\\\/2021\\\/03\\\/blecha-zaunprofile-1-thumbnail.jpg\",\"datePublished\":\"2021-01-22T22:12:58+00:00\",\"dateModified\":\"2023-05-19T10:59:29+00:00\",\"description\":\"Avec nos composants de cl\u00f4ture en aluminium, une cl\u00f4ture en aluminium devient un v\u00e9ritable atout sur votre propri\u00e9t\u00e9.\",\"breadcrumb\":{\"@id\":\"https:\\\/\\\/www.blecha.at\\\/fr\\\/produits\\\/systemes-de-cloture\\\/#breadcrumb\"},\"inLanguage\":\"fr-FR\",\"potentialAction\":[{\"@type\":\"ReadAction\",\"target\":[\"https:\\\/\\\/www.blecha.at\\\/fr\\\/produits\\\/systemes-de-cloture\\\/\"]}]},{\"@type\":\"ImageObject\",\"inLanguage\":\"fr-FR\",\"@id\":\"https:\\\/\\\/www.blecha.at\\\/fr\\\/produits\\\/systemes-de-cloture\\\/#primaryimage\",\"url\":\"https:\\\/\\\/www.blecha.at\\\/wp-content\\\/uploads\\\/2021\\\/03\\\/blecha-zaunprofile-1-thumbnail.jpg\",\"contentUrl\":\"https:\\\/\\\/www.blecha.at\\\/wp-content\\\/uploads\\\/2021\\\/03\\\/blecha-zaunprofile-1-thumbnail.jpg\",\"width\":1600,\"height\":1600},{\"@type\":\"BreadcrumbList\",\"@id\":\"https:\\\/\\\/www.blecha.at\\\/fr\\\/produits\\\/systemes-de-cloture\\\/#breadcrumb\",\"itemListElement\":[{\"@type\":\"ListItem\",\"position\":1,\"name\":\"Home\",\"item\":\"https:\\\/\\\/www.blecha.at\\\/fr\\\/\"},{\"@type\":\"ListItem\",\"position\":2,\"name\":\"Produits\",\"item\":\"https:\\\/\\\/www.blecha.at\\\/fr\\\/produits\\\/\"},{\"@type\":\"ListItem\",\"position\":3,\"name\":\"Syst\u00e8mes de cl\u00f4ture\"}]},{\"@type\":\"WebSite\",\"@id\":\"https:\\\/\\\/www.blecha.at\\\/#website\",\"url\":\"https:\\\/\\\/www.blecha.at\\\/\",\"name\":\"BLECHA\",\"description\":\"Eine weitere WordPress-Website\",\"potentialAction\":[{\"@type\":\"SearchAction\",\"target\":{\"@type\":\"EntryPoint\",\"urlTemplate\":\"https:\\\/\\\/www.blecha.at\\\/?s={search_term_string}\"},\"query-input\":{\"@type\":\"PropertyValueSpecification\",\"valueRequired\":true,\"valueName\":\"search_term_string\"}}],\"inLanguage\":\"fr-FR\"}]}<\/script>\n<!-- \/ Yoast SEO plugin. -->","yoast_head_json":{"title":"Syst\u00e8mes de cl\u00f4ture | BLECHA","description":"Avec nos composants de cl\u00f4ture en aluminium, une cl\u00f4ture en aluminium devient un v\u00e9ritable atout sur votre propri\u00e9t\u00e9.","robots":{"index":"index","follow":"follow","max-snippet":"max-snippet:-1","max-image-preview":"max-image-preview:large","max-video-preview":"max-video-preview:-1"},"canonical":"https:\/\/www.blecha.at\/fr\/produits\/systemes-de-cloture\/","og_locale":"fr_FR","og_type":"article","og_title":"Syst\u00e8mes de cl\u00f4ture | BLECHA","og_description":"Avec nos composants de cl\u00f4ture en aluminium, une cl\u00f4ture en aluminium devient un v\u00e9ritable atout sur votre propri\u00e9t\u00e9.","og_url":"https:\/\/www.blecha.at\/fr\/produits\/systemes-de-cloture\/","og_site_name":"BLECHA","article_modified_time":"2023-05-19T10:59:29+00:00","og_image":[{"width":1600,"height":1600,"url":"https:\/\/www.blecha.at\/wp-content\/uploads\/2021\/03\/blecha-zaunprofile-1-thumbnail.jpg","type":"image\/jpeg"}],"twitter_card":"summary_large_image","twitter_misc":{"Dur\u00e9e de lecture estim\u00e9e":"2 minutes"},"schema":{"@context":"https:\/\/schema.org","@graph":[{"@type":"WebPage","@id":"https:\/\/www.blecha.at\/fr\/produits\/systemes-de-cloture\/","url":"https:\/\/www.blecha.at\/fr\/produits\/systemes-de-cloture\/","name":"Syst\u00e8mes de cl\u00f4ture | BLECHA","isPartOf":{"@id":"https:\/\/www.blecha.at\/#website"},"primaryImageOfPage":{"@id":"https:\/\/www.blecha.at\/fr\/produits\/systemes-de-cloture\/#primaryimage"},"image":{"@id":"https:\/\/www.blecha.at\/fr\/produits\/systemes-de-cloture\/#primaryimage"},"thumbnailUrl":"https:\/\/www.blecha.at\/wp-content\/uploads\/2021\/03\/blecha-zaunprofile-1-thumbnail.jpg","datePublished":"2021-01-22T22:12:58+00:00","dateModified":"2023-05-19T10:59:29+00:00","description":"Avec nos composants de cl\u00f4ture en aluminium, une cl\u00f4ture en aluminium devient un v\u00e9ritable atout sur votre propri\u00e9t\u00e9.","breadcrumb":{"@id":"https:\/\/www.blecha.at\/fr\/produits\/systemes-de-cloture\/#breadcrumb"},"inLanguage":"fr-FR","potentialAction":[{"@type":"ReadAction","target":["https:\/\/www.blecha.at\/fr\/produits\/systemes-de-cloture\/"]}]},{"@type":"ImageObject","inLanguage":"fr-FR","@id":"https:\/\/www.blecha.at\/fr\/produits\/systemes-de-cloture\/#primaryimage","url":"https:\/\/www.blecha.at\/wp-content\/uploads\/2021\/03\/blecha-zaunprofile-1-thumbnail.jpg","contentUrl":"https:\/\/www.blecha.at\/wp-content\/uploads\/2021\/03\/blecha-zaunprofile-1-thumbnail.jpg","width":1600,"height":1600},{"@type":"BreadcrumbList","@id":"https:\/\/www.blecha.at\/fr\/produits\/systemes-de-cloture\/#breadcrumb","itemListElement":[{"@type":"ListItem","position":1,"name":"Home","item":"https:\/\/www.blecha.at\/fr\/"},{"@type":"ListItem","position":2,"name":"Produits","item":"https:\/\/www.blecha.at\/fr\/produits\/"},{"@type":"ListItem","position":3,"name":"Syst\u00e8mes de cl\u00f4ture"}]},{"@type":"WebSite","@id":"https:\/\/www.blecha.at\/#website","url":"https:\/\/www.blecha.at\/","name":"BLECHA","description":"Eine weitere WordPress-Website","potentialAction":[{"@type":"SearchAction","target":{"@type":"EntryPoint","urlTemplate":"https:\/\/www.blecha.at\/?s={search_term_string}"},"query-input":{"@type":"PropertyValueSpecification","valueRequired":true,"valueName":"search_term_string"}}],"inLanguage":"fr-FR"}]}},"_links":{"self":[{"href":"https:\/\/www.blecha.at\/fr\/wp-json\/wp\/v2\/pages\/6220","targetHints":{"allow":["GET"]}}],"collection":[{"href":"https:\/\/www.blecha.at\/fr\/wp-json\/wp\/v2\/pages"}],"about":[{"href":"https:\/\/www.blecha.at\/fr\/wp-json\/wp\/v2\/types\/page"}],"author":[{"embeddable":true,"href":"https:\/\/www.blecha.at\/fr\/wp-json\/wp\/v2\/users\/2"}],"replies":[{"embeddable":true,"href":"https:\/\/www.blecha.at\/fr\/wp-json\/wp\/v2\/comments?post=6220"}],"version-history":[{"count":10,"href":"https:\/\/www.blecha.at\/fr\/wp-json\/wp\/v2\/pages\/6220\/revisions"}],"predecessor-version":[{"id":21517,"href":"https:\/\/www.blecha.at\/fr\/wp-json\/wp\/v2\/pages\/6220\/revisions\/21517"}],"up":[{"embeddable":true,"href":"https:\/\/www.blecha.at\/fr\/wp-json\/wp\/v2\/pages\/5412"}],"wp:featuredmedia":[{"embeddable":true,"href":"https:\/\/www.blecha.at\/fr\/wp-json\/wp\/v2\/media\/6222"}],"wp:attachment":[{"href":"https:\/\/www.blecha.at\/fr\/wp-json\/wp\/v2\/media?parent=6220"}],"curies":[{"name":"wp","href":"https:\/\/api.w.org\/{rel}","templated":true}]}}