{"id":11350,"date":"2021-01-22T23:26:07","date_gmt":"2021-01-22T22:26:07","guid":{"rendered":"https:\/\/www.blecha.at\/termekek\/zulieferteile-fuer-saugfoerderanlagen\/"},"modified":"2022-02-22T15:41:20","modified_gmt":"2022-02-22T14:41:20","slug":"alkatreszek-granulatum-tovabbito-rendszerekhez","status":"publish","type":"page","link":"https:\/\/www.blecha.at\/hu\/termekek\/alkatreszek-granulatum-tovabbito-rendszerekhez\/","title":{"rendered":"Alkatr\u00e9szek granul\u00e1tum tov\u00e1bb\u00edt\u00f3 rendszerekhez"},"content":{"rendered":"\n<section id=\"sectionTwo\" class=\"mt-lg-n11 py-8 py-md-11 px-lg-9 border-left border-right border-right-lg-none bg-white\">\n\n\n<div class=\"wp-bootstrap-blocks-container container-fluid mb-0\">\n\t\n<div class=\"wp-bootstrap-blocks-row row mx-auto\">\n\t\n\n<div class=\"col-12 col-md-10\">\n\t\t\t\n\n<h2 class=\"text-secondary scroll-fade-bottom-up visibility-hidden wp-block-heading\" id=\"granulatum-tovabbitasahoz-hasznalt-rendszerekhez-es-felszivo-berendezesekhez-kinalunk-alkatreszeket-a-muanyagipar-szamara\">Granul\u00e1tum tov\u00e1bb\u00edt\u00e1s\u00e1hoz haszn\u00e1lt rendszerekhez \u00e9s felsz\u00edv\u00f3 berendez\u00e9sekhez k\u00edn\u00e1lunk alkatr\u00e9szeket a m\u0171anyagipar sz\u00e1m\u00e1ra.<\/h2>\n\n\n\n<p>K\u00fcl\u00f6nb\u00f6z\u0151 m\u00e9ret\u0171 alum\u00ednium \u00edvidomok, nemesac\u00e1l idomok ( k\u00e9r\u00e9sre egy vagy k\u00e9t oldalon sz\u00e1rmeghosszabb\u00edt\u00e1ssal), el\u00e1gaz\u00f3 darabok, T-darabok, sz\u0171k\u00edt\u0151k, k\u00f6ny\u00f6k\u00f6k mind r\u00e9sz\u00e9t k\u00e9pezik term\u00e9keink sk\u00e1l\u00e1j\u00e1nak. Sz\u00e1mos term\u00e9k\u00fcnk mint \u00f6sszek\u00f6t\u0151 elemek, cs\u0151bilincsek, morris-\u00e9s storz kupplungok, ankers\u00ednek, ac\u00e9lspir\u00e1los PVC-cs\u00f6vek ak\u00e1r azonnal rakt\u00e1rr\u00f3l sz\u00e1ll\u00edthat\u00f3ak.&nbsp;<\/p>\n\n\n\n<p class=\"scroll-fade-bottom-up visibility-hidden\">Egyedi ig\u00e9ny szerint, r\u00f6vid hat\u00e1rid\u0151vel tudunk vev\u0151i rajz alapj\u00e1n etage \u00edvet vagy \u00fcvegb\u0151l k\u00e9sz\u00fclt idomokra is j\u00e1nlatot tenni.<\/p>\n\n\t<\/div>\n\n<\/div>\n\n<\/div>\n\n\n\n<\/section>\n\n\n\n<div style=\"height:10px\" aria-hidden=\"true\" class=\"wp-block-spacer\"><\/div>\n\n\n\n<section data-jarallax=\"\" data-speed=\".8\" class=\"py-12 py-md-13 overlay overlay-black overlay-40 bg-cover jarallax\" style=\"background-image: url(\/wp-content\/uploads\/2021\/08\/blecha-aluminium-profile-zulieferteile.jpg);\">\n  <div class=\"container\">\n    <div class=\"row mx-auto\">\n      <div class=\"col-12 col-md-10\">\n        <!-- Blockquote -->\n        <blockquote class=\"blockquote mb-0\"> \n          \n          <!-- Text -->\n          <p class=\"h2 text-white text-left font-regular scroll-fade-bottom-up visibility-hidden\">Szeretj\u00fck a k\u00fcl\u00f6nlegess\u00e9geket. Mer\u00fclj\u00f6n el k\u00edn\u00e1latunkban \u00e9s tal\u00e1lja meg a sz\u00fcks\u00e9ges darabokat.<\/p>\n\n\n<div class=\"wp-bootstrap-blocks-button\">\n\t<a\n\t\thref=\"https:\/\/www.aluprofil.at\/hu\/fittingek\/csovezetekek-szivorendszerekhez\/\"\n\t\t\t\t\t\tclass=\"btn mt-4 scroll-fade-bottom-up visibility-hidden btn-secondary\"\n\t>\n\t\tA v\u00e1laszt\u00e9khoz\t<\/a>\n<\/div>\n\n\n\n<\/blockquote>\n      <\/div>\n    <\/div>\n  <\/div>\n<\/section>\n","protected":false},"excerpt":{"rendered":"Szeretj\u00fck a k\u00fcl\u00f6nlegess\u00e9geket. Mer\u00fclj\u00f6n el k\u00edn\u00e1latunkban \u00e9s tal\u00e1lja meg a sz\u00fcks\u00e9ges darabokat.","protected":false},"author":2,"featured_media":11352,"parent":5417,"menu_order":0,"comment_status":"closed","ping_status":"closed","template":"page-produkte.php","meta":{"_acf_changed":false,"footnotes":""},"class_list":["post-11350","page","type-page","status-publish","has-post-thumbnail","hentry"],"acf":[],"yoast_head":"<!-- This site is optimized with the Yoast SEO plugin v27.3 - https:\/\/yoast.com\/product\/yoast-seo-wordpress\/ -->\n<title>Alkatr\u00e9szek granul\u00e1tum tov\u00e1bb\u00edt\u00f3 rendszerekhez | BLECHA<\/title>\n<meta name=\"description\" content=\"K\u00edn\u00e1latunk mag\u00e1ba foglalja a granul\u00e1tum tov\u00e1bb\u00edt\u00e1s\u00e1hoz haszn\u00e1lt rendszerekhez \u00e9s felsz\u00edv\u00f3 berendez\u00e9sekhez alkatr\u00e9szeket a m\u0171anyagipar sz\u00e1m\u00e1ra.\" \/>\n<meta name=\"robots\" content=\"index, follow, max-snippet:-1, max-image-preview:large, max-video-preview:-1\" \/>\n<link rel=\"canonical\" href=\"https:\/\/www.blecha.at\/hu\/termekek\/alkatreszek-granulatum-tovabbito-rendszerekhez\/\" \/>\n<meta property=\"og:locale\" content=\"hu_HU\" \/>\n<meta property=\"og:type\" content=\"article\" \/>\n<meta property=\"og:title\" content=\"Alkatr\u00e9szek granul\u00e1tum tov\u00e1bb\u00edt\u00f3 rendszerekhez | BLECHA\" \/>\n<meta property=\"og:description\" content=\"K\u00edn\u00e1latunk mag\u00e1ba foglalja a granul\u00e1tum tov\u00e1bb\u00edt\u00e1s\u00e1hoz haszn\u00e1lt rendszerekhez \u00e9s felsz\u00edv\u00f3 berendez\u00e9sekhez alkatr\u00e9szeket a m\u0171anyagipar sz\u00e1m\u00e1ra.\" \/>\n<meta property=\"og:url\" content=\"https:\/\/www.blecha.at\/hu\/termekek\/alkatreszek-granulatum-tovabbito-rendszerekhez\/\" \/>\n<meta property=\"og:site_name\" content=\"BLECHA\" \/>\n<meta property=\"article:modified_time\" content=\"2022-02-22T14:41:20+00:00\" \/>\n<meta property=\"og:image\" content=\"https:\/\/www.blecha.at\/wp-content\/uploads\/2021\/03\/blecha-zulieferteile-fuer-saugfoerderanlagen-1-thumbnail.jpg\" \/>\n\t<meta property=\"og:image:width\" content=\"1600\" \/>\n\t<meta property=\"og:image:height\" content=\"1600\" \/>\n\t<meta property=\"og:image:type\" content=\"image\/jpeg\" \/>\n<meta name=\"twitter:card\" content=\"summary_large_image\" \/>\n<meta name=\"twitter:label1\" content=\"Becs\u00fclt olvas\u00e1si id\u0151\" \/>\n\t<meta name=\"twitter:data1\" content=\"1 perc\" \/>\n<script type=\"application\/ld+json\" class=\"yoast-schema-graph\">{\"@context\":\"https:\\\/\\\/schema.org\",\"@graph\":[{\"@type\":\"WebPage\",\"@id\":\"https:\\\/\\\/www.blecha.at\\\/hu\\\/termekek\\\/alkatreszek-granulatum-tovabbito-rendszerekhez\\\/\",\"url\":\"https:\\\/\\\/www.blecha.at\\\/hu\\\/termekek\\\/alkatreszek-granulatum-tovabbito-rendszerekhez\\\/\",\"name\":\"Alkatr\u00e9szek granul\u00e1tum tov\u00e1bb\u00edt\u00f3 rendszerekhez | BLECHA\",\"isPartOf\":{\"@id\":\"https:\\\/\\\/www.blecha.at\\\/#website\"},\"primaryImageOfPage\":{\"@id\":\"https:\\\/\\\/www.blecha.at\\\/hu\\\/termekek\\\/alkatreszek-granulatum-tovabbito-rendszerekhez\\\/#primaryimage\"},\"image\":{\"@id\":\"https:\\\/\\\/www.blecha.at\\\/hu\\\/termekek\\\/alkatreszek-granulatum-tovabbito-rendszerekhez\\\/#primaryimage\"},\"thumbnailUrl\":\"https:\\\/\\\/www.blecha.at\\\/wp-content\\\/uploads\\\/2021\\\/03\\\/blecha-zulieferteile-fuer-saugfoerderanlagen-1-thumbnail.jpg\",\"datePublished\":\"2021-01-22T22:26:07+00:00\",\"dateModified\":\"2022-02-22T14:41:20+00:00\",\"description\":\"K\u00edn\u00e1latunk mag\u00e1ba foglalja a granul\u00e1tum tov\u00e1bb\u00edt\u00e1s\u00e1hoz haszn\u00e1lt rendszerekhez \u00e9s felsz\u00edv\u00f3 berendez\u00e9sekhez alkatr\u00e9szeket a m\u0171anyagipar sz\u00e1m\u00e1ra.\",\"breadcrumb\":{\"@id\":\"https:\\\/\\\/www.blecha.at\\\/hu\\\/termekek\\\/alkatreszek-granulatum-tovabbito-rendszerekhez\\\/#breadcrumb\"},\"inLanguage\":\"hu\",\"potentialAction\":[{\"@type\":\"ReadAction\",\"target\":[\"https:\\\/\\\/www.blecha.at\\\/hu\\\/termekek\\\/alkatreszek-granulatum-tovabbito-rendszerekhez\\\/\"]}]},{\"@type\":\"ImageObject\",\"inLanguage\":\"hu\",\"@id\":\"https:\\\/\\\/www.blecha.at\\\/hu\\\/termekek\\\/alkatreszek-granulatum-tovabbito-rendszerekhez\\\/#primaryimage\",\"url\":\"https:\\\/\\\/www.blecha.at\\\/wp-content\\\/uploads\\\/2021\\\/03\\\/blecha-zulieferteile-fuer-saugfoerderanlagen-1-thumbnail.jpg\",\"contentUrl\":\"https:\\\/\\\/www.blecha.at\\\/wp-content\\\/uploads\\\/2021\\\/03\\\/blecha-zulieferteile-fuer-saugfoerderanlagen-1-thumbnail.jpg\",\"width\":1600,\"height\":1600},{\"@type\":\"BreadcrumbList\",\"@id\":\"https:\\\/\\\/www.blecha.at\\\/hu\\\/termekek\\\/alkatreszek-granulatum-tovabbito-rendszerekhez\\\/#breadcrumb\",\"itemListElement\":[{\"@type\":\"ListItem\",\"position\":1,\"name\":\"Home\",\"item\":\"https:\\\/\\\/www.blecha.at\\\/hu\\\/\"},{\"@type\":\"ListItem\",\"position\":2,\"name\":\"Term\u00e9kek\",\"item\":\"https:\\\/\\\/www.blecha.at\\\/hu\\\/termekek\\\/\"},{\"@type\":\"ListItem\",\"position\":3,\"name\":\"Alkatr\u00e9szek granul\u00e1tum tov\u00e1bb\u00edt\u00f3 rendszerekhez\"}]},{\"@type\":\"WebSite\",\"@id\":\"https:\\\/\\\/www.blecha.at\\\/#website\",\"url\":\"https:\\\/\\\/www.blecha.at\\\/\",\"name\":\"BLECHA\",\"description\":\"Eine weitere WordPress-Website\",\"potentialAction\":[{\"@type\":\"SearchAction\",\"target\":{\"@type\":\"EntryPoint\",\"urlTemplate\":\"https:\\\/\\\/www.blecha.at\\\/?s={search_term_string}\"},\"query-input\":{\"@type\":\"PropertyValueSpecification\",\"valueRequired\":true,\"valueName\":\"search_term_string\"}}],\"inLanguage\":\"hu\"}]}<\/script>\n<!-- \/ Yoast SEO plugin. -->","yoast_head_json":{"title":"Alkatr\u00e9szek granul\u00e1tum tov\u00e1bb\u00edt\u00f3 rendszerekhez | BLECHA","description":"K\u00edn\u00e1latunk mag\u00e1ba foglalja a granul\u00e1tum tov\u00e1bb\u00edt\u00e1s\u00e1hoz haszn\u00e1lt rendszerekhez \u00e9s felsz\u00edv\u00f3 berendez\u00e9sekhez alkatr\u00e9szeket a m\u0171anyagipar sz\u00e1m\u00e1ra.","robots":{"index":"index","follow":"follow","max-snippet":"max-snippet:-1","max-image-preview":"max-image-preview:large","max-video-preview":"max-video-preview:-1"},"canonical":"https:\/\/www.blecha.at\/hu\/termekek\/alkatreszek-granulatum-tovabbito-rendszerekhez\/","og_locale":"hu_HU","og_type":"article","og_title":"Alkatr\u00e9szek granul\u00e1tum tov\u00e1bb\u00edt\u00f3 rendszerekhez | BLECHA","og_description":"K\u00edn\u00e1latunk mag\u00e1ba foglalja a granul\u00e1tum tov\u00e1bb\u00edt\u00e1s\u00e1hoz haszn\u00e1lt rendszerekhez \u00e9s felsz\u00edv\u00f3 berendez\u00e9sekhez alkatr\u00e9szeket a m\u0171anyagipar sz\u00e1m\u00e1ra.","og_url":"https:\/\/www.blecha.at\/hu\/termekek\/alkatreszek-granulatum-tovabbito-rendszerekhez\/","og_site_name":"BLECHA","article_modified_time":"2022-02-22T14:41:20+00:00","og_image":[{"width":1600,"height":1600,"url":"https:\/\/www.blecha.at\/wp-content\/uploads\/2021\/03\/blecha-zulieferteile-fuer-saugfoerderanlagen-1-thumbnail.jpg","type":"image\/jpeg"}],"twitter_card":"summary_large_image","twitter_misc":{"Becs\u00fclt olvas\u00e1si id\u0151":"1 perc"},"schema":{"@context":"https:\/\/schema.org","@graph":[{"@type":"WebPage","@id":"https:\/\/www.blecha.at\/hu\/termekek\/alkatreszek-granulatum-tovabbito-rendszerekhez\/","url":"https:\/\/www.blecha.at\/hu\/termekek\/alkatreszek-granulatum-tovabbito-rendszerekhez\/","name":"Alkatr\u00e9szek granul\u00e1tum tov\u00e1bb\u00edt\u00f3 rendszerekhez | BLECHA","isPartOf":{"@id":"https:\/\/www.blecha.at\/#website"},"primaryImageOfPage":{"@id":"https:\/\/www.blecha.at\/hu\/termekek\/alkatreszek-granulatum-tovabbito-rendszerekhez\/#primaryimage"},"image":{"@id":"https:\/\/www.blecha.at\/hu\/termekek\/alkatreszek-granulatum-tovabbito-rendszerekhez\/#primaryimage"},"thumbnailUrl":"https:\/\/www.blecha.at\/wp-content\/uploads\/2021\/03\/blecha-zulieferteile-fuer-saugfoerderanlagen-1-thumbnail.jpg","datePublished":"2021-01-22T22:26:07+00:00","dateModified":"2022-02-22T14:41:20+00:00","description":"K\u00edn\u00e1latunk mag\u00e1ba foglalja a granul\u00e1tum tov\u00e1bb\u00edt\u00e1s\u00e1hoz haszn\u00e1lt rendszerekhez \u00e9s felsz\u00edv\u00f3 berendez\u00e9sekhez alkatr\u00e9szeket a m\u0171anyagipar sz\u00e1m\u00e1ra.","breadcrumb":{"@id":"https:\/\/www.blecha.at\/hu\/termekek\/alkatreszek-granulatum-tovabbito-rendszerekhez\/#breadcrumb"},"inLanguage":"hu","potentialAction":[{"@type":"ReadAction","target":["https:\/\/www.blecha.at\/hu\/termekek\/alkatreszek-granulatum-tovabbito-rendszerekhez\/"]}]},{"@type":"ImageObject","inLanguage":"hu","@id":"https:\/\/www.blecha.at\/hu\/termekek\/alkatreszek-granulatum-tovabbito-rendszerekhez\/#primaryimage","url":"https:\/\/www.blecha.at\/wp-content\/uploads\/2021\/03\/blecha-zulieferteile-fuer-saugfoerderanlagen-1-thumbnail.jpg","contentUrl":"https:\/\/www.blecha.at\/wp-content\/uploads\/2021\/03\/blecha-zulieferteile-fuer-saugfoerderanlagen-1-thumbnail.jpg","width":1600,"height":1600},{"@type":"BreadcrumbList","@id":"https:\/\/www.blecha.at\/hu\/termekek\/alkatreszek-granulatum-tovabbito-rendszerekhez\/#breadcrumb","itemListElement":[{"@type":"ListItem","position":1,"name":"Home","item":"https:\/\/www.blecha.at\/hu\/"},{"@type":"ListItem","position":2,"name":"Term\u00e9kek","item":"https:\/\/www.blecha.at\/hu\/termekek\/"},{"@type":"ListItem","position":3,"name":"Alkatr\u00e9szek granul\u00e1tum tov\u00e1bb\u00edt\u00f3 rendszerekhez"}]},{"@type":"WebSite","@id":"https:\/\/www.blecha.at\/#website","url":"https:\/\/www.blecha.at\/","name":"BLECHA","description":"Eine weitere WordPress-Website","potentialAction":[{"@type":"SearchAction","target":{"@type":"EntryPoint","urlTemplate":"https:\/\/www.blecha.at\/?s={search_term_string}"},"query-input":{"@type":"PropertyValueSpecification","valueRequired":true,"valueName":"search_term_string"}}],"inLanguage":"hu"}]}},"_links":{"self":[{"href":"https:\/\/www.blecha.at\/hu\/wp-json\/wp\/v2\/pages\/11350","targetHints":{"allow":["GET"]}}],"collection":[{"href":"https:\/\/www.blecha.at\/hu\/wp-json\/wp\/v2\/pages"}],"about":[{"href":"https:\/\/www.blecha.at\/hu\/wp-json\/wp\/v2\/types\/page"}],"author":[{"embeddable":true,"href":"https:\/\/www.blecha.at\/hu\/wp-json\/wp\/v2\/users\/2"}],"replies":[{"embeddable":true,"href":"https:\/\/www.blecha.at\/hu\/wp-json\/wp\/v2\/comments?post=11350"}],"version-history":[{"count":6,"href":"https:\/\/www.blecha.at\/hu\/wp-json\/wp\/v2\/pages\/11350\/revisions"}],"predecessor-version":[{"id":14423,"href":"https:\/\/www.blecha.at\/hu\/wp-json\/wp\/v2\/pages\/11350\/revisions\/14423"}],"up":[{"embeddable":true,"href":"https:\/\/www.blecha.at\/hu\/wp-json\/wp\/v2\/pages\/5417"}],"wp:featuredmedia":[{"embeddable":true,"href":"https:\/\/www.blecha.at\/hu\/wp-json\/wp\/v2\/media\/11352"}],"wp:attachment":[{"href":"https:\/\/www.blecha.at\/hu\/wp-json\/wp\/v2\/media?parent=11350"}],"curies":[{"name":"wp","href":"https:\/\/api.w.org\/{rel}","templated":true}]}}