{"id":5158,"date":"2021-01-22T21:44:17","date_gmt":"2021-01-22T20:44:17","guid":{"rendered":"https:\/\/www.blecha.at\/szolgaltatasok\/verpackung-und-versand\/"},"modified":"2021-09-30T15:46:23","modified_gmt":"2021-09-30T13:46:23","slug":"csomagolas-es-szallitas","status":"publish","type":"page","link":"https:\/\/www.blecha.at\/hu\/szolgaltatasok\/csomagolas-es-szallitas\/","title":{"rendered":"Verpackung und Versand"},"content":{"rendered":"\n<section id=\"sectionTwo\" class=\"mt-lg-n11 py-8 py-md-11 px-lg-9 border-left border-right border-right-lg-none bg-white\">\n\n\n<div class=\"wp-bootstrap-blocks-container container-fluid mb-0\">\n\t\n<div class=\"wp-bootstrap-blocks-row row mx-auto\">\n\t\n\n<div class=\"col-12 col-md-10\">\n\t\t\t\n\n<h2 class=\"text-secondary scroll-fade-bottom-up visibility-hidden wp-block-heading\">Gyorsan c\u00e9lba \u00e9rni! <br>BLECHA logisztika- a legbiztons\u00e1gosabb kisz\u00e1ll\u00edt\u00e1s.<\/h2>\n\n\n\n<p class=\"scroll-fade-bottom-up visibility-hidden\">\u00dcgyfeleink \u00e9rt\u00e9kelik a min\u0151s\u00e9get. De ez a min\u0151s\u00e9g nem csak a term\u00e9kekere \u00e9rtend\u0151, hiszen az els\u0151 telefonh\u00edv\u00e1st\u00f3l eg\u00e9szen a h\u00e1zhozsz\u00e1ll\u00edt\u00e1sig leszervezz\u00fck a folyamatokat. A rendelt anyagokat a lehet\u0151 legoptim\u00e1lisabban becsomagoljuk, hogy a sz\u00e1ll\u00edt\u00e1s v\u00e9g\u00e9ig a\u00a0 csomag s\u00e9rtetlen maradjon. \u00c9s akkor maradjuk m\u00e9g egy kicsit a sz\u00e1ll\u00edt\u00e1sokn\u00e1l, Ausztri\u00e1n bel\u00fcl naponta indulnak teheraut\u00f3ink, Magyarorsz\u00e1gon bel\u00fcl pedig a h\u00e9t t\u00f6bb napj\u00e1n is kisz\u00e1ll\u00edtjuk a t\u0151l\u00fcnk rendelt term\u00e9keket. Egy\u00e9b esetekben k\u00fcls\u0151s,megb\u00edzhat\u00f3 sped\u00edt\u0151r\u00f6kkel szervezz\u00fck le a sz\u00e1ll\u00edt\u00e1s minden r\u00e9szlet\u00e9t, legyen sz\u00f3 ak\u00e1r v\u00e1moltat\u00e1sr\u00f3l, \u00d6nnek ezzel sem lesz gondja ha minket v\u00e1laszt.<\/p>\n\n\t<\/div>\n\n<\/div>\n\n<\/div>\n\n\n\n<\/section>\n\n\n\n<section class=\"border-left border-right border-right-lg-none bg-primary\">\n\n\n<div class=\"wp-bootstrap-blocks-container container-fluid mb-0 px-0\">\n\t\n<div class=\"wp-bootstrap-blocks-row row mx-auto\">\n\t\n\n<div class=\"col-12 col-md-6 px-7 px-lg-9 py-7 py-lg-9\">\n\t\t\t\n\n<h3 class=\"text-secondary scroll-fade-bottom-up visibility-hidden wp-block-heading\">Csomagol\u00f3g\u00e9p<\/h3>\n\n\n\n<p class=\"scroll-fade-bottom-up visibility-hidden\">Biztons\u00e1gos \u00e9s stabil v\u00e9delelem az \u00d6n csomagj\u00e1nak. Lehet\u0151s\u00e9g van eg\u00e9sz k\u00f6teges vagy ak\u00e1r sz\u00e1lank\u00e9nti f\u00f3li\u00e1z\u00e1sra is.<\/p>\n\n\n\n<h5 class=\"text-secondary mt-7 mb-5 scroll-fade-bottom-up visibility-hidden wp-block-heading\">M\u0171szaki lehet\u0151s\u00e9gek:<\/h5>\n\n\n\n<div class=\"d-flex text-left scroll-fade-bottom-up visibility-hidden\">\n<div class=\"badge badge-rounded-circle badge-secondary mt-1 mr-4\">\n<i class=\"fe fe-check\"><\/i>\n<\/div><p class=\"text-white\">sz\u00e9less\u00e9ge: 100mm-t\u0151l 550 mm-ig<\/p><\/div>\n\n<div class=\"d-flex text-left scroll-fade-bottom-up visibility-hidden\">\n<div class=\"badge badge-rounded-circle badge-secondary mt-1 mr-4\">\n<i class=\"fe fe-check\"><\/i>\n<\/div><p class=\"text-white\">magass\u00e1ga: 30mm-t\u0151l 500 mm-ig<\/p><\/div>\n\n<div class=\"d-flex text-left scroll-fade-bottom-up visibility-hidden\">\n<div class=\"badge badge-rounded-circle badge-secondary mt-1 mr-4\">\n<i class=\"fe fe-check\"><\/i>\n<\/div><p class=\"text-white\">hossza: 200mm-t\u0151l 6020 mm-ig<\/p><\/div>\n\n<div class=\"d-flex text-left scroll-fade-bottom-up visibility-hidden\">\n<div class=\"badge badge-rounded-circle badge-secondary mt-1 mr-4\">\n<i class=\"fe fe-check\"><\/i>\n<\/div><p class=\"text-white\">s\u00falya: max. 600 kg<\/p><\/div>\n\n<div class=\"d-flex text-left scroll-fade-bottom-up visibility-hidden\">\n<div class=\"badge badge-rounded-circle badge-secondary mt-1 mr-4\">\n<i class=\"fe fe-check\"><\/i>\n<\/div><p class=\"text-white\">\u00e1tm\u00e9r\u0151je: max. 744 mm<\/p><\/div>\n\n\t<\/div>\n\n\n\n<div class=\"col-12 col-md-6 px-0 scroll-reveal-right-to-left\">\n\t\t\t\n\n<div class=\"reveal-item\">\n<div class=\"reveal-item-inner\">\n\n\n\n<figure class=\"wp-block-image size-large wp-block-image-cover h-100 mb-0\"><img loading=\"lazy\" decoding=\"async\" width=\"795\" height=\"1024\" src=\"https:\/\/www.blecha.at\/wp-content\/uploads\/2021\/02\/blecha-wickelmaschine-1-795x1024.jpg\" alt=\"\" class=\"wp-image-1854\" srcset=\"https:\/\/www.blecha.at\/wp-content\/uploads\/2021\/02\/blecha-wickelmaschine-1-795x1024.jpg 795w, https:\/\/www.blecha.at\/wp-content\/uploads\/2021\/02\/blecha-wickelmaschine-1-233x300.jpg 233w, https:\/\/www.blecha.at\/wp-content\/uploads\/2021\/02\/blecha-wickelmaschine-1-768x990.jpg 768w, https:\/\/www.blecha.at\/wp-content\/uploads\/2021\/02\/blecha-wickelmaschine-1-1192x1536.jpg 1192w, https:\/\/www.blecha.at\/wp-content\/uploads\/2021\/02\/blecha-wickelmaschine-1-1589x2048.jpg 1589w, https:\/\/www.blecha.at\/wp-content\/uploads\/2021\/02\/blecha-wickelmaschine-1.jpg 1707w\" sizes=\"auto, (max-width: 795px) 100vw, 795px\" \/><\/figure>\n\n\n\n<\/div>\n<\/div>\n\n\t<\/div>\n\n\n\n<div class=\"col-12 col-md-6 px-7 px-lg-9 py-7 py-lg-9 order-md-2\">\n\t\t\t\n\n<h3 class=\"text-secondary scroll-fade-bottom-up visibility-hidden wp-block-heading\"><strong>Targonca \u00e9s komisszi\u00f3z\u00e1s<\/strong><\/h3>\n\n\n\n<p>10 korszer\u0171 vill\u00e1s targonc\u00e1val dolgozunk, amik seg\u00edts\u00e9g\u00e9vel gyosan \u00e9s hat\u00e9konyan zajlik a fel-\u00e9s lerakod\u00e1s.<\/p>\n\n\n\n<p>Ezen fel\u00fcl 4db n\u00e9gyutas , kosaras targonca \u00e1ll rendelkez\u00e9s\u00fcnkre, amelyekkel a polcon t\u00e1rolt term\u00e9keket tudjuk \u00fcgyfeleink r\u00e9sz\u00e9re \u00f6sszek\u00e9sz\u00edteni.<\/p>\n\n\n\n<p>V\u00e9g\u00fcl de nem utols\u00f3 sorban pedig tov\u00e1bbi 4 db n\u00e9gyutas, de kos\u00e1r n\u00e9lk\u00fcli targonc\u00e1t haszn\u00e1lunk a napi munkafolyamatokhoz. Kijelenthetj\u00fck, hogy felk\u00e9sz\u00fclten ,j\u00f3l felszerelve, gyosan \u00e9s hat\u00e9konyan tudjuk vev\u0151ink ig\u00e9nyeit kiel\u00e9g\u00edteni. Int\u00e9zze hozz\u00e1nk k\u00f6vetkez\u0151 rendel\u00e9s\u00e9st \u00e9s gy\u0151z\u0151dj\u00f6n meg a BLECHA hat\u00e9konys\u00e1g\u00e1r\u00f3l \u00d6n is.<\/p>\n\n\t<\/div>\n\n\n\n<div class=\"col-12 col-md-6 px-0 scroll-reveal-left-to-right\">\n\t\t\t\n\n<div class=\"reveal-item\">\n<div class=\"reveal-item-inner\">\n\n\n\n<figure class=\"wp-block-image size-large wp-block-image-cover h-100 mb-0\"><img loading=\"lazy\" decoding=\"async\" width=\"795\" height=\"1024\" src=\"https:\/\/www.blecha.at\/wp-content\/uploads\/2021\/02\/blecha-kommissioniermaschine-1-795x1024.jpg\" alt=\"\" class=\"wp-image-1869\" srcset=\"https:\/\/www.blecha.at\/wp-content\/uploads\/2021\/02\/blecha-kommissioniermaschine-1-795x1024.jpg 795w, https:\/\/www.blecha.at\/wp-content\/uploads\/2021\/02\/blecha-kommissioniermaschine-1-233x300.jpg 233w, https:\/\/www.blecha.at\/wp-content\/uploads\/2021\/02\/blecha-kommissioniermaschine-1-768x990.jpg 768w, https:\/\/www.blecha.at\/wp-content\/uploads\/2021\/02\/blecha-kommissioniermaschine-1-1192x1536.jpg 1192w, https:\/\/www.blecha.at\/wp-content\/uploads\/2021\/02\/blecha-kommissioniermaschine-1-1589x2048.jpg 1589w, https:\/\/www.blecha.at\/wp-content\/uploads\/2021\/02\/blecha-kommissioniermaschine-1.jpg 1707w\" sizes=\"auto, (max-width: 795px) 100vw, 795px\" \/><\/figure>\n\n\n\n<\/div>\n<\/div>\n\n\t<\/div>\n\n<\/div>\n\n<\/div>\n\n\n\n<\/section>\n\n\n\n<section class=\"py-8 py-md-11 px-lg-9 border-left border-right border-right-lg-none bg-light\">\n\n\n<div class=\"wp-bootstrap-blocks-container container-fluid mb-0\">\n\t\n<div class=\"wp-bootstrap-blocks-row row mx-auto\">\n\t\n\n<div class=\"col-12 col-md-10\">\n\t\t\t\n\n<h3 class=\"scroll-fade-bottom-up visibility-hidden wp-block-heading\">Lemez komisszi\u00f3z\u00f3 berendez\u00e9s<\/h3>\n\n\n\n<p class=\"scroll-fade-bottom-up visibility-hidden\">Ezzel az elj\u00e1r\u00e1ssal a lemezeket, cseppmint\u00e1s lemezeket gyorsan \u00e9s automatikusan tudjuk pap\u00edr v\u00e9d\u0151r\u00e9teg n\u00e9lk\u00fcl is targonc\u00e1zni.<\/p>\n\n\n\n<h5 class=\"wp-block-heading\">El\u0151ny\u00f6k:<\/h5>\n\n\n\n<div class=\"d-flex text-left scroll-fade-bottom-up visibility-hidden\">\n<div class=\"badge badge-rounded-circle badge-secondary mt-1 mr-4\">\n<i class=\"fe fe-check\"><\/i>\n<\/div><p class=\"text-black\">r\u00f6vid hat\u00e1rid\u0151k<\/p><\/div>\n\n<div class=\"d-flex text-left scroll-fade-bottom-up visibility-hidden\">\n<div class=\"badge badge-rounded-circle badge-secondary mt-1 mr-4\">\n<i class=\"fe fe-check\"><\/i>\n<\/div><p class=\"text-black\">magas fel\u00fcleti min\u0151s\u00e9g<\/p><\/div>\n\n<div class=\"d-flex text-left scroll-fade-bottom-up visibility-hidden\">\n<div class=\"badge badge-rounded-circle badge-secondary mt-1 mr-4\">\n<i class=\"fe fe-check\"><\/i>\n<\/div><p class=\"text-black\">fel\u00e1r n\u00e9lk\u00fcl<\/p><\/div>\n\n\t<\/div>\n\n<\/div>\n\n<\/div>\n\n\n\n<\/section>\n\n\n\n<section class=\"py-8 py-md-11 px-lg-9 border-left border-right border-right-lg-none bg-white\">\n\n\n<div class=\"wp-bootstrap-blocks-container container-fluid mb-0\">\n\t\n<div class=\"wp-bootstrap-blocks-row row mx-auto\">\n\t\n\n<div class=\"col-12 col-md-10\">\n\t\t\t\n\n<h3 class=\"scroll-fade-bottom-up visibility-hidden wp-block-heading\">BLECHA-g\u00e9pkocsipark<\/h3>\n\n\n\n<p>Nek\u00fcnk semmi sincs t\u00fal messze. Rendszeresen sz\u00e1ll\u00edtunk \u00a0Ausztria, N\u00e9metorsz\u00e1g, Csehorsz\u00e1g, Szlov\u00e1kia, Magyarorsz\u00e1g, Szlov\u00e9nia, D\u00e9l-Tirol, Olaszorsz\u00e1g \u00e9s Horv\u00e1torsz\u00e1g t\u00e9rs\u00e9geibe. Magyarorsz\u00e1gon bel\u00fcl 80kg-t\u00f3l, a h\u00e9t t\u00f6bb napj\u00e1n v\u00e1llaljuk a fuvaroz\u00e1st saj\u00e1t g\u00e9pj\u00e1rm\u0171veinkkel. De ha ezen fel\u00fcl k\u00e9rd\u00e9se mer\u00fclne lenne, vegye fel vel\u00fcnk a kapcsolatot!<\/p>\n\n\t<\/div>\n\n<\/div>\n\n<\/div>\n\n\n\n<\/section>\n\n\n\n<section class=\"px-lg-9 border-left border-right border-right-lg-none bg-secondary\">\n\n\n<div class=\"wp-bootstrap-blocks-container container-fluid mb-0\">\n\t\n<div class=\"wp-bootstrap-blocks-row row mx-auto\">\n\t\n\n<div class=\"col-12 col-md-12 text-white border-bottom border-white py-7 py-lg-9\">\n\t\t\t\n\n<svg class=\"icon-brand mb-4 scroll-fade-bottom-up visibility-hidden\" viewBox=\"0 0 64 64\" xmlns=\"http:\/\/www.w3.org\/2000\/svg\"><g fill=\"none\" class=\"stroke-primary\" stroke-linecap=\"square\" stroke-miterlimit=\"10\" stroke-width=\"2\"><path d=\"m20 56v6h-11v-6\"><\/path><path d=\"m55 56v6h-11v-6\"><\/path><g class=\"stroke-primary\"><path d=\"m4 25v7\"><\/path><path d=\"m60 25v7\"><\/path><path d=\"m58.073 39.887-4.073-4.887v-33h-44v33l-4.073 4.887c-.599.719-.927 1.623-.927 2.559v13.554h54v-13.552c0-.936-.328-1.842-.927-2.561z\"><\/path><\/g><circle cx=\"16\" cy=\"46\" r=\"4\"><\/circle><circle cx=\"48\" cy=\"46\" r=\"4\"><\/circle><path d=\"m28 46h8\"><\/path><path d=\"m10 8h44\" class=\"stroke-primary\" stroke-linecap=\"butt\"><\/path><path d=\"m16 14h32v20h-32z\"><\/path><\/g><\/svg>\n\n\n\n<h4 class=\"scroll-fade-bottom-up visibility-hidden wp-block-heading\">Elhozatal<\/h4>\n\n\n\n<p class=\"mb-5 scroll-fade-bottom-up visibility-hidden\">Amikor az \u00fcgyfeleink saj\u00e1t maguk oldj\u00e1k meg a rendelt term\u00e9kek elsz\u00e1ll\u00edt\u00e1s\u00e1t. Mi ilyenkor is nagy hangs\u00falyt fektet\u00fcnk a biztons\u00e1gra \u00e9s minden el\u0151\u00edr\u00e1st betartunk:<\/p>\n\n\n\n<div class=\"d-flex text-left scroll-fade-bottom-up visibility-hidden\">\n<div class=\"badge badge-rounded-circle badge-primary mt-1 mr-4\">\n<i class=\"fe fe-check\"><\/i>\n<\/div><p class=\"text-white\">figyelembe vessz\u00fck, hogy a g\u00e9pj\u00e1rm\u0171 m\u0171szakilag mennyire rakodhat\u00f3<\/p><\/div>\n\n<div class=\"d-flex text-left scroll-fade-bottom-up visibility-hidden\">\n<div class=\"badge badge-rounded-circle badge-primary mt-1 mr-4\">\n<i class=\"fe fe-check\"><\/i>\n<\/div><p class=\"text-white\">a megengedett \u00f6sszt\u00f6meg nem l\u00e9phet\u0151 \u00e1t<\/p><\/div>\n\n<div class=\"d-flex text-left scroll-fade-bottom-up visibility-hidden\">\n<div class=\"badge badge-rounded-circle badge-primary mt-1 mr-4\">\n<i class=\"fe fe-check\"><\/i>\n<\/div><p class=\"text-white\">a r\u00f6gz\u00edt\u00e9shez sz\u00fcks\u00e9ges gurtninak rendelkez\u00e9sre kell \u00e1llnia*<\/p><\/div>\n\n<div class=\"d-flex text-left scroll-fade-bottom-up visibility-hidden\">\n<div class=\"badge badge-rounded-circle badge-primary mt-1 mr-4\">\n<i class=\"fe fe-check\"><\/i>\n<\/div><p class=\"text-white\">t\u00falny\u00fal\u00f3 \u00e1ru eset\u00e9n azt ezt jelz\u0151 t\u00e1bl\u00e1nak rendelkez\u00e9sre kell \u00e1llnia<\/p><\/div>\n\n<div class=\"d-flex text-left scroll-fade-bottom-up visibility-hidden\">\n<div class=\"badge badge-rounded-circle badge-primary mt-1 mr-4\">\n<i class=\"fe fe-check\"><\/i>\n<\/div><p class=\"text-white\">a rakom\u00e1nnyal egy\u00fctt a megengedett magass\u00e1g max. 4m<\/p><\/div>\n\n\n\n<p class=\"mt-3 scroll-fade-bottom-up visibility-hidden\"><em>* <em>ig\u00e9ny eset\u00e9n c\u00e9g\u00fcnk is tud gurtnit vagy egy\u00e9b r\u00f6gz\u00edt\u0151anyagot biztos\u00edtani. Amennyiben ig\u00e9nybe vennn\u00e9k ezt a szolg\u00e1ltat\u00e1sunkat, k\u00e9rj\u00fck egyeztessenek az \u00e9rt\u00e9kes\u00edt\u00e9si r\u00e9szleggel.<\/em><\/em><\/p>\n\n\t<\/div>\n\n\n\n<div class=\"col-12 col-md-6 text-white py-7 border-bottom border-white\">\n\t\t\t\n\n<svg class=\"icon-brand mb-4 scroll-fade-bottom-up visibility-hidden\" viewBox=\"0 0 64 64\" xmlns=\"http:\/\/www.w3.org\/2000\/svg\"><g fill=\"none\" class=\"stroke-primary\" stroke-linecap=\"square\" stroke-miterlimit=\"10\" stroke-width=\"2\"><g class=\"stroke-primary\"><path d=\"m44 19h11l7 14v17h-8\"><\/path><path d=\"m42 50h-21\"><\/path><path d=\"m9 50h-7v-42h37v29\"><\/path><\/g><path d=\"m47 25v8l9-.001\"><\/path><circle cx=\"15\" cy=\"50\" r=\"6\"><\/circle><circle cx=\"48\" cy=\"50\" r=\"6\"><\/circle><\/g><\/svg>\n\n\n\n<h4 class=\"scroll-fade-bottom-up visibility-hidden wp-block-heading\">Sped\u00edci\u00f3<\/h4>\n\n\n\n<p class=\"scroll-fade-bottom-up visibility-hidden\">T\u00f6bb mint 60 orsz\u00e1gba sz\u00e1ll\u00edtunk. Z\u00f6kken\u0151mentes \u00fcgyint\u00e9z\u00e9s, minden dokumentum \u00e9s v\u00e1mpap\u00edr kezel\u00e9ses az \u00d6n anyanyelv\u00e9n.<\/p>\n\n\t<\/div>\n\n\n\n<div class=\"col-12 col-md-6 text-white py-7 border-bottom border-white\">\n\t\t\t\n\n<svg class=\"icon-brand mb-4 scroll-fade-bottom-up visibility-hidden\" viewBox=\"0 0 64 64\" xmlns=\"http:\/\/www.w3.org\/2000\/svg\"><g fill=\"none\" class=\"stroke-primary\" stroke-linecap=\"square\" stroke-miterlimit=\"10\" stroke-width=\"2\"><path d=\"m2 16h60\" class=\"stroke-primary\" stroke-linecap=\"butt\"><\/path><path d=\"m62 16-14-12h-32l-14 12v44h60z\" class=\"stroke-primary\"><\/path><path d=\"m40 36h-16v-20l6-12h4l6 12z\"><\/path><\/g><\/svg>\n\n\n\n<h4 class=\"scroll-fade-bottom-up visibility-hidden wp-block-heading\">Csomagk\u00fcld\u00e9s<\/h4>\n\n\n\n<p class=\"scroll-fade-bottom-up visibility-hidden\">A kisebb csomagokat kedvez\u0151 \u00e1ron k\u00fcls\u0151s csomagk\u00fcld\u0151 szolg\u00e1latokkal juttatjuk el \u00fcgyfeleinkhez. Ez a szolg\u00e1ltat\u00e1s max. 2m-es hosszig, vas\u00fati sz\u00e1ll\u00edt\u00e1s sor\u00e1n pedig max. 3 m-es hosszig vehet\u0151 ig\u00e9nybe.<\/p>\n\n\t<\/div>\n\n\n\n<div class=\"col-12 text-white mt-5 pb-7 pb-md-9\">\n\t\t\t\n\n<p class=\"scroll-fade-bottom-up visibility-hidden\"><em>A sz\u00e1ll\u00edt\u00e1si d\u00edjakn\u00e1l a sz\u00e1ll\u00edt\u00e1s m\u00f3dj\u00e1t, sz\u00e1ll\u00edt\u00e1si z\u00f3n\u00e1t, term\u00e9ket, s\u00falyt stb. figyelembe kell venni. Csapatunk azonban ezekr\u0151l a r\u00e9szletekr\u0151l is gondoskodik, hogy \u00d6nnek a lehet\u0151 legk\u00e9nyelmesebb legyen a kisz\u00e1ll\u00edt\u00e1s.<\/em><\/p>\n\n\t<\/div>\n\n<\/div>\n\n<\/div>\n\n\n\n<\/section>\n\n\n\n<section class=\"py-8 py-md-11 px-lg-9 border-left border-right border-right-lg-none bg-white\">\n\n\n<div class=\"wp-bootstrap-blocks-container container-fluid mb-0\">\n\t\n<div class=\"wp-bootstrap-blocks-row row mx-auto\">\n\t\n\n<div class=\"col-12 col-md-10\">\n\t\t\t\n\n<h2 class=\"text-secondary mb-7 scroll-fade-bottom-up visibility-hidden wp-block-heading\">M\u00e9di\u00e1k<\/h2>\n\n\t<\/div>\n\n\n\n<div class=\"col-12 col-lg-4\">\n\t\t\t\n\n<figure class=\"wp-block-embed is-type-video is-provider-youtube wp-block-embed-youtube wp-embed-aspect-16-9 wp-has-aspect-ratio\"><div class=\"wp-block-embed__wrapper\">\n<iframe loading=\"lazy\" title=\"Wickelmaschine bei Firma Blecha\" width=\"500\" height=\"281\" src=\"https:\/\/www.youtube.com\/embed\/U-TvgAFpl-I?feature=oembed\" frameborder=\"0\" allow=\"accelerometer; autoplay; clipboard-write; encrypted-media; gyroscope; picture-in-picture; web-share\" referrerpolicy=\"strict-origin-when-cross-origin\" allowfullscreen><\/iframe>\n<\/div><\/figure>\n\n\t<\/div>\n\n\n\n<div class=\"col-12 col-lg-4\">\n\t\t\t\n\n<figure class=\"wp-block-embed is-type-video is-provider-youtube wp-block-embed-youtube wp-embed-aspect-16-9 wp-has-aspect-ratio\"><div class=\"wp-block-embed__wrapper\">\n<iframe loading=\"lazy\" title=\"Blech-Kommissionier Anlage bei Firma Blecha\" width=\"500\" height=\"281\" src=\"https:\/\/www.youtube.com\/embed\/YCuRZ2LqE0E?feature=oembed\" frameborder=\"0\" allow=\"accelerometer; autoplay; clipboard-write; encrypted-media; gyroscope; picture-in-picture; web-share\" referrerpolicy=\"strict-origin-when-cross-origin\" allowfullscreen><\/iframe>\n<\/div><\/figure>\n\n\t<\/div>\n\n<\/div>\n\n<\/div>\n\n\n\n<\/section>\n","protected":false},"excerpt":{"rendered":"","protected":false},"author":2,"featured_media":5160,"parent":4584,"menu_order":0,"comment_status":"closed","ping_status":"closed","template":"page-leistungen.php","meta":{"_acf_changed":false,"footnotes":""},"class_list":["post-5158","page","type-page","status-publish","has-post-thumbnail","hentry"],"acf":[],"yoast_head":"<!-- This site is optimized with the Yoast SEO plugin v27.3 - https:\/\/yoast.com\/product\/yoast-seo-wordpress\/ -->\n<title>Csomagol\u00e1s \u00e9s sz\u00e1ll\u00edt\u00e1s | BLECHA<\/title>\n<meta name=\"description\" content=\"A BLECHA logisztikai szolg\u00e1ltat\u00e1ssal mindenr\u0151l gondoskodunk, hogy csomagja 100%-os biztons\u00e1gban \u00e9s s\u00e9rtetlen\u00fcl \u00e9rkezzen meg a kisz\u00e1ll\u00edt\u00e1si c\u00edmre.\" \/>\n<meta name=\"robots\" content=\"index, follow, max-snippet:-1, max-image-preview:large, max-video-preview:-1\" \/>\n<link rel=\"canonical\" href=\"https:\/\/www.blecha.at\/hu\/szolgaltatasok\/csomagolas-es-szallitas\/\" \/>\n<meta property=\"og:locale\" content=\"hu_HU\" \/>\n<meta property=\"og:type\" content=\"article\" \/>\n<meta property=\"og:title\" content=\"Csomagol\u00e1s \u00e9s sz\u00e1ll\u00edt\u00e1s | BLECHA\" \/>\n<meta property=\"og:description\" content=\"A BLECHA logisztikai szolg\u00e1ltat\u00e1ssal mindenr\u0151l gondoskodunk, hogy csomagja 100%-os biztons\u00e1gban \u00e9s s\u00e9rtetlen\u00fcl \u00e9rkezzen meg a kisz\u00e1ll\u00edt\u00e1si c\u00edmre.\" \/>\n<meta property=\"og:url\" content=\"https:\/\/www.blecha.at\/hu\/szolgaltatasok\/csomagolas-es-szallitas\/\" \/>\n<meta property=\"og:site_name\" content=\"BLECHA\" \/>\n<meta property=\"article:modified_time\" content=\"2021-09-30T13:46:23+00:00\" \/>\n<meta property=\"og:image\" content=\"https:\/\/www.blecha.at\/wp-content\/uploads\/2021\/03\/blecha-verpackung-und-versand-1-thumbnail.jpg\" \/>\n\t<meta property=\"og:image:width\" content=\"1600\" \/>\n\t<meta property=\"og:image:height\" content=\"1600\" \/>\n\t<meta property=\"og:image:type\" content=\"image\/jpeg\" \/>\n<meta name=\"twitter:card\" content=\"summary_large_image\" \/>\n<meta name=\"twitter:label1\" content=\"Becs\u00fclt olvas\u00e1si id\u0151\" \/>\n\t<meta name=\"twitter:data1\" content=\"3 perc\" \/>\n<script type=\"application\/ld+json\" class=\"yoast-schema-graph\">{\"@context\":\"https:\\\/\\\/schema.org\",\"@graph\":[{\"@type\":\"WebPage\",\"@id\":\"https:\\\/\\\/www.blecha.at\\\/hu\\\/szolgaltatasok\\\/csomagolas-es-szallitas\\\/\",\"url\":\"https:\\\/\\\/www.blecha.at\\\/hu\\\/szolgaltatasok\\\/csomagolas-es-szallitas\\\/\",\"name\":\"Csomagol\u00e1s \u00e9s sz\u00e1ll\u00edt\u00e1s | BLECHA\",\"isPartOf\":{\"@id\":\"https:\\\/\\\/www.blecha.at\\\/#website\"},\"primaryImageOfPage\":{\"@id\":\"https:\\\/\\\/www.blecha.at\\\/hu\\\/szolgaltatasok\\\/csomagolas-es-szallitas\\\/#primaryimage\"},\"image\":{\"@id\":\"https:\\\/\\\/www.blecha.at\\\/hu\\\/szolgaltatasok\\\/csomagolas-es-szallitas\\\/#primaryimage\"},\"thumbnailUrl\":\"https:\\\/\\\/www.blecha.at\\\/wp-content\\\/uploads\\\/2021\\\/03\\\/blecha-verpackung-und-versand-1-thumbnail.jpg\",\"datePublished\":\"2021-01-22T20:44:17+00:00\",\"dateModified\":\"2021-09-30T13:46:23+00:00\",\"description\":\"A BLECHA logisztikai szolg\u00e1ltat\u00e1ssal mindenr\u0151l gondoskodunk, hogy csomagja 100%-os biztons\u00e1gban \u00e9s s\u00e9rtetlen\u00fcl \u00e9rkezzen meg a kisz\u00e1ll\u00edt\u00e1si c\u00edmre.\",\"breadcrumb\":{\"@id\":\"https:\\\/\\\/www.blecha.at\\\/hu\\\/szolgaltatasok\\\/csomagolas-es-szallitas\\\/#breadcrumb\"},\"inLanguage\":\"hu\",\"potentialAction\":[{\"@type\":\"ReadAction\",\"target\":[\"https:\\\/\\\/www.blecha.at\\\/hu\\\/szolgaltatasok\\\/csomagolas-es-szallitas\\\/\"]}]},{\"@type\":\"ImageObject\",\"inLanguage\":\"hu\",\"@id\":\"https:\\\/\\\/www.blecha.at\\\/hu\\\/szolgaltatasok\\\/csomagolas-es-szallitas\\\/#primaryimage\",\"url\":\"https:\\\/\\\/www.blecha.at\\\/wp-content\\\/uploads\\\/2021\\\/03\\\/blecha-verpackung-und-versand-1-thumbnail.jpg\",\"contentUrl\":\"https:\\\/\\\/www.blecha.at\\\/wp-content\\\/uploads\\\/2021\\\/03\\\/blecha-verpackung-und-versand-1-thumbnail.jpg\",\"width\":1600,\"height\":1600},{\"@type\":\"BreadcrumbList\",\"@id\":\"https:\\\/\\\/www.blecha.at\\\/hu\\\/szolgaltatasok\\\/csomagolas-es-szallitas\\\/#breadcrumb\",\"itemListElement\":[{\"@type\":\"ListItem\",\"position\":1,\"name\":\"Home\",\"item\":\"https:\\\/\\\/www.blecha.at\\\/hu\\\/\"},{\"@type\":\"ListItem\",\"position\":2,\"name\":\"Szolg\u00e1ltat\u00e1sok\",\"item\":\"https:\\\/\\\/www.blecha.at\\\/hu\\\/szolgaltatasok\\\/\"},{\"@type\":\"ListItem\",\"position\":3,\"name\":\"Verpackung und Versand\"}]},{\"@type\":\"WebSite\",\"@id\":\"https:\\\/\\\/www.blecha.at\\\/#website\",\"url\":\"https:\\\/\\\/www.blecha.at\\\/\",\"name\":\"BLECHA\",\"description\":\"Eine weitere WordPress-Website\",\"potentialAction\":[{\"@type\":\"SearchAction\",\"target\":{\"@type\":\"EntryPoint\",\"urlTemplate\":\"https:\\\/\\\/www.blecha.at\\\/?s={search_term_string}\"},\"query-input\":{\"@type\":\"PropertyValueSpecification\",\"valueRequired\":true,\"valueName\":\"search_term_string\"}}],\"inLanguage\":\"hu\"}]}<\/script>\n<!-- \/ Yoast SEO plugin. -->","yoast_head_json":{"title":"Csomagol\u00e1s \u00e9s sz\u00e1ll\u00edt\u00e1s | BLECHA","description":"A BLECHA logisztikai szolg\u00e1ltat\u00e1ssal mindenr\u0151l gondoskodunk, hogy csomagja 100%-os biztons\u00e1gban \u00e9s s\u00e9rtetlen\u00fcl \u00e9rkezzen meg a kisz\u00e1ll\u00edt\u00e1si c\u00edmre.","robots":{"index":"index","follow":"follow","max-snippet":"max-snippet:-1","max-image-preview":"max-image-preview:large","max-video-preview":"max-video-preview:-1"},"canonical":"https:\/\/www.blecha.at\/hu\/szolgaltatasok\/csomagolas-es-szallitas\/","og_locale":"hu_HU","og_type":"article","og_title":"Csomagol\u00e1s \u00e9s sz\u00e1ll\u00edt\u00e1s | BLECHA","og_description":"A BLECHA logisztikai szolg\u00e1ltat\u00e1ssal mindenr\u0151l gondoskodunk, hogy csomagja 100%-os biztons\u00e1gban \u00e9s s\u00e9rtetlen\u00fcl \u00e9rkezzen meg a kisz\u00e1ll\u00edt\u00e1si c\u00edmre.","og_url":"https:\/\/www.blecha.at\/hu\/szolgaltatasok\/csomagolas-es-szallitas\/","og_site_name":"BLECHA","article_modified_time":"2021-09-30T13:46:23+00:00","og_image":[{"width":1600,"height":1600,"url":"https:\/\/www.blecha.at\/wp-content\/uploads\/2021\/03\/blecha-verpackung-und-versand-1-thumbnail.jpg","type":"image\/jpeg"}],"twitter_card":"summary_large_image","twitter_misc":{"Becs\u00fclt olvas\u00e1si id\u0151":"3 perc"},"schema":{"@context":"https:\/\/schema.org","@graph":[{"@type":"WebPage","@id":"https:\/\/www.blecha.at\/hu\/szolgaltatasok\/csomagolas-es-szallitas\/","url":"https:\/\/www.blecha.at\/hu\/szolgaltatasok\/csomagolas-es-szallitas\/","name":"Csomagol\u00e1s \u00e9s sz\u00e1ll\u00edt\u00e1s | BLECHA","isPartOf":{"@id":"https:\/\/www.blecha.at\/#website"},"primaryImageOfPage":{"@id":"https:\/\/www.blecha.at\/hu\/szolgaltatasok\/csomagolas-es-szallitas\/#primaryimage"},"image":{"@id":"https:\/\/www.blecha.at\/hu\/szolgaltatasok\/csomagolas-es-szallitas\/#primaryimage"},"thumbnailUrl":"https:\/\/www.blecha.at\/wp-content\/uploads\/2021\/03\/blecha-verpackung-und-versand-1-thumbnail.jpg","datePublished":"2021-01-22T20:44:17+00:00","dateModified":"2021-09-30T13:46:23+00:00","description":"A BLECHA logisztikai szolg\u00e1ltat\u00e1ssal mindenr\u0151l gondoskodunk, hogy csomagja 100%-os biztons\u00e1gban \u00e9s s\u00e9rtetlen\u00fcl \u00e9rkezzen meg a kisz\u00e1ll\u00edt\u00e1si c\u00edmre.","breadcrumb":{"@id":"https:\/\/www.blecha.at\/hu\/szolgaltatasok\/csomagolas-es-szallitas\/#breadcrumb"},"inLanguage":"hu","potentialAction":[{"@type":"ReadAction","target":["https:\/\/www.blecha.at\/hu\/szolgaltatasok\/csomagolas-es-szallitas\/"]}]},{"@type":"ImageObject","inLanguage":"hu","@id":"https:\/\/www.blecha.at\/hu\/szolgaltatasok\/csomagolas-es-szallitas\/#primaryimage","url":"https:\/\/www.blecha.at\/wp-content\/uploads\/2021\/03\/blecha-verpackung-und-versand-1-thumbnail.jpg","contentUrl":"https:\/\/www.blecha.at\/wp-content\/uploads\/2021\/03\/blecha-verpackung-und-versand-1-thumbnail.jpg","width":1600,"height":1600},{"@type":"BreadcrumbList","@id":"https:\/\/www.blecha.at\/hu\/szolgaltatasok\/csomagolas-es-szallitas\/#breadcrumb","itemListElement":[{"@type":"ListItem","position":1,"name":"Home","item":"https:\/\/www.blecha.at\/hu\/"},{"@type":"ListItem","position":2,"name":"Szolg\u00e1ltat\u00e1sok","item":"https:\/\/www.blecha.at\/hu\/szolgaltatasok\/"},{"@type":"ListItem","position":3,"name":"Verpackung und Versand"}]},{"@type":"WebSite","@id":"https:\/\/www.blecha.at\/#website","url":"https:\/\/www.blecha.at\/","name":"BLECHA","description":"Eine weitere WordPress-Website","potentialAction":[{"@type":"SearchAction","target":{"@type":"EntryPoint","urlTemplate":"https:\/\/www.blecha.at\/?s={search_term_string}"},"query-input":{"@type":"PropertyValueSpecification","valueRequired":true,"valueName":"search_term_string"}}],"inLanguage":"hu"}]}},"_links":{"self":[{"href":"https:\/\/www.blecha.at\/hu\/wp-json\/wp\/v2\/pages\/5158","targetHints":{"allow":["GET"]}}],"collection":[{"href":"https:\/\/www.blecha.at\/hu\/wp-json\/wp\/v2\/pages"}],"about":[{"href":"https:\/\/www.blecha.at\/hu\/wp-json\/wp\/v2\/types\/page"}],"author":[{"embeddable":true,"href":"https:\/\/www.blecha.at\/hu\/wp-json\/wp\/v2\/users\/2"}],"replies":[{"embeddable":true,"href":"https:\/\/www.blecha.at\/hu\/wp-json\/wp\/v2\/comments?post=5158"}],"version-history":[{"count":3,"href":"https:\/\/www.blecha.at\/hu\/wp-json\/wp\/v2\/pages\/5158\/revisions"}],"predecessor-version":[{"id":15095,"href":"https:\/\/www.blecha.at\/hu\/wp-json\/wp\/v2\/pages\/5158\/revisions\/15095"}],"up":[{"embeddable":true,"href":"https:\/\/www.blecha.at\/hu\/wp-json\/wp\/v2\/pages\/4584"}],"wp:featuredmedia":[{"embeddable":true,"href":"https:\/\/www.blecha.at\/hu\/wp-json\/wp\/v2\/media\/5160"}],"wp:attachment":[{"href":"https:\/\/www.blecha.at\/hu\/wp-json\/wp\/v2\/media?parent=5158"}],"curies":[{"name":"wp","href":"https:\/\/api.w.org\/{rel}","templated":true}]}}