{"id":5829,"date":"2021-01-22T23:04:52","date_gmt":"2021-01-22T22:04:52","guid":{"rendered":"https:\/\/www.blecha.at\/termekek\/spezialprofile\/"},"modified":"2024-02-14T16:12:34","modified_gmt":"2024-02-14T15:12:34","slug":"specialis-profilok","status":"publish","type":"page","link":"https:\/\/www.blecha.at\/hu\/termekek\/specialis-profilok\/","title":{"rendered":"Speci\u00e1lis profilok"},"content":{"rendered":"\n<section id=\"sectionTwo\" class=\"mt-lg-n11 py-8 py-md-11 px-lg-9 border-left border-right border-right-lg-none bg-white\">\n\n\n<div class=\"wp-bootstrap-blocks-container container-fluid mb-0\">\n\t\n<div class=\"wp-bootstrap-blocks-row row mx-auto\">\n\t\n\n<div class=\"col-12 col-md-10\">\n\t\t\t\n\n<h2 class=\"text-secondary scroll-fade-bottom-up visibility-hidden wp-block-heading\" id=\"specialis-profilok-attekintese\">Speci\u00e1lis profilok \u00e1ttekint\u00e9se<\/h2>\n\n\n\n<p class=\"mb-7 mb-md-9 scroll-fade-bottom-up visibility-hidden\">Egyes projektek egyedi form\u00e1kat ig\u00e9nyelnek, \u00edgy emelve a feladat neh\u00e9zs\u00e9g\u00e9nek a &nbsp;m\u00e9rc\u00e9j\u00e9t. <br>Erre a legegyszer\u0171bb megold\u00e1s, ha \u00e1tn\u00e9zi az \u00e1ltalunk k\u00edn\u00e1lt alum\u00ednium profilok list\u00e1j\u00e1t.<\/p>\n\n\t<\/div>\n\n<\/div>\n\n\n<div class=\"wp-bootstrap-blocks-row row\">\n\t\n\n<div class=\"col-12\">\n\t\t\t\n<div class=\"row mx-auto\"><div class=\"col-12 col-md-6 col-lg-4 mb-7 scroll-fade-bottom-up visibility-hidden\">\n                <a href=\"https:\/\/www.blecha.at\/hu\/termekek\/specialis-profilok\/szinpad-satorepites\/\">\n                    <div class=\"card position-relative\">\n                        <div class=\"card-zoom\"><img loading=\"lazy\" decoding=\"async\" width=\"1024\" height=\"1024\" src=\"https:\/\/www.blecha.at\/wp-content\/uploads\/2021\/03\/blecha-spezialprofile-2-thumbnail-1024x1024.jpg\" class=\"card-img d-block w-100 h-auto\" alt=\"\" srcset=\"https:\/\/www.blecha.at\/wp-content\/uploads\/2021\/03\/blecha-spezialprofile-2-thumbnail-1024x1024.jpg 1024w, https:\/\/www.blecha.at\/wp-content\/uploads\/2021\/03\/blecha-spezialprofile-2-thumbnail-300x300.jpg 300w, https:\/\/www.blecha.at\/wp-content\/uploads\/2021\/03\/blecha-spezialprofile-2-thumbnail-150x150.jpg 150w, https:\/\/www.blecha.at\/wp-content\/uploads\/2021\/03\/blecha-spezialprofile-2-thumbnail-768x768.jpg 768w, https:\/\/www.blecha.at\/wp-content\/uploads\/2021\/03\/blecha-spezialprofile-2-thumbnail-1536x1536.jpg 1536w, https:\/\/www.blecha.at\/wp-content\/uploads\/2021\/03\/blecha-spezialprofile-2-thumbnail.jpg 1600w\" sizes=\"auto, (max-width: 1024px) 100vw, 1024px\" \/><\/div>\n\n                        <div class=\"card-img-overlay card-img-overlay-hover-hide card-img-overlay-black\">\n                            <div class=\"card-body\">\n\n                                <!-- Heading -->\n                                <h4 class=\"font-weight-bold text-white mb-0\">Sz\u00ednpad,-\u00e9s s\u00e1tor\u00e9p\u00edt\u00e9s<\/h4>\n\n                                <!-- Description -->\n                                \n                            <\/div>\n                        <\/div>\n                    <\/div>\n                <\/a>\n            <\/div><div class=\"col-12 col-md-6 col-lg-4 mb-7 scroll-fade-bottom-up visibility-hidden\">\n                <a href=\"https:\/\/www.blecha.at\/hu\/termekek\/specialis-profilok\/gepjarmugyartas\/\">\n                    <div class=\"card position-relative\">\n                        <div class=\"card-zoom\"><img loading=\"lazy\" decoding=\"async\" width=\"1024\" height=\"1024\" src=\"https:\/\/www.blecha.at\/wp-content\/uploads\/2021\/03\/blecha-spezialprofile-3-thumbnail-1024x1024.jpg\" class=\"card-img d-block w-100 h-auto\" alt=\"\" srcset=\"https:\/\/www.blecha.at\/wp-content\/uploads\/2021\/03\/blecha-spezialprofile-3-thumbnail-1024x1024.jpg 1024w, https:\/\/www.blecha.at\/wp-content\/uploads\/2021\/03\/blecha-spezialprofile-3-thumbnail-300x300.jpg 300w, https:\/\/www.blecha.at\/wp-content\/uploads\/2021\/03\/blecha-spezialprofile-3-thumbnail-150x150.jpg 150w, https:\/\/www.blecha.at\/wp-content\/uploads\/2021\/03\/blecha-spezialprofile-3-thumbnail-768x768.jpg 768w, https:\/\/www.blecha.at\/wp-content\/uploads\/2021\/03\/blecha-spezialprofile-3-thumbnail-1536x1536.jpg 1536w, https:\/\/www.blecha.at\/wp-content\/uploads\/2021\/03\/blecha-spezialprofile-3-thumbnail.jpg 1600w\" sizes=\"auto, (max-width: 1024px) 100vw, 1024px\" \/><\/div>\n\n                        <div class=\"card-img-overlay card-img-overlay-hover-hide card-img-overlay-black\">\n                            <div class=\"card-body\">\n\n                                <!-- Heading -->\n                                <h4 class=\"font-weight-bold text-white mb-0\">Aut\u00f3gy\u00e1rt\u00e1s<\/h4>\n\n                                <!-- Description -->\n                                \n                            <\/div>\n                        <\/div>\n                    <\/div>\n                <\/a>\n            <\/div><div class=\"col-12 col-md-6 col-lg-4 mb-7 scroll-fade-bottom-up visibility-hidden\">\n                <a href=\"https:\/\/www.blecha.at\/hu\/termekek\/specialis-profilok\/homlokzat-epites\/\">\n                    <div class=\"card position-relative\">\n                        <div class=\"card-zoom\"><img loading=\"lazy\" decoding=\"async\" width=\"1024\" height=\"1024\" src=\"https:\/\/www.blecha.at\/wp-content\/uploads\/2021\/03\/blecha-spezialprofile-4-thumbnail-1024x1024.jpg\" class=\"card-img d-block w-100 h-auto\" alt=\"\" srcset=\"https:\/\/www.blecha.at\/wp-content\/uploads\/2021\/03\/blecha-spezialprofile-4-thumbnail-1024x1024.jpg 1024w, https:\/\/www.blecha.at\/wp-content\/uploads\/2021\/03\/blecha-spezialprofile-4-thumbnail-300x300.jpg 300w, https:\/\/www.blecha.at\/wp-content\/uploads\/2021\/03\/blecha-spezialprofile-4-thumbnail-150x150.jpg 150w, https:\/\/www.blecha.at\/wp-content\/uploads\/2021\/03\/blecha-spezialprofile-4-thumbnail-768x768.jpg 768w, https:\/\/www.blecha.at\/wp-content\/uploads\/2021\/03\/blecha-spezialprofile-4-thumbnail-1536x1536.jpg 1536w, https:\/\/www.blecha.at\/wp-content\/uploads\/2021\/03\/blecha-spezialprofile-4-thumbnail.jpg 1600w\" sizes=\"auto, (max-width: 1024px) 100vw, 1024px\" \/><\/div>\n\n                        <div class=\"card-img-overlay card-img-overlay-hover-hide card-img-overlay-black\">\n                            <div class=\"card-body\">\n\n                                <!-- Heading -->\n                                <h4 class=\"font-weight-bold text-white mb-0\">Homlokzat \u00e9p\u00edt\u00e9s<\/h4>\n\n                                <!-- Description -->\n                                \n                            <\/div>\n                        <\/div>\n                    <\/div>\n                <\/a>\n            <\/div><div class=\"col-12 col-md-6 col-lg-4 mb-7 scroll-fade-bottom-up visibility-hidden\">\n                <a href=\"https:\/\/www.blecha.at\/hu\/termekek\/specialis-profilok\/uveg\/\">\n                    <div class=\"card position-relative\">\n                        <div class=\"card-zoom\"><img loading=\"lazy\" decoding=\"async\" width=\"1024\" height=\"1024\" src=\"https:\/\/www.blecha.at\/wp-content\/uploads\/2021\/03\/blecha-spezialprofile-5-thumbnail-1024x1024.jpg\" class=\"card-img d-block w-100 h-auto\" alt=\"\" srcset=\"https:\/\/www.blecha.at\/wp-content\/uploads\/2021\/03\/blecha-spezialprofile-5-thumbnail-1024x1024.jpg 1024w, https:\/\/www.blecha.at\/wp-content\/uploads\/2021\/03\/blecha-spezialprofile-5-thumbnail-300x300.jpg 300w, https:\/\/www.blecha.at\/wp-content\/uploads\/2021\/03\/blecha-spezialprofile-5-thumbnail-150x150.jpg 150w, https:\/\/www.blecha.at\/wp-content\/uploads\/2021\/03\/blecha-spezialprofile-5-thumbnail-768x768.jpg 768w, https:\/\/www.blecha.at\/wp-content\/uploads\/2021\/03\/blecha-spezialprofile-5-thumbnail-1536x1536.jpg 1536w, https:\/\/www.blecha.at\/wp-content\/uploads\/2021\/03\/blecha-spezialprofile-5-thumbnail.jpg 1600w\" sizes=\"auto, (max-width: 1024px) 100vw, 1024px\" \/><\/div>\n\n                        <div class=\"card-img-overlay card-img-overlay-hover-hide card-img-overlay-black\">\n                            <div class=\"card-body\">\n\n                                <!-- Heading -->\n                                <h4 class=\"font-weight-bold text-white mb-0\">\u00dcveg<\/h4>\n\n                                <!-- Description -->\n                                \n                            <\/div>\n                        <\/div>\n                    <\/div>\n                <\/a>\n            <\/div><div class=\"col-12 col-md-6 col-lg-4 mb-7 scroll-fade-bottom-up visibility-hidden\">\n                <a href=\"https:\/\/www.blecha.at\/hu\/termekek\/specialis-profilok\/elelmiszeripar\/\">\n                    <div class=\"card position-relative\">\n                        <div class=\"card-zoom\"><img loading=\"lazy\" decoding=\"async\" width=\"1024\" height=\"1024\" src=\"https:\/\/www.blecha.at\/wp-content\/uploads\/2021\/03\/blecha-spezialprofile-6-thumbnail-1024x1024.jpg\" class=\"card-img d-block w-100 h-auto\" alt=\"\" srcset=\"https:\/\/www.blecha.at\/wp-content\/uploads\/2021\/03\/blecha-spezialprofile-6-thumbnail-1024x1024.jpg 1024w, https:\/\/www.blecha.at\/wp-content\/uploads\/2021\/03\/blecha-spezialprofile-6-thumbnail-300x300.jpg 300w, https:\/\/www.blecha.at\/wp-content\/uploads\/2021\/03\/blecha-spezialprofile-6-thumbnail-150x150.jpg 150w, https:\/\/www.blecha.at\/wp-content\/uploads\/2021\/03\/blecha-spezialprofile-6-thumbnail-768x768.jpg 768w, https:\/\/www.blecha.at\/wp-content\/uploads\/2021\/03\/blecha-spezialprofile-6-thumbnail-1536x1536.jpg 1536w, https:\/\/www.blecha.at\/wp-content\/uploads\/2021\/03\/blecha-spezialprofile-6-thumbnail.jpg 1600w\" sizes=\"auto, (max-width: 1024px) 100vw, 1024px\" \/><\/div>\n\n                        <div class=\"card-img-overlay card-img-overlay-hover-hide card-img-overlay-black\">\n                            <div class=\"card-body\">\n\n                                <!-- Heading -->\n                                <h4 class=\"font-weight-bold text-white mb-0\">\u00c9lelmiszeripar<\/h4>\n\n                                <!-- Description -->\n                                \n                            <\/div>\n                        <\/div>\n                    <\/div>\n                <\/a>\n            <\/div><div class=\"col-12 col-md-6 col-lg-4 mb-7 scroll-fade-bottom-up visibility-hidden\">\n                <a href=\"https:\/\/www.blecha.at\/hu\/termekek\/specialis-profilok\/femmegmukalas\/\">\n                    <div class=\"card position-relative\">\n                        <div class=\"card-zoom\"><img loading=\"lazy\" decoding=\"async\" width=\"1024\" height=\"1024\" src=\"https:\/\/www.blecha.at\/wp-content\/uploads\/2021\/03\/blecha-spezialprofile-7-thumbnail-1024x1024.jpg\" class=\"card-img d-block w-100 h-auto\" alt=\"\" srcset=\"https:\/\/www.blecha.at\/wp-content\/uploads\/2021\/03\/blecha-spezialprofile-7-thumbnail-1024x1024.jpg 1024w, https:\/\/www.blecha.at\/wp-content\/uploads\/2021\/03\/blecha-spezialprofile-7-thumbnail-300x300.jpg 300w, https:\/\/www.blecha.at\/wp-content\/uploads\/2021\/03\/blecha-spezialprofile-7-thumbnail-150x150.jpg 150w, https:\/\/www.blecha.at\/wp-content\/uploads\/2021\/03\/blecha-spezialprofile-7-thumbnail-768x768.jpg 768w, https:\/\/www.blecha.at\/wp-content\/uploads\/2021\/03\/blecha-spezialprofile-7-thumbnail-1536x1536.jpg 1536w, https:\/\/www.blecha.at\/wp-content\/uploads\/2021\/03\/blecha-spezialprofile-7-thumbnail.jpg 1600w\" sizes=\"auto, (max-width: 1024px) 100vw, 1024px\" \/><\/div>\n\n                        <div class=\"card-img-overlay card-img-overlay-hover-hide card-img-overlay-black\">\n                            <div class=\"card-body\">\n\n                                <!-- Heading -->\n                                <h4 class=\"font-weight-bold text-white mb-0\">F\u00e9mmegmunk\u00e1l\u00e1s<\/h4>\n\n                                <!-- Description -->\n                                \n                            <\/div>\n                        <\/div>\n                    <\/div>\n                <\/a>\n            <\/div><div class=\"col-12 col-md-6 col-lg-4 mb-7 scroll-fade-bottom-up visibility-hidden\">\n                <a href=\"https:\/\/www.blecha.at\/hu\/termekek\/specialis-profilok\/napkollektor\/\">\n                    <div class=\"card position-relative\">\n                        <div class=\"card-zoom\"><img loading=\"lazy\" decoding=\"async\" width=\"1024\" height=\"1024\" src=\"https:\/\/www.blecha.at\/wp-content\/uploads\/2021\/03\/blecha-spezialprofile-8-thumbnail-1024x1024.jpg\" class=\"card-img d-block w-100 h-auto\" alt=\"\" srcset=\"https:\/\/www.blecha.at\/wp-content\/uploads\/2021\/03\/blecha-spezialprofile-8-thumbnail-1024x1024.jpg 1024w, https:\/\/www.blecha.at\/wp-content\/uploads\/2021\/03\/blecha-spezialprofile-8-thumbnail-300x300.jpg 300w, https:\/\/www.blecha.at\/wp-content\/uploads\/2021\/03\/blecha-spezialprofile-8-thumbnail-150x150.jpg 150w, https:\/\/www.blecha.at\/wp-content\/uploads\/2021\/03\/blecha-spezialprofile-8-thumbnail-768x768.jpg 768w, https:\/\/www.blecha.at\/wp-content\/uploads\/2021\/03\/blecha-spezialprofile-8-thumbnail-1536x1536.jpg 1536w, https:\/\/www.blecha.at\/wp-content\/uploads\/2021\/03\/blecha-spezialprofile-8-thumbnail.jpg 1600w\" sizes=\"auto, (max-width: 1024px) 100vw, 1024px\" \/><\/div>\n\n                        <div class=\"card-img-overlay card-img-overlay-hover-hide card-img-overlay-black\">\n                            <div class=\"card-body\">\n\n                                <!-- Heading -->\n                                <h4 class=\"font-weight-bold text-white mb-0\">Napkollektor<\/h4>\n\n                                <!-- Description -->\n                                \n                            <\/div>\n                        <\/div>\n                    <\/div>\n                <\/a>\n            <\/div><div class=\"col-12 col-md-6 col-lg-4 mb-7 scroll-fade-bottom-up visibility-hidden\">\n                <a href=\"https:\/\/www.blecha.at\/hu\/termekek\/specialis-profilok\/arnyekolo-szunyoghalo\/\">\n                    <div class=\"card position-relative\">\n                        <div class=\"card-zoom\"><img loading=\"lazy\" decoding=\"async\" width=\"1024\" height=\"1024\" src=\"https:\/\/www.blecha.at\/wp-content\/uploads\/2021\/03\/blecha-spezialprofile-9-thumbnail-1024x1024.jpg\" class=\"card-img d-block w-100 h-auto\" alt=\"\" srcset=\"https:\/\/www.blecha.at\/wp-content\/uploads\/2021\/03\/blecha-spezialprofile-9-thumbnail-1024x1024.jpg 1024w, https:\/\/www.blecha.at\/wp-content\/uploads\/2021\/03\/blecha-spezialprofile-9-thumbnail-300x300.jpg 300w, https:\/\/www.blecha.at\/wp-content\/uploads\/2021\/03\/blecha-spezialprofile-9-thumbnail-150x150.jpg 150w, https:\/\/www.blecha.at\/wp-content\/uploads\/2021\/03\/blecha-spezialprofile-9-thumbnail-768x768.jpg 768w, https:\/\/www.blecha.at\/wp-content\/uploads\/2021\/03\/blecha-spezialprofile-9-thumbnail-1536x1536.jpg 1536w, https:\/\/www.blecha.at\/wp-content\/uploads\/2021\/03\/blecha-spezialprofile-9-thumbnail.jpg 1600w\" sizes=\"auto, (max-width: 1024px) 100vw, 1024px\" \/><\/div>\n\n                        <div class=\"card-img-overlay card-img-overlay-hover-hide card-img-overlay-black\">\n                            <div class=\"card-body\">\n\n                                <!-- Heading -->\n                                <h4 class=\"font-weight-bold text-white mb-0\">\u00c1rny\u00e9kol\u00f3, sz\u00fanyogh\u00e1l\u00f3<\/h4>\n\n                                <!-- Description -->\n                                \n                            <\/div>\n                        <\/div>\n                    <\/div>\n                <\/a>\n            <\/div><div class=\"col-12 col-md-6 col-lg-4 mb-7 scroll-fade-bottom-up visibility-hidden\">\n                <a href=\"https:\/\/www.blecha.at\/hu\/termekek\/specialis-profilok\/terasz-epites\/\">\n                    <div class=\"card position-relative\">\n                        <div class=\"card-zoom\"><img loading=\"lazy\" decoding=\"async\" width=\"1024\" height=\"1024\" src=\"https:\/\/www.blecha.at\/wp-content\/uploads\/2021\/03\/blecha-spezialprofile-10-thumbnail-1024x1024.jpg\" class=\"card-img d-block w-100 h-auto\" alt=\"\" srcset=\"https:\/\/www.blecha.at\/wp-content\/uploads\/2021\/03\/blecha-spezialprofile-10-thumbnail-1024x1024.jpg 1024w, https:\/\/www.blecha.at\/wp-content\/uploads\/2021\/03\/blecha-spezialprofile-10-thumbnail-300x300.jpg 300w, https:\/\/www.blecha.at\/wp-content\/uploads\/2021\/03\/blecha-spezialprofile-10-thumbnail-150x150.jpg 150w, https:\/\/www.blecha.at\/wp-content\/uploads\/2021\/03\/blecha-spezialprofile-10-thumbnail-768x768.jpg 768w, https:\/\/www.blecha.at\/wp-content\/uploads\/2021\/03\/blecha-spezialprofile-10-thumbnail-1536x1536.jpg 1536w, https:\/\/www.blecha.at\/wp-content\/uploads\/2021\/03\/blecha-spezialprofile-10-thumbnail.jpg 1600w\" sizes=\"auto, (max-width: 1024px) 100vw, 1024px\" \/><\/div>\n\n                        <div class=\"card-img-overlay card-img-overlay-hover-hide card-img-overlay-black\">\n                            <div class=\"card-body\">\n\n                                <!-- Heading -->\n                                <h4 class=\"font-weight-bold text-white mb-0\">Terasz \u00e9p\u00edt\u00e9s<\/h4>\n\n                                <!-- Description -->\n                                \n                            <\/div>\n                        <\/div>\n                    <\/div>\n                <\/a>\n            <\/div><div class=\"col-12 col-md-6 col-lg-4 scroll-fade-bottom-up visibility-hidden\">\n                <a href=\"https:\/\/www.blecha.at\/hu\/termekek\/specialis-profilok\/asztalos-butorgyartas\/\">\n                    <div class=\"card position-relative\">\n                        <div class=\"card-zoom\"><img loading=\"lazy\" decoding=\"async\" width=\"1024\" height=\"1024\" src=\"https:\/\/www.blecha.at\/wp-content\/uploads\/2021\/03\/blecha-spezialprofile-11-thumbnail-1024x1024.jpg\" class=\"card-img d-block w-100 h-auto\" alt=\"\" srcset=\"https:\/\/www.blecha.at\/wp-content\/uploads\/2021\/03\/blecha-spezialprofile-11-thumbnail-1024x1024.jpg 1024w, https:\/\/www.blecha.at\/wp-content\/uploads\/2021\/03\/blecha-spezialprofile-11-thumbnail-300x300.jpg 300w, https:\/\/www.blecha.at\/wp-content\/uploads\/2021\/03\/blecha-spezialprofile-11-thumbnail-150x150.jpg 150w, https:\/\/www.blecha.at\/wp-content\/uploads\/2021\/03\/blecha-spezialprofile-11-thumbnail-768x768.jpg 768w, https:\/\/www.blecha.at\/wp-content\/uploads\/2021\/03\/blecha-spezialprofile-11-thumbnail-1536x1536.jpg 1536w, https:\/\/www.blecha.at\/wp-content\/uploads\/2021\/03\/blecha-spezialprofile-11-thumbnail.jpg 1600w\" sizes=\"auto, (max-width: 1024px) 100vw, 1024px\" \/><\/div>\n\n                        <div class=\"card-img-overlay card-img-overlay-hover-hide card-img-overlay-black\">\n                            <div class=\"card-body\">\n\n                                <!-- Heading -->\n                                <h4 class=\"font-weight-bold text-white mb-0\">Asztalos, b\u00fatorgy\u00e1rt\u00e1s<\/h4>\n\n                                <!-- Description -->\n                                \n                            <\/div>\n                        <\/div>\n                    <\/div>\n                <\/a>\n            <\/div><div class=\"col-12 col-md-6 col-lg-4 scroll-fade-bottom-up visibility-hidden\">\n                <a href=\"https:\/\/www.blecha.at\/hu\/termekek\/specialis-profilok\/ketrecepites\/\">\n                    <div class=\"card position-relative\">\n                        <div class=\"card-zoom\"><img loading=\"lazy\" decoding=\"async\" width=\"1024\" height=\"1024\" src=\"https:\/\/www.blecha.at\/wp-content\/uploads\/2021\/03\/blecha-spezialprofile-12-thumbnail-1024x1024.jpg\" class=\"card-img d-block w-100 h-auto\" alt=\"\" srcset=\"https:\/\/www.blecha.at\/wp-content\/uploads\/2021\/03\/blecha-spezialprofile-12-thumbnail-1024x1024.jpg 1024w, https:\/\/www.blecha.at\/wp-content\/uploads\/2021\/03\/blecha-spezialprofile-12-thumbnail-300x300.jpg 300w, https:\/\/www.blecha.at\/wp-content\/uploads\/2021\/03\/blecha-spezialprofile-12-thumbnail-150x150.jpg 150w, https:\/\/www.blecha.at\/wp-content\/uploads\/2021\/03\/blecha-spezialprofile-12-thumbnail-768x768.jpg 768w, https:\/\/www.blecha.at\/wp-content\/uploads\/2021\/03\/blecha-spezialprofile-12-thumbnail-1536x1536.jpg 1536w, https:\/\/www.blecha.at\/wp-content\/uploads\/2021\/03\/blecha-spezialprofile-12-thumbnail.jpg 1600w\" sizes=\"auto, (max-width: 1024px) 100vw, 1024px\" \/><\/div>\n\n                        <div class=\"card-img-overlay card-img-overlay-hover-hide card-img-overlay-black\">\n                            <div class=\"card-body\">\n\n                                <!-- Heading -->\n                                <h4 class=\"font-weight-bold text-white mb-0\">Ketrec\u00e9p\u00edt\u00e9s<\/h4>\n\n                                <!-- Description -->\n                                \n                            <\/div>\n                        <\/div>\n                    <\/div>\n                <\/a>\n            <\/div><div class=\"col-12 col-md-6 col-lg-4 scroll-fade-bottom-up visibility-hidden\">\n                <a href=\"https:\/\/www.blecha.at\/hu\/termekek\/specialis-profilok\/reklamtechnika\/\">\n                    <div class=\"card position-relative\">\n                        <div class=\"card-zoom\"><img loading=\"lazy\" decoding=\"async\" width=\"1024\" height=\"1024\" src=\"https:\/\/www.blecha.at\/wp-content\/uploads\/2021\/03\/blecha-spezialprofile-13-thumbnail-1024x1024.jpg\" class=\"card-img d-block w-100 h-auto\" alt=\"\" srcset=\"https:\/\/www.blecha.at\/wp-content\/uploads\/2021\/03\/blecha-spezialprofile-13-thumbnail-1024x1024.jpg 1024w, https:\/\/www.blecha.at\/wp-content\/uploads\/2021\/03\/blecha-spezialprofile-13-thumbnail-300x300.jpg 300w, https:\/\/www.blecha.at\/wp-content\/uploads\/2021\/03\/blecha-spezialprofile-13-thumbnail-150x150.jpg 150w, https:\/\/www.blecha.at\/wp-content\/uploads\/2021\/03\/blecha-spezialprofile-13-thumbnail-768x768.jpg 768w, https:\/\/www.blecha.at\/wp-content\/uploads\/2021\/03\/blecha-spezialprofile-13-thumbnail-1536x1536.jpg 1536w, https:\/\/www.blecha.at\/wp-content\/uploads\/2021\/03\/blecha-spezialprofile-13-thumbnail.jpg 1600w\" sizes=\"auto, (max-width: 1024px) 100vw, 1024px\" \/><\/div>\n\n                        <div class=\"card-img-overlay card-img-overlay-hover-hide card-img-overlay-black\">\n                            <div class=\"card-body\">\n\n                                <!-- Heading -->\n                                <h4 class=\"font-weight-bold text-white mb-0\">Rekl\u00e1mtechnika<\/h4>\n\n                                <!-- Description -->\n                                \n                            <\/div>\n                        <\/div>\n                    <\/div>\n                <\/a>\n            <\/div><\/div>\n\n\t<\/div>\n\n<\/div>\n\n<\/div>\n\n\n\n<\/section>\n\n\n\n<section class=\"py-8 py-md-11 px-lg-9 border-left border-right border-right-lg-none bg-primary\">\n\n\n<div class=\"wp-bootstrap-blocks-container container-fluid mb-0\">\n\t\n<div class=\"wp-bootstrap-blocks-row row mx-auto\">\n\t\n\n<div class=\"col-12 col-md-10\">\n\t\t\t\n\n<h2 class=\"text-secondary scroll-fade-bottom-up visibility-hidden wp-block-heading\" id=\"specialis-profilok-meretre\">Speci\u00e1lis profilok m\u00e9retre<\/h2>\n\n\n\n<p class=\"mb-7 mb-md-9 scroll-fade-bottom-up visibility-hidden\">K\u00e9sz\u00edtesse el vel\u00fcnk speci\u00e1lis profilj\u00e1t. Ehhez elegend\u0151 ha elk\u00fcldi nek\u00fcnk a profil bem\u00e9retezett rajz\u00e1t \u00e9s megadja a felhaszn\u00e1l\u00e1si ter\u00fcletet. Minden m\u00e1sr\u00f3l mi gondoskodunk \u00d6n helyett, hogy ezzel is id\u0151t takar\u00edtsunk meg \u00d6nnek. <br>A megl\u00e9v\u0151 2800 rakt\u00e1ri term\u00e9k\u00fcnk is szolg\u00e1lhatnak kiindul\u00f3pontk\u00e9nt, amit az \u00d6n elk\u00e9pzel\u00e9s\u00e9vel kombin\u00e1lva fel tudunk haszn\u00e1lni az \u00d6n \u00e1ltal keresett profil megval\u00f3s\u00edt\u00e1s\u00e1\u00e1hoz.<\/p>\n\n\t<\/div>\n\n<\/div>\n\n\n<div class=\"wp-bootstrap-blocks-row row mx-auto\">\n\t\n\n<div class=\"col-12 col-lg-4 text-left mb-6 scroll-fade-bottom-up visibility-hidden\">\n\t\t\t\n\n<svg class=\"icon-brand mb-4\" viewBox=\"0 0 64 64\" xmlns=\"http:\/\/www.w3.org\/2000\/svg\"><g fill=\"none\" class=\"stroke-secondary\" stroke-linecap=\"square\" stroke-miterlimit=\"10\" stroke-width=\"2\"><path d=\"m62 2h-34v28l10-8h24z\"><\/path><g class=\"stroke-secondary\"><circle cx=\"50\" cy=\"36\" r=\"6\"><\/circle><circle cx=\"14\" cy=\"36\" r=\"6\"><\/circle><path d=\"m26 60v-5.965c0-1.42-.745-2.726-1.967-3.449-1.945-1.151-5.317-2.586-10.033-2.586-4.777 0-8.127 1.426-10.052 2.575-1.212.724-1.948 2.026-1.948 3.438v5.987z\"><\/path><path d=\"m62 60v-5.965c0-1.42-.745-2.726-1.967-3.449-1.945-1.151-5.317-2.586-10.033-2.586-4.777 0-8.127 1.426-10.052 2.575-1.212.724-1.948 2.026-1.948 3.438v5.987z\"><\/path><\/g><\/g><\/svg>\n\n\n\n<h5 class=\"wp-block-heading\" id=\"tanacsadas\">Tan\u00e1csad\u00e1s<\/h5>\n\n\n\n<p>Besz\u00e9ljen szakk\u00e9pzett \u00e9rt\u00e9kes\u00edt\u0151 koll\u00e1g\u00e1inkkal \u00e9s mes\u00e9lje el nek\u00fcnk a projekt elk\u00e9pzel\u00e9s\u00e9t.<\/p>\n\n\t<\/div>\n\n\n\n<div class=\"col-12 col-lg-4 text-left mb-6 scroll-fade-bottom-up visibility-hidden\">\n\t\t\t\n\n<svg class=\"icon-brand mb-4\" viewBox=\"0 0 64 64\" xmlns=\"http:\/\/www.w3.org\/2000\/svg\"><g fill=\"none\" class=\"stroke-secondary\" stroke-linecap=\"square\" stroke-miterlimit=\"10\" stroke-width=\"2\"><path d=\"m45 57 12-12\" stroke-linecap=\"butt\"><\/path><path d=\"m22 10-12 12\" stroke-linecap=\"butt\"><\/path><path d=\"m19 31-16-16 12-12 16 16\"><\/path><path d=\"m45 33 12 12 2 14-14-2-12-12\"><\/path><g class=\"stroke-secondary\"><path d=\"m.887 22.101h62.225v19.799h-62.225z\" transform=\"matrix(.7071 -.7071 .7071 .7071 -13.2548 32)\"><\/path><path d=\"m25 25 6 6\"><\/path><path d=\"m19 31 4 4\"><\/path><path d=\"m37 13 6 6\"><\/path><path d=\"m31 19 4 4\"><\/path><path d=\"m13 37 6 6\"><\/path><\/g><\/g><\/svg>\n\n\n\n<h5 class=\"wp-block-heading\" id=\"fejlesztes\">Fejleszt\u00e9s<\/h5>\n\n\n\n<p>Lehet\u0151v\u00e9 tessz\u00fck. K\u00fcldje el nek\u00fcnk a k\u00edv\u00e1nt profil v\u00e1zlat\u00e1t vagy a rajz\u00e1t mi megval\u00f3s\u00edtjuk azt.<\/p>\n\n\t<\/div>\n\n\n\n<div class=\"col-12 col-lg-4 text-left mb-6 scroll-fade-bottom-up visibility-hidden\">\n\t\t\t\n\n<svg class=\"icon-brand mb-4\" viewBox=\"0 0 64 64\" xmlns=\"http:\/\/www.w3.org\/2000\/svg\"><g fill=\"none\" class=\"stroke-secondary\" stroke-linecap=\"square\" stroke-miterlimit=\"10\" stroke-width=\"2\"><g stroke-linecap=\"butt\"><path d=\"m32 2v8\"><\/path><path d=\"m2 52 8-4\"><\/path><path d=\"m62 52-8-4\"><\/path><path d=\"m10 20 22 10 22-10\" class=\"stroke-secondary\"><\/path><path d=\"m32 30v28\" class=\"stroke-secondary\"><\/path><\/g><path d=\"m54 20-22-10-22 10v28l22 10 22-10z\" class=\"stroke-secondary\"><\/path><\/g><\/svg>\n\n\n\n<h5 class=\"wp-block-heading\" id=\"3d-prototipus\">3D-protot\u00edpus<\/h5>\n\n\n\n<p>\u00d6r\u00f6mmel k\u00e9szi\u00edt\u00fcnk \u00d6nnek egy m\u00e9reth\u0171, m\u0171anyag 3D nyomtat\u00e1s\u00fa protot\u00edpust.<\/p>\n\n\t<\/div>\n\n\n\n<div class=\"col-12 col-lg-4 mb-6 mb-lg-0 scroll-fade-bottom-up visibility-hidden\">\n\t\t\t\n\n<svg class=\"icon-brand mb-4\" viewBox=\"0 0 64 64\" xmlns=\"http:\/\/www.w3.org\/2000\/svg\"><g fill=\"none\" class=\"stroke-secondary\" stroke-linecap=\"square\" stroke-miterlimit=\"10\" stroke-width=\"2\"><circle cx=\"32\" cy=\"32\" r=\"9\"><\/circle><path d=\"m53.091 32a21.166 21.166 0 0 0 -.5-4.516l7.155-5.418-5.272-9.132-8.286 3.5a21.034 21.034 0 0 0 -7.803-4.534l-1.112-8.9h-10.546l-1.112 8.9a21.034 21.034 0 0 0 -7.807 4.532l-8.286-3.5-5.272 9.134 7.155 5.418a20.817 20.817 0 0 0 0 9.032l-7.155 5.418 5.272 9.132 8.286-3.5a21.034 21.034 0 0 0 7.807 4.534l1.112 8.9h10.546l1.112-8.9a21.034 21.034 0 0 0 7.807-4.532l8.286 3.5 5.272-9.132-7.15-5.42a21.166 21.166 0 0 0 .491-4.516z\" class=\"stroke-secondary\"><\/path><\/g><\/svg>\n\n\n\n<h5 class=\"wp-block-heading\" id=\"beszerzes\">Beszerz\u00e9s<\/h5>\n\n\n\n<p>Miut\u00e1n megvizsg\u00e1ltuk \u00e9s j\u00f3v\u00e1hagytuk a profilt m\u00e1r csak a term\u00e9k legy\u00e1rt\u00e1sa van h\u00e1tra.<\/p>\n\n\t<\/div>\n\n\n\n<div class=\"col-12 col-lg-4 scroll-fade-bottom-up visibility-hidden\">\n\t\t\t\n\n<svg class=\"icon-brand mb-4\" viewBox=\"0 0 64 64\" xmlns=\"http:\/\/www.w3.org\/2000\/svg\"><g fill=\"none\" class=\"stroke-secondary\" stroke-linecap=\"square\" stroke-miterlimit=\"10\" stroke-width=\"2\"><path d=\"m52 46h10v-16l-8-4-6-16h-18v36h6\" class=\"stroke-secondary\" stroke-linecap=\"butt\"><\/path><circle cx=\"44\" cy=\"46\" r=\"8\"><\/circle><path d=\"m38 18v8h8\" class=\"stroke-primary\"><\/path><path d=\"m22 10h-20\"><\/path><path d=\"m22 20h-14\"><\/path><path d=\"m22 30h-8\"><\/path><\/g><\/svg>\n\n\n\n<h5 class=\"wp-block-heading\" id=\"raktarozas-logisztika\">Rakt\u00e1roz\u00e1s\u02db&amp; logisztika<\/h5>\n\n\n\n<p>\u00c9lvezze ki a k\u00e9nyelmet az utols\u00f3 l\u00e9p\u00e9sig, saj\u00e1t&nbsp; kisz\u00e1ll\u00edt\u00e1sunknak vagy ak\u00e1r az egy \u00e9ven \u00e1t tart\u00f3 rakt\u00e1roz\u00e1si lehet\u0151s\u00e9gnek k\u00f6sz\u00f6nhet\u0151en.<\/p>\n\n\t<\/div>\n\n<\/div>\n\n<\/div>\n\n\n\n<\/section>\n","protected":false},"excerpt":{"rendered":"","protected":false},"author":2,"featured_media":5831,"parent":5417,"menu_order":0,"comment_status":"closed","ping_status":"closed","template":"page-produkte.php","meta":{"_acf_changed":false,"footnotes":""},"class_list":["post-5829","page","type-page","status-publish","has-post-thumbnail","hentry"],"acf":[],"yoast_head":"<!-- This site is optimized with the Yoast SEO plugin v27.3 - https:\/\/yoast.com\/product\/yoast-seo-wordpress\/ -->\n<title>Speci\u00e1lis profilok | BLECHA<\/title>\n<meta name=\"description\" content=\"K\u00e9sz\u00edtesse el vel\u00fcnk speci\u00e1lis profilj\u00e1t. Ehhez elegend\u0151 ha elk\u00fcldi nek\u00fcnk a profil bem\u00e9retezett rajz\u00e1t \u00e9s megadja a felhaszn\u00e1l\u00e1si ter\u00fcletet. Minden m\u00e1sr\u00f3l mi gondoskodunk \u00d6n helyett, hogy ezzel is id\u0151t takar\u00edtsunk meg \u00d6nnek.\" \/>\n<meta name=\"robots\" content=\"index, follow, max-snippet:-1, max-image-preview:large, max-video-preview:-1\" \/>\n<link rel=\"canonical\" href=\"https:\/\/www.blecha.at\/hu\/termekek\/specialis-profilok\/\" \/>\n<meta property=\"og:locale\" content=\"hu_HU\" \/>\n<meta property=\"og:type\" content=\"article\" \/>\n<meta property=\"og:title\" content=\"Speci\u00e1lis profilok | BLECHA\" \/>\n<meta property=\"og:description\" content=\"K\u00e9sz\u00edtesse el vel\u00fcnk speci\u00e1lis profilj\u00e1t. Ehhez elegend\u0151 ha elk\u00fcldi nek\u00fcnk a profil bem\u00e9retezett rajz\u00e1t \u00e9s megadja a felhaszn\u00e1l\u00e1si ter\u00fcletet. Minden m\u00e1sr\u00f3l mi gondoskodunk \u00d6n helyett, hogy ezzel is id\u0151t takar\u00edtsunk meg \u00d6nnek.\" \/>\n<meta property=\"og:url\" content=\"https:\/\/www.blecha.at\/hu\/termekek\/specialis-profilok\/\" \/>\n<meta property=\"og:site_name\" content=\"BLECHA\" \/>\n<meta property=\"article:modified_time\" content=\"2024-02-14T15:12:34+00:00\" \/>\n<meta property=\"og:image\" content=\"https:\/\/www.blecha.at\/wp-content\/uploads\/2021\/03\/blecha-spezialprofile-1-thumbnail.jpg\" \/>\n\t<meta property=\"og:image:width\" content=\"1600\" \/>\n\t<meta property=\"og:image:height\" content=\"1600\" \/>\n\t<meta property=\"og:image:type\" content=\"image\/jpeg\" \/>\n<meta name=\"twitter:card\" content=\"summary_large_image\" \/>\n<meta name=\"twitter:label1\" content=\"Becs\u00fclt olvas\u00e1si id\u0151\" \/>\n\t<meta name=\"twitter:data1\" content=\"2 perc\" \/>\n<script type=\"application\/ld+json\" class=\"yoast-schema-graph\">{\"@context\":\"https:\\\/\\\/schema.org\",\"@graph\":[{\"@type\":\"WebPage\",\"@id\":\"https:\\\/\\\/www.blecha.at\\\/hu\\\/termekek\\\/specialis-profilok\\\/\",\"url\":\"https:\\\/\\\/www.blecha.at\\\/hu\\\/termekek\\\/specialis-profilok\\\/\",\"name\":\"Speci\u00e1lis profilok | BLECHA\",\"isPartOf\":{\"@id\":\"https:\\\/\\\/www.blecha.at\\\/#website\"},\"primaryImageOfPage\":{\"@id\":\"https:\\\/\\\/www.blecha.at\\\/hu\\\/termekek\\\/specialis-profilok\\\/#primaryimage\"},\"image\":{\"@id\":\"https:\\\/\\\/www.blecha.at\\\/hu\\\/termekek\\\/specialis-profilok\\\/#primaryimage\"},\"thumbnailUrl\":\"https:\\\/\\\/www.blecha.at\\\/wp-content\\\/uploads\\\/2021\\\/03\\\/blecha-spezialprofile-1-thumbnail.jpg\",\"datePublished\":\"2021-01-22T22:04:52+00:00\",\"dateModified\":\"2024-02-14T15:12:34+00:00\",\"description\":\"K\u00e9sz\u00edtesse el vel\u00fcnk speci\u00e1lis profilj\u00e1t. Ehhez elegend\u0151 ha elk\u00fcldi nek\u00fcnk a profil bem\u00e9retezett rajz\u00e1t \u00e9s megadja a felhaszn\u00e1l\u00e1si ter\u00fcletet. Minden m\u00e1sr\u00f3l mi gondoskodunk \u00d6n helyett, hogy ezzel is id\u0151t takar\u00edtsunk meg \u00d6nnek.\",\"breadcrumb\":{\"@id\":\"https:\\\/\\\/www.blecha.at\\\/hu\\\/termekek\\\/specialis-profilok\\\/#breadcrumb\"},\"inLanguage\":\"hu\",\"potentialAction\":[{\"@type\":\"ReadAction\",\"target\":[\"https:\\\/\\\/www.blecha.at\\\/hu\\\/termekek\\\/specialis-profilok\\\/\"]}]},{\"@type\":\"ImageObject\",\"inLanguage\":\"hu\",\"@id\":\"https:\\\/\\\/www.blecha.at\\\/hu\\\/termekek\\\/specialis-profilok\\\/#primaryimage\",\"url\":\"https:\\\/\\\/www.blecha.at\\\/wp-content\\\/uploads\\\/2021\\\/03\\\/blecha-spezialprofile-1-thumbnail.jpg\",\"contentUrl\":\"https:\\\/\\\/www.blecha.at\\\/wp-content\\\/uploads\\\/2021\\\/03\\\/blecha-spezialprofile-1-thumbnail.jpg\",\"width\":1600,\"height\":1600},{\"@type\":\"BreadcrumbList\",\"@id\":\"https:\\\/\\\/www.blecha.at\\\/hu\\\/termekek\\\/specialis-profilok\\\/#breadcrumb\",\"itemListElement\":[{\"@type\":\"ListItem\",\"position\":1,\"name\":\"Home\",\"item\":\"https:\\\/\\\/www.blecha.at\\\/hu\\\/\"},{\"@type\":\"ListItem\",\"position\":2,\"name\":\"Term\u00e9kek\",\"item\":\"https:\\\/\\\/www.blecha.at\\\/hu\\\/termekek\\\/\"},{\"@type\":\"ListItem\",\"position\":3,\"name\":\"Speci\u00e1lis profilok\"}]},{\"@type\":\"WebSite\",\"@id\":\"https:\\\/\\\/www.blecha.at\\\/#website\",\"url\":\"https:\\\/\\\/www.blecha.at\\\/\",\"name\":\"BLECHA\",\"description\":\"Eine weitere WordPress-Website\",\"potentialAction\":[{\"@type\":\"SearchAction\",\"target\":{\"@type\":\"EntryPoint\",\"urlTemplate\":\"https:\\\/\\\/www.blecha.at\\\/?s={search_term_string}\"},\"query-input\":{\"@type\":\"PropertyValueSpecification\",\"valueRequired\":true,\"valueName\":\"search_term_string\"}}],\"inLanguage\":\"hu\"}]}<\/script>\n<!-- \/ Yoast SEO plugin. -->","yoast_head_json":{"title":"Speci\u00e1lis profilok | BLECHA","description":"K\u00e9sz\u00edtesse el vel\u00fcnk speci\u00e1lis profilj\u00e1t. Ehhez elegend\u0151 ha elk\u00fcldi nek\u00fcnk a profil bem\u00e9retezett rajz\u00e1t \u00e9s megadja a felhaszn\u00e1l\u00e1si ter\u00fcletet. Minden m\u00e1sr\u00f3l mi gondoskodunk \u00d6n helyett, hogy ezzel is id\u0151t takar\u00edtsunk meg \u00d6nnek.","robots":{"index":"index","follow":"follow","max-snippet":"max-snippet:-1","max-image-preview":"max-image-preview:large","max-video-preview":"max-video-preview:-1"},"canonical":"https:\/\/www.blecha.at\/hu\/termekek\/specialis-profilok\/","og_locale":"hu_HU","og_type":"article","og_title":"Speci\u00e1lis profilok | BLECHA","og_description":"K\u00e9sz\u00edtesse el vel\u00fcnk speci\u00e1lis profilj\u00e1t. Ehhez elegend\u0151 ha elk\u00fcldi nek\u00fcnk a profil bem\u00e9retezett rajz\u00e1t \u00e9s megadja a felhaszn\u00e1l\u00e1si ter\u00fcletet. Minden m\u00e1sr\u00f3l mi gondoskodunk \u00d6n helyett, hogy ezzel is id\u0151t takar\u00edtsunk meg \u00d6nnek.","og_url":"https:\/\/www.blecha.at\/hu\/termekek\/specialis-profilok\/","og_site_name":"BLECHA","article_modified_time":"2024-02-14T15:12:34+00:00","og_image":[{"width":1600,"height":1600,"url":"https:\/\/www.blecha.at\/wp-content\/uploads\/2021\/03\/blecha-spezialprofile-1-thumbnail.jpg","type":"image\/jpeg"}],"twitter_card":"summary_large_image","twitter_misc":{"Becs\u00fclt olvas\u00e1si id\u0151":"2 perc"},"schema":{"@context":"https:\/\/schema.org","@graph":[{"@type":"WebPage","@id":"https:\/\/www.blecha.at\/hu\/termekek\/specialis-profilok\/","url":"https:\/\/www.blecha.at\/hu\/termekek\/specialis-profilok\/","name":"Speci\u00e1lis profilok | BLECHA","isPartOf":{"@id":"https:\/\/www.blecha.at\/#website"},"primaryImageOfPage":{"@id":"https:\/\/www.blecha.at\/hu\/termekek\/specialis-profilok\/#primaryimage"},"image":{"@id":"https:\/\/www.blecha.at\/hu\/termekek\/specialis-profilok\/#primaryimage"},"thumbnailUrl":"https:\/\/www.blecha.at\/wp-content\/uploads\/2021\/03\/blecha-spezialprofile-1-thumbnail.jpg","datePublished":"2021-01-22T22:04:52+00:00","dateModified":"2024-02-14T15:12:34+00:00","description":"K\u00e9sz\u00edtesse el vel\u00fcnk speci\u00e1lis profilj\u00e1t. Ehhez elegend\u0151 ha elk\u00fcldi nek\u00fcnk a profil bem\u00e9retezett rajz\u00e1t \u00e9s megadja a felhaszn\u00e1l\u00e1si ter\u00fcletet. Minden m\u00e1sr\u00f3l mi gondoskodunk \u00d6n helyett, hogy ezzel is id\u0151t takar\u00edtsunk meg \u00d6nnek.","breadcrumb":{"@id":"https:\/\/www.blecha.at\/hu\/termekek\/specialis-profilok\/#breadcrumb"},"inLanguage":"hu","potentialAction":[{"@type":"ReadAction","target":["https:\/\/www.blecha.at\/hu\/termekek\/specialis-profilok\/"]}]},{"@type":"ImageObject","inLanguage":"hu","@id":"https:\/\/www.blecha.at\/hu\/termekek\/specialis-profilok\/#primaryimage","url":"https:\/\/www.blecha.at\/wp-content\/uploads\/2021\/03\/blecha-spezialprofile-1-thumbnail.jpg","contentUrl":"https:\/\/www.blecha.at\/wp-content\/uploads\/2021\/03\/blecha-spezialprofile-1-thumbnail.jpg","width":1600,"height":1600},{"@type":"BreadcrumbList","@id":"https:\/\/www.blecha.at\/hu\/termekek\/specialis-profilok\/#breadcrumb","itemListElement":[{"@type":"ListItem","position":1,"name":"Home","item":"https:\/\/www.blecha.at\/hu\/"},{"@type":"ListItem","position":2,"name":"Term\u00e9kek","item":"https:\/\/www.blecha.at\/hu\/termekek\/"},{"@type":"ListItem","position":3,"name":"Speci\u00e1lis profilok"}]},{"@type":"WebSite","@id":"https:\/\/www.blecha.at\/#website","url":"https:\/\/www.blecha.at\/","name":"BLECHA","description":"Eine weitere WordPress-Website","potentialAction":[{"@type":"SearchAction","target":{"@type":"EntryPoint","urlTemplate":"https:\/\/www.blecha.at\/?s={search_term_string}"},"query-input":{"@type":"PropertyValueSpecification","valueRequired":true,"valueName":"search_term_string"}}],"inLanguage":"hu"}]}},"_links":{"self":[{"href":"https:\/\/www.blecha.at\/hu\/wp-json\/wp\/v2\/pages\/5829","targetHints":{"allow":["GET"]}}],"collection":[{"href":"https:\/\/www.blecha.at\/hu\/wp-json\/wp\/v2\/pages"}],"about":[{"href":"https:\/\/www.blecha.at\/hu\/wp-json\/wp\/v2\/types\/page"}],"author":[{"embeddable":true,"href":"https:\/\/www.blecha.at\/hu\/wp-json\/wp\/v2\/users\/2"}],"replies":[{"embeddable":true,"href":"https:\/\/www.blecha.at\/hu\/wp-json\/wp\/v2\/comments?post=5829"}],"version-history":[{"count":6,"href":"https:\/\/www.blecha.at\/hu\/wp-json\/wp\/v2\/pages\/5829\/revisions"}],"predecessor-version":[{"id":27003,"href":"https:\/\/www.blecha.at\/hu\/wp-json\/wp\/v2\/pages\/5829\/revisions\/27003"}],"up":[{"embeddable":true,"href":"https:\/\/www.blecha.at\/hu\/wp-json\/wp\/v2\/pages\/5417"}],"wp:featuredmedia":[{"embeddable":true,"href":"https:\/\/www.blecha.at\/hu\/wp-json\/wp\/v2\/media\/5831"}],"wp:attachment":[{"href":"https:\/\/www.blecha.at\/hu\/wp-json\/wp\/v2\/media?parent=5829"}],"curies":[{"name":"wp","href":"https:\/\/api.w.org\/{rel}","templated":true}]}}