{"id":5889,"date":"2021-01-22T23:04:52","date_gmt":"2021-01-22T22:04:52","guid":{"rendered":"https:\/\/www.blecha.at\/produkty\/spezialprofile\/"},"modified":"2024-02-15T16:31:38","modified_gmt":"2024-02-15T15:31:38","slug":"profile-specjalne","status":"publish","type":"page","link":"https:\/\/www.blecha.at\/pl\/produkty\/profile-specjalne\/","title":{"rendered":"Profile specjalne"},"content":{"rendered":"\n<section id=\"sectionTwo\" class=\"mt-lg-n11 py-8 py-md-11 px-lg-9 border-left border-right border-right-lg-none bg-white\">\n\n\n<div class=\"wp-bootstrap-blocks-container container-fluid mb-0\">\n\t\n<div class=\"wp-bootstrap-blocks-row row mx-auto\">\n\t\n\n<div class=\"col-12 col-md-10\">\n\t\t\t\n\n<h2 class=\"text-secondary scroll-fade-bottom-up visibility-hidden wp-block-heading\" id=\"profile-specjalne\">Profile specjalne<\/h2>\n\n\n\n<p class=\"mb-7 mb-md-9 scroll-fade-bottom-up visibility-hidden\">Indywidualne projekty musz\u0105 sprosta\u0107 z zr\u00f3\u017cnicowanym potrzebom i indywidualnym wymaganiom, wyznaczaj\u0105c tym samym nowe standardy. <br>Mamy dla Pa\u0144stwa najprostsze rozwi\u0105zania &#8211; zach\u0119camy do zapoznania si\u0119 z nasz\u0105 szerok\u0105 gam\u0105 profili aluminiowych.<\/p>\n\n\t<\/div>\n\n<\/div>\n\n\n<div class=\"wp-bootstrap-blocks-row row\">\n\t\n\n<div class=\"col-12\">\n\t\t\t\n<div class=\"row mx-auto\"><div class=\"col-12 col-md-6 col-lg-4 mb-7 scroll-fade-bottom-up visibility-hidden\">\n                <a href=\"https:\/\/www.blecha.at\/pl\/produkty\/profile-specjalne\/budowa-scen-i-estrad-budowa-konstrukcji-namiotow\/\">\n                    <div class=\"card position-relative\">\n                        <div class=\"card-zoom\"><img loading=\"lazy\" decoding=\"async\" width=\"1024\" height=\"1024\" src=\"https:\/\/www.blecha.at\/wp-content\/uploads\/2021\/03\/blecha-spezialprofile-2-thumbnail-1024x1024.jpg\" class=\"card-img d-block w-100 h-auto\" alt=\"\" srcset=\"https:\/\/www.blecha.at\/wp-content\/uploads\/2021\/03\/blecha-spezialprofile-2-thumbnail-1024x1024.jpg 1024w, https:\/\/www.blecha.at\/wp-content\/uploads\/2021\/03\/blecha-spezialprofile-2-thumbnail-300x300.jpg 300w, https:\/\/www.blecha.at\/wp-content\/uploads\/2021\/03\/blecha-spezialprofile-2-thumbnail-150x150.jpg 150w, https:\/\/www.blecha.at\/wp-content\/uploads\/2021\/03\/blecha-spezialprofile-2-thumbnail-768x768.jpg 768w, https:\/\/www.blecha.at\/wp-content\/uploads\/2021\/03\/blecha-spezialprofile-2-thumbnail-1536x1536.jpg 1536w, https:\/\/www.blecha.at\/wp-content\/uploads\/2021\/03\/blecha-spezialprofile-2-thumbnail.jpg 1600w\" sizes=\"auto, (max-width: 1024px) 100vw, 1024px\" \/><\/div>\n\n                        <div class=\"card-img-overlay card-img-overlay-hover-hide card-img-overlay-black\">\n                            <div class=\"card-body\">\n\n                                <!-- Heading -->\n                                <h4 class=\"font-weight-bold text-white mb-0\">Budowa scen i estrad \/ Budowa konstrukcji namiot\u00f3w<\/h4>\n\n                                <!-- Description -->\n                                \n                            <\/div>\n                        <\/div>\n                    <\/div>\n                <\/a>\n            <\/div><div class=\"col-12 col-md-6 col-lg-4 mb-7 scroll-fade-bottom-up visibility-hidden\">\n                <a href=\"https:\/\/www.blecha.at\/pl\/produkty\/profile-specjalne\/budowa-pojazdow-mechanicznych\/\">\n                    <div class=\"card position-relative\">\n                        <div class=\"card-zoom\"><img loading=\"lazy\" decoding=\"async\" width=\"1024\" height=\"1024\" src=\"https:\/\/www.blecha.at\/wp-content\/uploads\/2021\/03\/blecha-spezialprofile-3-thumbnail-1024x1024.jpg\" class=\"card-img d-block w-100 h-auto\" alt=\"\" srcset=\"https:\/\/www.blecha.at\/wp-content\/uploads\/2021\/03\/blecha-spezialprofile-3-thumbnail-1024x1024.jpg 1024w, https:\/\/www.blecha.at\/wp-content\/uploads\/2021\/03\/blecha-spezialprofile-3-thumbnail-300x300.jpg 300w, https:\/\/www.blecha.at\/wp-content\/uploads\/2021\/03\/blecha-spezialprofile-3-thumbnail-150x150.jpg 150w, https:\/\/www.blecha.at\/wp-content\/uploads\/2021\/03\/blecha-spezialprofile-3-thumbnail-768x768.jpg 768w, https:\/\/www.blecha.at\/wp-content\/uploads\/2021\/03\/blecha-spezialprofile-3-thumbnail-1536x1536.jpg 1536w, https:\/\/www.blecha.at\/wp-content\/uploads\/2021\/03\/blecha-spezialprofile-3-thumbnail.jpg 1600w\" sizes=\"auto, (max-width: 1024px) 100vw, 1024px\" \/><\/div>\n\n                        <div class=\"card-img-overlay card-img-overlay-hover-hide card-img-overlay-black\">\n                            <div class=\"card-body\">\n\n                                <!-- Heading -->\n                                <h4 class=\"font-weight-bold text-white mb-0\">Budowa pojazd\u00f3w mechanicznych<\/h4>\n\n                                <!-- Description -->\n                                \n                            <\/div>\n                        <\/div>\n                    <\/div>\n                <\/a>\n            <\/div><div class=\"col-12 col-md-6 col-lg-4 mb-7 scroll-fade-bottom-up visibility-hidden\">\n                <a href=\"https:\/\/www.blecha.at\/pl\/produkty\/profile-specjalne\/budowa-fasad\/\">\n                    <div class=\"card position-relative\">\n                        <div class=\"card-zoom\"><img loading=\"lazy\" decoding=\"async\" width=\"1024\" height=\"1024\" src=\"https:\/\/www.blecha.at\/wp-content\/uploads\/2021\/03\/blecha-spezialprofile-4-thumbnail-1024x1024.jpg\" class=\"card-img d-block w-100 h-auto\" alt=\"\" srcset=\"https:\/\/www.blecha.at\/wp-content\/uploads\/2021\/03\/blecha-spezialprofile-4-thumbnail-1024x1024.jpg 1024w, https:\/\/www.blecha.at\/wp-content\/uploads\/2021\/03\/blecha-spezialprofile-4-thumbnail-300x300.jpg 300w, https:\/\/www.blecha.at\/wp-content\/uploads\/2021\/03\/blecha-spezialprofile-4-thumbnail-150x150.jpg 150w, https:\/\/www.blecha.at\/wp-content\/uploads\/2021\/03\/blecha-spezialprofile-4-thumbnail-768x768.jpg 768w, https:\/\/www.blecha.at\/wp-content\/uploads\/2021\/03\/blecha-spezialprofile-4-thumbnail-1536x1536.jpg 1536w, https:\/\/www.blecha.at\/wp-content\/uploads\/2021\/03\/blecha-spezialprofile-4-thumbnail.jpg 1600w\" sizes=\"auto, (max-width: 1024px) 100vw, 1024px\" \/><\/div>\n\n                        <div class=\"card-img-overlay card-img-overlay-hover-hide card-img-overlay-black\">\n                            <div class=\"card-body\">\n\n                                <!-- Heading -->\n                                <h4 class=\"font-weight-bold text-white mb-0\">Budowa fasad<\/h4>\n\n                                <!-- Description -->\n                                \n                            <\/div>\n                        <\/div>\n                    <\/div>\n                <\/a>\n            <\/div><div class=\"col-12 col-md-6 col-lg-4 mb-7 scroll-fade-bottom-up visibility-hidden\">\n                <a href=\"https:\/\/www.blecha.at\/pl\/produkty\/profile-specjalne\/branza-szklarska\/\">\n                    <div class=\"card position-relative\">\n                        <div class=\"card-zoom\"><img loading=\"lazy\" decoding=\"async\" width=\"1024\" height=\"1024\" src=\"https:\/\/www.blecha.at\/wp-content\/uploads\/2021\/03\/blecha-spezialprofile-5-thumbnail-1024x1024.jpg\" class=\"card-img d-block w-100 h-auto\" alt=\"\" srcset=\"https:\/\/www.blecha.at\/wp-content\/uploads\/2021\/03\/blecha-spezialprofile-5-thumbnail-1024x1024.jpg 1024w, https:\/\/www.blecha.at\/wp-content\/uploads\/2021\/03\/blecha-spezialprofile-5-thumbnail-300x300.jpg 300w, https:\/\/www.blecha.at\/wp-content\/uploads\/2021\/03\/blecha-spezialprofile-5-thumbnail-150x150.jpg 150w, https:\/\/www.blecha.at\/wp-content\/uploads\/2021\/03\/blecha-spezialprofile-5-thumbnail-768x768.jpg 768w, https:\/\/www.blecha.at\/wp-content\/uploads\/2021\/03\/blecha-spezialprofile-5-thumbnail-1536x1536.jpg 1536w, https:\/\/www.blecha.at\/wp-content\/uploads\/2021\/03\/blecha-spezialprofile-5-thumbnail.jpg 1600w\" sizes=\"auto, (max-width: 1024px) 100vw, 1024px\" \/><\/div>\n\n                        <div class=\"card-img-overlay card-img-overlay-hover-hide card-img-overlay-black\">\n                            <div class=\"card-body\">\n\n                                <!-- Heading -->\n                                <h4 class=\"font-weight-bold text-white mb-0\">Bran\u017ca szklarska<\/h4>\n\n                                <!-- Description -->\n                                \n                            <\/div>\n                        <\/div>\n                    <\/div>\n                <\/a>\n            <\/div><div class=\"col-12 col-md-6 col-lg-4 mb-7 scroll-fade-bottom-up visibility-hidden\">\n                <a href=\"https:\/\/www.blecha.at\/pl\/produkty\/profile-specjalne\/przemysl-spozywczy\/\">\n                    <div class=\"card position-relative\">\n                        <div class=\"card-zoom\"><img loading=\"lazy\" decoding=\"async\" width=\"1024\" height=\"1024\" src=\"https:\/\/www.blecha.at\/wp-content\/uploads\/2021\/03\/blecha-spezialprofile-6-thumbnail-1024x1024.jpg\" class=\"card-img d-block w-100 h-auto\" alt=\"\" srcset=\"https:\/\/www.blecha.at\/wp-content\/uploads\/2021\/03\/blecha-spezialprofile-6-thumbnail-1024x1024.jpg 1024w, https:\/\/www.blecha.at\/wp-content\/uploads\/2021\/03\/blecha-spezialprofile-6-thumbnail-300x300.jpg 300w, https:\/\/www.blecha.at\/wp-content\/uploads\/2021\/03\/blecha-spezialprofile-6-thumbnail-150x150.jpg 150w, https:\/\/www.blecha.at\/wp-content\/uploads\/2021\/03\/blecha-spezialprofile-6-thumbnail-768x768.jpg 768w, https:\/\/www.blecha.at\/wp-content\/uploads\/2021\/03\/blecha-spezialprofile-6-thumbnail-1536x1536.jpg 1536w, https:\/\/www.blecha.at\/wp-content\/uploads\/2021\/03\/blecha-spezialprofile-6-thumbnail.jpg 1600w\" sizes=\"auto, (max-width: 1024px) 100vw, 1024px\" \/><\/div>\n\n                        <div class=\"card-img-overlay card-img-overlay-hover-hide card-img-overlay-black\">\n                            <div class=\"card-body\">\n\n                                <!-- Heading -->\n                                <h4 class=\"font-weight-bold text-white mb-0\">Przemys\u0142 spo\u017cywczy<\/h4>\n\n                                <!-- Description -->\n                                \n                            <\/div>\n                        <\/div>\n                    <\/div>\n                <\/a>\n            <\/div><div class=\"col-12 col-md-6 col-lg-4 mb-7 scroll-fade-bottom-up visibility-hidden\">\n                <a href=\"https:\/\/www.blecha.at\/pl\/produkty\/profile-specjalne\/konstrukcje-metalowe\/\">\n                    <div class=\"card position-relative\">\n                        <div class=\"card-zoom\"><img loading=\"lazy\" decoding=\"async\" width=\"1024\" height=\"1024\" src=\"https:\/\/www.blecha.at\/wp-content\/uploads\/2021\/03\/blecha-spezialprofile-7-thumbnail-1024x1024.jpg\" class=\"card-img d-block w-100 h-auto\" alt=\"\" srcset=\"https:\/\/www.blecha.at\/wp-content\/uploads\/2021\/03\/blecha-spezialprofile-7-thumbnail-1024x1024.jpg 1024w, https:\/\/www.blecha.at\/wp-content\/uploads\/2021\/03\/blecha-spezialprofile-7-thumbnail-300x300.jpg 300w, https:\/\/www.blecha.at\/wp-content\/uploads\/2021\/03\/blecha-spezialprofile-7-thumbnail-150x150.jpg 150w, https:\/\/www.blecha.at\/wp-content\/uploads\/2021\/03\/blecha-spezialprofile-7-thumbnail-768x768.jpg 768w, https:\/\/www.blecha.at\/wp-content\/uploads\/2021\/03\/blecha-spezialprofile-7-thumbnail-1536x1536.jpg 1536w, https:\/\/www.blecha.at\/wp-content\/uploads\/2021\/03\/blecha-spezialprofile-7-thumbnail.jpg 1600w\" sizes=\"auto, (max-width: 1024px) 100vw, 1024px\" \/><\/div>\n\n                        <div class=\"card-img-overlay card-img-overlay-hover-hide card-img-overlay-black\">\n                            <div class=\"card-body\">\n\n                                <!-- Heading -->\n                                <h4 class=\"font-weight-bold text-white mb-0\">Konstrukcje metalowe<\/h4>\n\n                                <!-- Description -->\n                                \n                            <\/div>\n                        <\/div>\n                    <\/div>\n                <\/a>\n            <\/div><div class=\"col-12 col-md-6 col-lg-4 mb-7 scroll-fade-bottom-up visibility-hidden\">\n                <a href=\"https:\/\/www.blecha.at\/pl\/produkty\/profile-specjalne\/systemy-solarne-fotowoltaika\/\">\n                    <div class=\"card position-relative\">\n                        <div class=\"card-zoom\"><img loading=\"lazy\" decoding=\"async\" width=\"1024\" height=\"1024\" src=\"https:\/\/www.blecha.at\/wp-content\/uploads\/2021\/03\/blecha-spezialprofile-8-thumbnail-1024x1024.jpg\" class=\"card-img d-block w-100 h-auto\" alt=\"\" srcset=\"https:\/\/www.blecha.at\/wp-content\/uploads\/2021\/03\/blecha-spezialprofile-8-thumbnail-1024x1024.jpg 1024w, https:\/\/www.blecha.at\/wp-content\/uploads\/2021\/03\/blecha-spezialprofile-8-thumbnail-300x300.jpg 300w, https:\/\/www.blecha.at\/wp-content\/uploads\/2021\/03\/blecha-spezialprofile-8-thumbnail-150x150.jpg 150w, https:\/\/www.blecha.at\/wp-content\/uploads\/2021\/03\/blecha-spezialprofile-8-thumbnail-768x768.jpg 768w, https:\/\/www.blecha.at\/wp-content\/uploads\/2021\/03\/blecha-spezialprofile-8-thumbnail-1536x1536.jpg 1536w, https:\/\/www.blecha.at\/wp-content\/uploads\/2021\/03\/blecha-spezialprofile-8-thumbnail.jpg 1600w\" sizes=\"auto, (max-width: 1024px) 100vw, 1024px\" \/><\/div>\n\n                        <div class=\"card-img-overlay card-img-overlay-hover-hide card-img-overlay-black\">\n                            <div class=\"card-body\">\n\n                                <!-- Heading -->\n                                <h4 class=\"font-weight-bold text-white mb-0\">Systemy solarne \/ Fotowoltaika<\/h4>\n\n                                <!-- Description -->\n                                \n                            <\/div>\n                        <\/div>\n                    <\/div>\n                <\/a>\n            <\/div><div class=\"col-12 col-md-6 col-lg-4 mb-7 scroll-fade-bottom-up visibility-hidden\">\n                <a href=\"https:\/\/www.blecha.at\/pl\/produkty\/profile-specjalne\/system-ochrony-przed-sloncem-i-insektami\/\">\n                    <div class=\"card position-relative\">\n                        <div class=\"card-zoom\"><img loading=\"lazy\" decoding=\"async\" width=\"1024\" height=\"1024\" src=\"https:\/\/www.blecha.at\/wp-content\/uploads\/2021\/03\/blecha-spezialprofile-9-thumbnail-1024x1024.jpg\" class=\"card-img d-block w-100 h-auto\" alt=\"\" srcset=\"https:\/\/www.blecha.at\/wp-content\/uploads\/2021\/03\/blecha-spezialprofile-9-thumbnail-1024x1024.jpg 1024w, https:\/\/www.blecha.at\/wp-content\/uploads\/2021\/03\/blecha-spezialprofile-9-thumbnail-300x300.jpg 300w, https:\/\/www.blecha.at\/wp-content\/uploads\/2021\/03\/blecha-spezialprofile-9-thumbnail-150x150.jpg 150w, https:\/\/www.blecha.at\/wp-content\/uploads\/2021\/03\/blecha-spezialprofile-9-thumbnail-768x768.jpg 768w, https:\/\/www.blecha.at\/wp-content\/uploads\/2021\/03\/blecha-spezialprofile-9-thumbnail-1536x1536.jpg 1536w, https:\/\/www.blecha.at\/wp-content\/uploads\/2021\/03\/blecha-spezialprofile-9-thumbnail.jpg 1600w\" sizes=\"auto, (max-width: 1024px) 100vw, 1024px\" \/><\/div>\n\n                        <div class=\"card-img-overlay card-img-overlay-hover-hide card-img-overlay-black\">\n                            <div class=\"card-body\">\n\n                                <!-- Heading -->\n                                <h4 class=\"font-weight-bold text-white mb-0\">System ochrony przed s\u0142o\u0144cem i insektami<\/h4>\n\n                                <!-- Description -->\n                                \n                            <\/div>\n                        <\/div>\n                    <\/div>\n                <\/a>\n            <\/div><div class=\"col-12 col-md-6 col-lg-4 mb-7 scroll-fade-bottom-up visibility-hidden\">\n                <a href=\"https:\/\/www.blecha.at\/pl\/produkty\/profile-specjalne\/budowa-tarasow\/\">\n                    <div class=\"card position-relative\">\n                        <div class=\"card-zoom\"><img loading=\"lazy\" decoding=\"async\" width=\"1024\" height=\"1024\" src=\"https:\/\/www.blecha.at\/wp-content\/uploads\/2021\/03\/blecha-spezialprofile-10-thumbnail-1024x1024.jpg\" class=\"card-img d-block w-100 h-auto\" alt=\"\" srcset=\"https:\/\/www.blecha.at\/wp-content\/uploads\/2021\/03\/blecha-spezialprofile-10-thumbnail-1024x1024.jpg 1024w, https:\/\/www.blecha.at\/wp-content\/uploads\/2021\/03\/blecha-spezialprofile-10-thumbnail-300x300.jpg 300w, https:\/\/www.blecha.at\/wp-content\/uploads\/2021\/03\/blecha-spezialprofile-10-thumbnail-150x150.jpg 150w, https:\/\/www.blecha.at\/wp-content\/uploads\/2021\/03\/blecha-spezialprofile-10-thumbnail-768x768.jpg 768w, https:\/\/www.blecha.at\/wp-content\/uploads\/2021\/03\/blecha-spezialprofile-10-thumbnail-1536x1536.jpg 1536w, https:\/\/www.blecha.at\/wp-content\/uploads\/2021\/03\/blecha-spezialprofile-10-thumbnail.jpg 1600w\" sizes=\"auto, (max-width: 1024px) 100vw, 1024px\" \/><\/div>\n\n                        <div class=\"card-img-overlay card-img-overlay-hover-hide card-img-overlay-black\">\n                            <div class=\"card-body\">\n\n                                <!-- Heading -->\n                                <h4 class=\"font-weight-bold text-white mb-0\">Budowa taras\u00f3w<\/h4>\n\n                                <!-- Description -->\n                                \n                            <\/div>\n                        <\/div>\n                    <\/div>\n                <\/a>\n            <\/div><div class=\"col-12 col-md-6 col-lg-4 scroll-fade-bottom-up visibility-hidden\">\n                <a href=\"https:\/\/www.blecha.at\/pl\/produkty\/profile-specjalne\/stolarstwo-przemysl-meblarski\/\">\n                    <div class=\"card position-relative\">\n                        <div class=\"card-zoom\"><img loading=\"lazy\" decoding=\"async\" width=\"1024\" height=\"1024\" src=\"https:\/\/www.blecha.at\/wp-content\/uploads\/2021\/03\/blecha-spezialprofile-11-thumbnail-1024x1024.jpg\" class=\"card-img d-block w-100 h-auto\" alt=\"\" srcset=\"https:\/\/www.blecha.at\/wp-content\/uploads\/2021\/03\/blecha-spezialprofile-11-thumbnail-1024x1024.jpg 1024w, https:\/\/www.blecha.at\/wp-content\/uploads\/2021\/03\/blecha-spezialprofile-11-thumbnail-300x300.jpg 300w, https:\/\/www.blecha.at\/wp-content\/uploads\/2021\/03\/blecha-spezialprofile-11-thumbnail-150x150.jpg 150w, https:\/\/www.blecha.at\/wp-content\/uploads\/2021\/03\/blecha-spezialprofile-11-thumbnail-768x768.jpg 768w, https:\/\/www.blecha.at\/wp-content\/uploads\/2021\/03\/blecha-spezialprofile-11-thumbnail-1536x1536.jpg 1536w, https:\/\/www.blecha.at\/wp-content\/uploads\/2021\/03\/blecha-spezialprofile-11-thumbnail.jpg 1600w\" sizes=\"auto, (max-width: 1024px) 100vw, 1024px\" \/><\/div>\n\n                        <div class=\"card-img-overlay card-img-overlay-hover-hide card-img-overlay-black\">\n                            <div class=\"card-body\">\n\n                                <!-- Heading -->\n                                <h4 class=\"font-weight-bold text-white mb-0\">Stolarstwo \/ Przemys\u0142 meblarski<\/h4>\n\n                                <!-- Description -->\n                                \n                            <\/div>\n                        <\/div>\n                    <\/div>\n                <\/a>\n            <\/div><div class=\"col-12 col-md-6 col-lg-4 scroll-fade-bottom-up visibility-hidden\">\n                <a href=\"https:\/\/www.blecha.at\/pl\/produkty\/profile-specjalne\/budowa-wolier\/\">\n                    <div class=\"card position-relative\">\n                        <div class=\"card-zoom\"><img loading=\"lazy\" decoding=\"async\" width=\"1024\" height=\"1024\" src=\"https:\/\/www.blecha.at\/wp-content\/uploads\/2021\/03\/blecha-spezialprofile-12-thumbnail-1024x1024.jpg\" class=\"card-img d-block w-100 h-auto\" alt=\"\" srcset=\"https:\/\/www.blecha.at\/wp-content\/uploads\/2021\/03\/blecha-spezialprofile-12-thumbnail-1024x1024.jpg 1024w, https:\/\/www.blecha.at\/wp-content\/uploads\/2021\/03\/blecha-spezialprofile-12-thumbnail-300x300.jpg 300w, https:\/\/www.blecha.at\/wp-content\/uploads\/2021\/03\/blecha-spezialprofile-12-thumbnail-150x150.jpg 150w, https:\/\/www.blecha.at\/wp-content\/uploads\/2021\/03\/blecha-spezialprofile-12-thumbnail-768x768.jpg 768w, https:\/\/www.blecha.at\/wp-content\/uploads\/2021\/03\/blecha-spezialprofile-12-thumbnail-1536x1536.jpg 1536w, https:\/\/www.blecha.at\/wp-content\/uploads\/2021\/03\/blecha-spezialprofile-12-thumbnail.jpg 1600w\" sizes=\"auto, (max-width: 1024px) 100vw, 1024px\" \/><\/div>\n\n                        <div class=\"card-img-overlay card-img-overlay-hover-hide card-img-overlay-black\">\n                            <div class=\"card-body\">\n\n                                <!-- Heading -->\n                                <h4 class=\"font-weight-bold text-white mb-0\">Budowa wolier<\/h4>\n\n                                <!-- Description -->\n                                \n                            <\/div>\n                        <\/div>\n                    <\/div>\n                <\/a>\n            <\/div><div class=\"col-12 col-md-6 col-lg-4 scroll-fade-bottom-up visibility-hidden\">\n                <a href=\"https:\/\/www.blecha.at\/pl\/produkty\/profile-specjalne\/technika-reklamowa\/\">\n                    <div class=\"card position-relative\">\n                        <div class=\"card-zoom\"><img loading=\"lazy\" decoding=\"async\" width=\"1024\" height=\"1024\" src=\"https:\/\/www.blecha.at\/wp-content\/uploads\/2021\/03\/blecha-spezialprofile-13-thumbnail-1024x1024.jpg\" class=\"card-img d-block w-100 h-auto\" alt=\"\" srcset=\"https:\/\/www.blecha.at\/wp-content\/uploads\/2021\/03\/blecha-spezialprofile-13-thumbnail-1024x1024.jpg 1024w, https:\/\/www.blecha.at\/wp-content\/uploads\/2021\/03\/blecha-spezialprofile-13-thumbnail-300x300.jpg 300w, https:\/\/www.blecha.at\/wp-content\/uploads\/2021\/03\/blecha-spezialprofile-13-thumbnail-150x150.jpg 150w, https:\/\/www.blecha.at\/wp-content\/uploads\/2021\/03\/blecha-spezialprofile-13-thumbnail-768x768.jpg 768w, https:\/\/www.blecha.at\/wp-content\/uploads\/2021\/03\/blecha-spezialprofile-13-thumbnail-1536x1536.jpg 1536w, https:\/\/www.blecha.at\/wp-content\/uploads\/2021\/03\/blecha-spezialprofile-13-thumbnail.jpg 1600w\" sizes=\"auto, (max-width: 1024px) 100vw, 1024px\" \/><\/div>\n\n                        <div class=\"card-img-overlay card-img-overlay-hover-hide card-img-overlay-black\">\n                            <div class=\"card-body\">\n\n                                <!-- Heading -->\n                                <h4 class=\"font-weight-bold text-white mb-0\">Technika reklamowa<\/h4>\n\n                                <!-- Description -->\n                                \n                            <\/div>\n                        <\/div>\n                    <\/div>\n                <\/a>\n            <\/div><\/div>\n\n\t<\/div>\n\n<\/div>\n\n<\/div>\n\n\n\n<\/section>\n\n\n\n<section class=\"py-8 py-md-11 px-lg-9 border-left border-right border-right-lg-none bg-primary\">\n\n\n<div class=\"wp-bootstrap-blocks-container container-fluid mb-0\">\n\t\n<div class=\"wp-bootstrap-blocks-row row mx-auto\">\n\t\n\n<div class=\"col-12 col-md-10\">\n\t\t\t\n\n<h2 class=\"text-secondary scroll-fade-bottom-up visibility-hidden wp-block-heading\" id=\"profile-specjalnena-indywidualne-zamowienieklienta\">Profile specjalnena indywidualne zam\u00f3wienieklienta<\/h2>\n\n\n\n<p class=\"mb-7 mb-md-9 scroll-fade-bottom-up visibility-hidden\">Stw\u00f3rz z nami sw\u00f3jprofil specjalny. Profil aluminiowy zostanie wykonany wed\u0142ug nades\u0142anegoprzez Pa\u0144stwa rysunku technicznego. <br>Nasi specjali\u015bci zajm\u0105 si\u0119 wszystkim innym, a Pa\u0144stwo zaoszcz\u0119dz\u0105 swoj cenny czas. W&nbsp;naszej ofercie&nbsp;mo\u017cna znale\u017a\u0107 2800 najr\u00f3\u017cniejszych profili standardowych.Ch\u0119tnie pomo\u017cemy dobra\u0107 odpowiedni profil do Pa\u0144stwa potrzeb.<\/p>\n\n\t<\/div>\n\n<\/div>\n\n\n<div class=\"wp-bootstrap-blocks-row row mx-auto\">\n\t\n\n<div class=\"col-12 col-lg-4 text-left mb-6 scroll-fade-bottom-up visibility-hidden\">\n\t\t\t\n\n<svg class=\"icon-brand mb-4\" viewBox=\"0 0 64 64\" xmlns=\"http:\/\/www.w3.org\/2000\/svg\"><g fill=\"none\" class=\"stroke-secondary\" stroke-linecap=\"square\" stroke-miterlimit=\"10\" stroke-width=\"2\"><path d=\"m62 2h-34v28l10-8h24z\"><\/path><g class=\"stroke-secondary\"><circle cx=\"50\" cy=\"36\" r=\"6\"><\/circle><circle cx=\"14\" cy=\"36\" r=\"6\"><\/circle><path d=\"m26 60v-5.965c0-1.42-.745-2.726-1.967-3.449-1.945-1.151-5.317-2.586-10.033-2.586-4.777 0-8.127 1.426-10.052 2.575-1.212.724-1.948 2.026-1.948 3.438v5.987z\"><\/path><path d=\"m62 60v-5.965c0-1.42-.745-2.726-1.967-3.449-1.945-1.151-5.317-2.586-10.033-2.586-4.777 0-8.127 1.426-10.052 2.575-1.212.724-1.948 2.026-1.948 3.438v5.987z\"><\/path><\/g><\/g><\/svg>\n\n\n\n<h5 class=\"wp-block-heading\" id=\"konsultacja\">Konsultacja<\/h5>\n\n\n\n<p>W razie jakichkolwiek pyta\u0144 lub w\u0105tpliwo\u015bci prosimy o kontakt z naszym kompetentnym zespo\u0142em sprzeda\u017cy.<\/p>\n\n\t<\/div>\n\n\n\n<div class=\"col-12 col-lg-4 text-left mb-6 scroll-fade-bottom-up visibility-hidden\">\n\t\t\t\n\n<svg class=\"icon-brand mb-4\" viewBox=\"0 0 64 64\" xmlns=\"http:\/\/www.w3.org\/2000\/svg\"><g fill=\"none\" class=\"stroke-secondary\" stroke-linecap=\"square\" stroke-miterlimit=\"10\" stroke-width=\"2\"><path d=\"m45 57 12-12\" stroke-linecap=\"butt\"><\/path><path d=\"m22 10-12 12\" stroke-linecap=\"butt\"><\/path><path d=\"m19 31-16-16 12-12 16 16\"><\/path><path d=\"m45 33 12 12 2 14-14-2-12-12\"><\/path><g class=\"stroke-secondary\"><path d=\"m.887 22.101h62.225v19.799h-62.225z\" transform=\"matrix(.7071 -.7071 .7071 .7071 -13.2548 32)\"><\/path><path d=\"m25 25 6 6\"><\/path><path d=\"m19 31 4 4\"><\/path><path d=\"m37 13 6 6\"><\/path><path d=\"m31 19 4 4\"><\/path><path d=\"m13 37 6 6\"><\/path><\/g><\/g><\/svg>\n\n\n\n<h5 class=\"wp-block-heading\" id=\"rozwoj\">Rozw\u00f3j<\/h5>\n\n\n\n<p>BLECHA to umo\u017cliwia. Wystarczy przes\u0142a\u0107 do nas szkic b\u0105d\u017a pr\u00f3bk\u0119 wymaganego profilu, a my zadbamy o jego realizacj\u0119.<\/p>\n\n\t<\/div>\n\n\n\n<div class=\"col-12 col-lg-4 text-left mb-6 scroll-fade-bottom-up visibility-hidden\">\n\t\t\t\n\n<svg class=\"icon-brand mb-4\" viewBox=\"0 0 64 64\" xmlns=\"http:\/\/www.w3.org\/2000\/svg\"><g fill=\"none\" class=\"stroke-secondary\" stroke-linecap=\"square\" stroke-miterlimit=\"10\" stroke-width=\"2\"><g stroke-linecap=\"butt\"><path d=\"m32 2v8\"><\/path><path d=\"m2 52 8-4\"><\/path><path d=\"m62 52-8-4\"><\/path><path d=\"m10 20 22 10 22-10\" class=\"stroke-secondary\"><\/path><path d=\"m32 30v28\" class=\"stroke-secondary\"><\/path><\/g><path d=\"m54 20-22-10-22 10v28l22 10 22-10z\" class=\"stroke-secondary\"><\/path><\/g><\/svg>\n\n\n\n<h5 class=\"wp-block-heading\" id=\"3d-prototyp\">3D-Prototyp<\/h5>\n\n\n\n<p>Z mi\u0142\u0105 ch\u0119ci\u0105 wydrukujemy bardzo dok\u0142adny wymiarowo plastikowy prototyp przy u\u017cyciu nowoczesnego druku 3D.<\/p>\n\n\t<\/div>\n\n\n\n<div class=\"col-12 col-lg-4 mb-6 mb-lg-0 scroll-fade-bottom-up visibility-hidden\">\n\t\t\t\n\n<svg class=\"icon-brand mb-4\" viewBox=\"0 0 64 64\" xmlns=\"http:\/\/www.w3.org\/2000\/svg\"><g fill=\"none\" class=\"stroke-secondary\" stroke-linecap=\"square\" stroke-miterlimit=\"10\" stroke-width=\"2\"><circle cx=\"32\" cy=\"32\" r=\"9\"><\/circle><path d=\"m53.091 32a21.166 21.166 0 0 0 -.5-4.516l7.155-5.418-5.272-9.132-8.286 3.5a21.034 21.034 0 0 0 -7.803-4.534l-1.112-8.9h-10.546l-1.112 8.9a21.034 21.034 0 0 0 -7.807 4.532l-8.286-3.5-5.272 9.134 7.155 5.418a20.817 20.817 0 0 0 0 9.032l-7.155 5.418 5.272 9.132 8.286-3.5a21.034 21.034 0 0 0 7.807 4.534l1.112 8.9h10.546l1.112-8.9a21.034 21.034 0 0 0 7.807-4.532l8.286 3.5 5.272-9.132-7.15-5.42a21.166 21.166 0 0 0 .491-4.516z\" class=\"stroke-secondary\"><\/path><\/g><\/svg>\n\n\n\n<h5 class=\"wp-block-heading\" id=\"realizacja\">Realizacja<\/h5>\n\n\n\n<p>Zlecenie trafia do produkcji po zatwierdzeniu przez Pa\u0144stwa pr\u00f3bki profilu.<\/p>\n\n\t<\/div>\n\n\n\n<div class=\"col-12 col-lg-4 scroll-fade-bottom-up visibility-hidden\">\n\t\t\t\n\n<svg class=\"icon-brand mb-4\" viewBox=\"0 0 64 64\" xmlns=\"http:\/\/www.w3.org\/2000\/svg\"><g fill=\"none\" class=\"stroke-secondary\" stroke-linecap=\"square\" stroke-miterlimit=\"10\" stroke-width=\"2\"><path d=\"m52 46h10v-16l-8-4-6-16h-18v36h6\" class=\"stroke-secondary\" stroke-linecap=\"butt\"><\/path><circle cx=\"44\" cy=\"46\" r=\"8\"><\/circle><path d=\"m38 18v8h8\" class=\"stroke-primary\"><\/path><path d=\"m22 10h-20\"><\/path><path d=\"m22 20h-14\"><\/path><path d=\"m22 30h-8\"><\/path><\/g><\/svg>\n\n\n\n<h5 class=\"wp-block-heading\" id=\"magazyn-logistyka\">Magazyn &amp; Logistyka<\/h5>\n\n\n\n<p>Aby obni\u017cy\u0107 koszty logistyki, dostarczamy towar w\u0142asn\u0105 flot\u0105 samochodow\u0105 lub przechowujemy go na okres do jednego roku w naszym magazynie.<\/p>\n\n\t<\/div>\n\n<\/div>\n\n<\/div>\n\n\n\n<\/section>\n","protected":false},"excerpt":{"rendered":"","protected":false},"author":2,"featured_media":5891,"parent":5427,"menu_order":0,"comment_status":"closed","ping_status":"closed","template":"page-produkte.php","meta":{"_acf_changed":false,"footnotes":""},"class_list":["post-5889","page","type-page","status-publish","has-post-thumbnail","hentry"],"acf":[],"yoast_head":"<!-- This site is optimized with the Yoast SEO plugin v27.3 - https:\/\/yoast.com\/product\/yoast-seo-wordpress\/ -->\n<title>Profile specjalne | BLECHA<\/title>\n<meta name=\"description\" content=\"Stw\u00f3rz z nami sw\u00f3j profil specjalny. Profil aluminiowy zostanie wykonany wed\u0142ug nades\u0142anego przez Pa\u0144stwa rysunku technicznego.\" \/>\n<meta name=\"robots\" content=\"index, follow, max-snippet:-1, max-image-preview:large, max-video-preview:-1\" \/>\n<link rel=\"canonical\" href=\"https:\/\/www.blecha.at\/pl\/produkty\/profile-specjalne\/\" \/>\n<meta property=\"og:locale\" content=\"pl_PL\" \/>\n<meta property=\"og:type\" content=\"article\" \/>\n<meta property=\"og:title\" content=\"Profile specjalne | BLECHA\" \/>\n<meta property=\"og:description\" content=\"Stw\u00f3rz z nami sw\u00f3j profil specjalny. Profil aluminiowy zostanie wykonany wed\u0142ug nades\u0142anego przez Pa\u0144stwa rysunku technicznego.\" \/>\n<meta property=\"og:url\" content=\"https:\/\/www.blecha.at\/pl\/produkty\/profile-specjalne\/\" \/>\n<meta property=\"og:site_name\" content=\"BLECHA\" \/>\n<meta property=\"article:modified_time\" content=\"2024-02-15T15:31:38+00:00\" \/>\n<meta property=\"og:image\" content=\"https:\/\/www.blecha.at\/wp-content\/uploads\/2021\/03\/blecha-spezialprofile-1-thumbnail.jpg\" \/>\n\t<meta property=\"og:image:width\" content=\"1600\" \/>\n\t<meta property=\"og:image:height\" content=\"1600\" \/>\n\t<meta property=\"og:image:type\" content=\"image\/jpeg\" \/>\n<meta name=\"twitter:card\" content=\"summary_large_image\" \/>\n<meta name=\"twitter:label1\" content=\"Szacowany czas czytania\" \/>\n\t<meta name=\"twitter:data1\" content=\"2 minuty\" \/>\n<script type=\"application\/ld+json\" class=\"yoast-schema-graph\">{\"@context\":\"https:\\\/\\\/schema.org\",\"@graph\":[{\"@type\":\"WebPage\",\"@id\":\"https:\\\/\\\/www.blecha.at\\\/pl\\\/produkty\\\/profile-specjalne\\\/\",\"url\":\"https:\\\/\\\/www.blecha.at\\\/pl\\\/produkty\\\/profile-specjalne\\\/\",\"name\":\"Profile specjalne | BLECHA\",\"isPartOf\":{\"@id\":\"https:\\\/\\\/www.blecha.at\\\/#website\"},\"primaryImageOfPage\":{\"@id\":\"https:\\\/\\\/www.blecha.at\\\/pl\\\/produkty\\\/profile-specjalne\\\/#primaryimage\"},\"image\":{\"@id\":\"https:\\\/\\\/www.blecha.at\\\/pl\\\/produkty\\\/profile-specjalne\\\/#primaryimage\"},\"thumbnailUrl\":\"https:\\\/\\\/www.blecha.at\\\/wp-content\\\/uploads\\\/2021\\\/03\\\/blecha-spezialprofile-1-thumbnail.jpg\",\"datePublished\":\"2021-01-22T22:04:52+00:00\",\"dateModified\":\"2024-02-15T15:31:38+00:00\",\"description\":\"Stw\u00f3rz z nami sw\u00f3j profil specjalny. Profil aluminiowy zostanie wykonany wed\u0142ug nades\u0142anego przez Pa\u0144stwa rysunku technicznego.\",\"breadcrumb\":{\"@id\":\"https:\\\/\\\/www.blecha.at\\\/pl\\\/produkty\\\/profile-specjalne\\\/#breadcrumb\"},\"inLanguage\":\"pl-PL\",\"potentialAction\":[{\"@type\":\"ReadAction\",\"target\":[\"https:\\\/\\\/www.blecha.at\\\/pl\\\/produkty\\\/profile-specjalne\\\/\"]}]},{\"@type\":\"ImageObject\",\"inLanguage\":\"pl-PL\",\"@id\":\"https:\\\/\\\/www.blecha.at\\\/pl\\\/produkty\\\/profile-specjalne\\\/#primaryimage\",\"url\":\"https:\\\/\\\/www.blecha.at\\\/wp-content\\\/uploads\\\/2021\\\/03\\\/blecha-spezialprofile-1-thumbnail.jpg\",\"contentUrl\":\"https:\\\/\\\/www.blecha.at\\\/wp-content\\\/uploads\\\/2021\\\/03\\\/blecha-spezialprofile-1-thumbnail.jpg\",\"width\":1600,\"height\":1600},{\"@type\":\"BreadcrumbList\",\"@id\":\"https:\\\/\\\/www.blecha.at\\\/pl\\\/produkty\\\/profile-specjalne\\\/#breadcrumb\",\"itemListElement\":[{\"@type\":\"ListItem\",\"position\":1,\"name\":\"Home\",\"item\":\"https:\\\/\\\/www.blecha.at\\\/pl\\\/\"},{\"@type\":\"ListItem\",\"position\":2,\"name\":\"Produkty\",\"item\":\"https:\\\/\\\/www.blecha.at\\\/pl\\\/produkty\\\/\"},{\"@type\":\"ListItem\",\"position\":3,\"name\":\"Profile specjalne\"}]},{\"@type\":\"WebSite\",\"@id\":\"https:\\\/\\\/www.blecha.at\\\/#website\",\"url\":\"https:\\\/\\\/www.blecha.at\\\/\",\"name\":\"BLECHA\",\"description\":\"Eine weitere WordPress-Website\",\"potentialAction\":[{\"@type\":\"SearchAction\",\"target\":{\"@type\":\"EntryPoint\",\"urlTemplate\":\"https:\\\/\\\/www.blecha.at\\\/?s={search_term_string}\"},\"query-input\":{\"@type\":\"PropertyValueSpecification\",\"valueRequired\":true,\"valueName\":\"search_term_string\"}}],\"inLanguage\":\"pl-PL\"}]}<\/script>\n<!-- \/ Yoast SEO plugin. -->","yoast_head_json":{"title":"Profile specjalne | BLECHA","description":"Stw\u00f3rz z nami sw\u00f3j profil specjalny. Profil aluminiowy zostanie wykonany wed\u0142ug nades\u0142anego przez Pa\u0144stwa rysunku technicznego.","robots":{"index":"index","follow":"follow","max-snippet":"max-snippet:-1","max-image-preview":"max-image-preview:large","max-video-preview":"max-video-preview:-1"},"canonical":"https:\/\/www.blecha.at\/pl\/produkty\/profile-specjalne\/","og_locale":"pl_PL","og_type":"article","og_title":"Profile specjalne | BLECHA","og_description":"Stw\u00f3rz z nami sw\u00f3j profil specjalny. Profil aluminiowy zostanie wykonany wed\u0142ug nades\u0142anego przez Pa\u0144stwa rysunku technicznego.","og_url":"https:\/\/www.blecha.at\/pl\/produkty\/profile-specjalne\/","og_site_name":"BLECHA","article_modified_time":"2024-02-15T15:31:38+00:00","og_image":[{"width":1600,"height":1600,"url":"https:\/\/www.blecha.at\/wp-content\/uploads\/2021\/03\/blecha-spezialprofile-1-thumbnail.jpg","type":"image\/jpeg"}],"twitter_card":"summary_large_image","twitter_misc":{"Szacowany czas czytania":"2 minuty"},"schema":{"@context":"https:\/\/schema.org","@graph":[{"@type":"WebPage","@id":"https:\/\/www.blecha.at\/pl\/produkty\/profile-specjalne\/","url":"https:\/\/www.blecha.at\/pl\/produkty\/profile-specjalne\/","name":"Profile specjalne | BLECHA","isPartOf":{"@id":"https:\/\/www.blecha.at\/#website"},"primaryImageOfPage":{"@id":"https:\/\/www.blecha.at\/pl\/produkty\/profile-specjalne\/#primaryimage"},"image":{"@id":"https:\/\/www.blecha.at\/pl\/produkty\/profile-specjalne\/#primaryimage"},"thumbnailUrl":"https:\/\/www.blecha.at\/wp-content\/uploads\/2021\/03\/blecha-spezialprofile-1-thumbnail.jpg","datePublished":"2021-01-22T22:04:52+00:00","dateModified":"2024-02-15T15:31:38+00:00","description":"Stw\u00f3rz z nami sw\u00f3j profil specjalny. Profil aluminiowy zostanie wykonany wed\u0142ug nades\u0142anego przez Pa\u0144stwa rysunku technicznego.","breadcrumb":{"@id":"https:\/\/www.blecha.at\/pl\/produkty\/profile-specjalne\/#breadcrumb"},"inLanguage":"pl-PL","potentialAction":[{"@type":"ReadAction","target":["https:\/\/www.blecha.at\/pl\/produkty\/profile-specjalne\/"]}]},{"@type":"ImageObject","inLanguage":"pl-PL","@id":"https:\/\/www.blecha.at\/pl\/produkty\/profile-specjalne\/#primaryimage","url":"https:\/\/www.blecha.at\/wp-content\/uploads\/2021\/03\/blecha-spezialprofile-1-thumbnail.jpg","contentUrl":"https:\/\/www.blecha.at\/wp-content\/uploads\/2021\/03\/blecha-spezialprofile-1-thumbnail.jpg","width":1600,"height":1600},{"@type":"BreadcrumbList","@id":"https:\/\/www.blecha.at\/pl\/produkty\/profile-specjalne\/#breadcrumb","itemListElement":[{"@type":"ListItem","position":1,"name":"Home","item":"https:\/\/www.blecha.at\/pl\/"},{"@type":"ListItem","position":2,"name":"Produkty","item":"https:\/\/www.blecha.at\/pl\/produkty\/"},{"@type":"ListItem","position":3,"name":"Profile specjalne"}]},{"@type":"WebSite","@id":"https:\/\/www.blecha.at\/#website","url":"https:\/\/www.blecha.at\/","name":"BLECHA","description":"Eine weitere WordPress-Website","potentialAction":[{"@type":"SearchAction","target":{"@type":"EntryPoint","urlTemplate":"https:\/\/www.blecha.at\/?s={search_term_string}"},"query-input":{"@type":"PropertyValueSpecification","valueRequired":true,"valueName":"search_term_string"}}],"inLanguage":"pl-PL"}]}},"_links":{"self":[{"href":"https:\/\/www.blecha.at\/pl\/wp-json\/wp\/v2\/pages\/5889","targetHints":{"allow":["GET"]}}],"collection":[{"href":"https:\/\/www.blecha.at\/pl\/wp-json\/wp\/v2\/pages"}],"about":[{"href":"https:\/\/www.blecha.at\/pl\/wp-json\/wp\/v2\/types\/page"}],"author":[{"embeddable":true,"href":"https:\/\/www.blecha.at\/pl\/wp-json\/wp\/v2\/users\/2"}],"replies":[{"embeddable":true,"href":"https:\/\/www.blecha.at\/pl\/wp-json\/wp\/v2\/comments?post=5889"}],"version-history":[{"count":6,"href":"https:\/\/www.blecha.at\/pl\/wp-json\/wp\/v2\/pages\/5889\/revisions"}],"predecessor-version":[{"id":27025,"href":"https:\/\/www.blecha.at\/pl\/wp-json\/wp\/v2\/pages\/5889\/revisions\/27025"}],"up":[{"embeddable":true,"href":"https:\/\/www.blecha.at\/pl\/wp-json\/wp\/v2\/pages\/5427"}],"wp:featuredmedia":[{"embeddable":true,"href":"https:\/\/www.blecha.at\/pl\/wp-json\/wp\/v2\/media\/5891"}],"wp:attachment":[{"href":"https:\/\/www.blecha.at\/pl\/wp-json\/wp\/v2\/media?parent=5889"}],"curies":[{"name":"wp","href":"https:\/\/api.w.org\/{rel}","templated":true}]}}