{"id":6271,"date":"2021-01-22T23:12:58","date_gmt":"2021-01-22T22:12:58","guid":{"rendered":"https:\/\/www.blecha.at\/produkty\/zaunsysteme\/"},"modified":"2023-05-19T13:05:15","modified_gmt":"2023-05-19T11:05:15","slug":"system-ogrodzen","status":"publish","type":"page","link":"https:\/\/www.blecha.at\/pl\/produkty\/system-ogrodzen\/","title":{"rendered":"System ogrodze\u0144"},"content":{"rendered":"\n<section id=\"sectionTwo\" class=\"mt-lg-n11 py-8 py-md-11 px-lg-9 border-left border-right border-right-lg-none bg-white\">\n\n\n<div class=\"wp-bootstrap-blocks-container container-fluid mb-0\">\n\t\n<div class=\"wp-bootstrap-blocks-row row mx-auto\">\n\t\n\n<div class=\"col-12 col-md-10\">\n\t\t\t\n\n<h2 class=\"wp-block-heading text-secondary scroll-fade-bottom-up visibility-hidden\">Aluminium ma wi\u0119cej do zaoferowania.<\/h2>\n\n\n\n<p class=\"scroll-fade-bottom-up visibility-hidden\">U nas designi funkcjonalno\u015b\u0107 idzie w parze. Dzi\u0119ki naszemu systemowi, ogrodzenie aluminiowe na Pa\u0144stwa posesji stanie si\u0119 prawdziw\u0105 ozdob\u0105.<\/p>\n\n\n\n<p class=\"scroll-fade-bottom-up visibility-hidden\">W naszej ofercie posiadamy szerok\u0105 gam\u0119 profili aluminiowych do ogrodze\u0144, balkon\u00f3w, balustrad i bram. Zapewniamy du\u017cy wyb\u00f3r listew ogrodzeniowych z dopasowanymi daszkami, listwami no\u015bnymi, listwami maskuj\u0105cymi, palisadami, s\u0142upkami, elementami monta\u017cowymi i elementami kutymi.<\/p>\n\n\n\n<p class=\"scroll-fade-bottom-up visibility-hidden\">Jako nowoczesny wariant ogrodzenia oferujemy kombinacje z lamelami, profilami zamkni\u0119tymi lub perforowanymi blachami (okr\u0105g\u0142a perforacja, kwadratowa perforacja). Aluminiowe ogrodzenia chroni\u0105ce prywatno\u015b\u0107 cenione s\u0105przede wszystkich przy projektach dom\u00f3w jednorodzinnych i wielorodzinnych oraz w budownictwie popularnym.<\/p>\n\n\n\n<p class=\"scroll-fade-bottom-up visibility-hidden\">Dzi\u0119ki licznym komponentom systemu mo\u017cna montowa\u0107 panele ogrodzeniowe wed\u0142ug w\u0142asnego gustu. &nbsp;Skorzystaj z naszej szerokiejgamy profili aluminiowych i nar\u00f3\u017cniejszych element\u00f3w dekoracyjnych do budowy ogrodze\u0144 i balkon\u00f3w.<\/p>\n\n\n\n<p class=\"scroll-fade-bottom-up visibility-hidden\">Jako osoba prywatna mo\u017cesz tu znale\u017a\u0107 pomys\u0142y i zainspirowa\u0107 si\u0119 gotowymi elementami ogrodzenia. Skontaktuj si\u0119 z firm\u0105 \u015bwiadcz\u0105c\u0105 us\u0142ug\u0119 monta\u017cu ogrodze\u0144, aby prawid\u0142owo zainstalowa\u0107 nasz system ogrodzeniowy. W razie potrzeby ch\u0119tnie przeka\u017cemy kontakt do naszych firm partnerskich.<\/p>\n\n\t<\/div>\n\n<\/div>\n\n<\/div>\n\n\n\n<\/section>\n\n\n\n<section class=\"py-8 py-md-9 px-lg-9 border-left border-right border-right-lg-none bg-primary\">\n\n\n<div class=\"wp-bootstrap-blocks-container container-fluid mb-0\">\n\t\n<div class=\"wp-bootstrap-blocks-row row mx-auto\">\n\t\n\n<div class=\"col-12 col-lg-4 text-left mb-6 mb-lg-0 scroll-fade-bottom-up visibility-hidden\">\n\t\t\t\n\n<svg class=\"icon-brand mb-4\" viewBox=\"0 0 64 64\" xmlns=\"http:\/\/www.w3.org\/2000\/svg\"><g fill=\"none\" class=\"stroke-secondary\" stroke-linecap=\"square\" stroke-miterlimit=\"10\" stroke-width=\"2\"><path d=\"m44.32 15.581 9.68 8.419-18.748 21.047\" stroke-linecap=\"butt\"><\/path><path d=\"m34 6.43 12 3.693-12 38.992\" stroke-linecap=\"butt\"><\/path><g class=\"stroke-secondary\"><path d=\"m10 2h24v60h-24z\"><\/path><circle cx=\"22\" cy=\"52\" r=\"3\"><\/circle><path d=\"m10 42h24\"><\/path><\/g><\/g><\/svg>\n\n\n\n<h5 class=\"wp-block-heading\">Kolorowe ogrodzenie?<\/h5>\n\n\n\n<p>Dostarczymy nasz system ogrodzeniowy w wybranym przez Pa\u0144stwa kolorze wed\u0142ug palety RAL lub z&nbsp;efektem imitacji drewna.<\/p>\n\n\t<\/div>\n\n\n\n<div class=\"col-12 col-lg-4 text-left mb-6 mb-lg-0 scroll-fade-bottom-up visibility-hidden\">\n\t\t\t\n\n<svg class=\"icon-brand mb-4\" viewBox=\"0 0 64 64\" xmlns=\"http:\/\/www.w3.org\/2000\/svg\"><g fill=\"none\" class=\"stroke-secondary\" stroke-linecap=\"square\" stroke-miterlimit=\"10\" stroke-width=\"2\"><path d=\"m10 10h28v11c0 1.657 1.343 3 3 3 1.657 0 3-1.343 3-3v-11h10\"><\/path><path d=\"m54 32h-44\" class=\"stroke-secondary\"><\/path><path d=\"m32 52v2\"><\/path><path d=\"m54 36c0 3.314-2.686 6-6 6h-10v14c0 3.314-2.686 6-6 6-3.314 0-6-2.686-6-6v-14h-10c-3.314 0-6-2.686-6-6v-34h44z\" class=\"stroke-secondary\"><\/path><\/g><\/svg>\n\n\n\n<h5 class=\"wp-block-heading\">Koniec z irytuj\u0105cym malowaniem<\/h5>\n\n\n\n<p>Twoje przysz\u0142e aluminiowe ogrodzenie pozostanie takie, jakie jest: pi\u0119kne przez lata.<\/p>\n\n\t<\/div>\n\n\n\n<div class=\"col-12 col-lg-4 text-left scroll-fade-bottom-up visibility-hidden\">\n\t\t\t\n\n<svg class=\"icon-brand mb-4\" viewBox=\"0 0 64 64\" xmlns=\"http:\/\/www.w3.org\/2000\/svg\"><g fill=\"none\" class=\"stroke-secondary\" stroke-linecap=\"square\" stroke-miterlimit=\"10\" stroke-width=\"2\"><path d=\"m21 22h5\"><\/path><path d=\"m21 49h5\"><\/path><g class=\"stroke-secondary\"><path d=\"m43 22h5\"><\/path><path d=\"m43 49h5\"><\/path><path d=\"m4 60v-48l6-6 6 6v48z\"><\/path><\/g><path d=\"m26 60v-48l6-6 6 6v48z\"><\/path><path d=\"m48 60v-48l6-6 6 6v48z\" class=\"stroke-secondary\"><\/path><\/g><\/svg>\n\n\n\n<h5 class=\"wp-block-heading\">Zniszczone i stare ogrodzenie nale\u017cy do przesz\u0142o\u015bci<\/h5>\n\n\n\n<p>Aluminiowe ogrodzenia lub balustardy s\u0105 odporne na ka\u017cd\u0105 pogod\u0119. Na zawsze.<\/p>\n\n\t<\/div>\n\n<\/div>\n\n<\/div>\n\n\n\n<\/section>\n\n\n\n<section data-jarallax=\"\" data-speed=\".8\" class=\"py-12 py-md-13 overlay overlay-black overlay-40 bg-cover jarallax\" style=\"background-image: url(\/wp-content\/uploads\/2021\/08\/blecha-zaunprofile-2.jpg);\">\n  <div class=\"container\">\n    <div class=\"row mx-auto\">\n      <div class=\"col-12 col-md-10\">\n        <!-- Blockquote -->\n        <blockquote class=\"blockquote mb-0\"> \n          \n          <!-- Text -->\n          <p class=\"h2 text-white text-left font-regular scroll-fade-bottom-up visibility-hidden\">Aluminium oferuje nieograniczone mo\u017cliwo\u015bci aran\u017cacji. Je\u017celi zale\u017cy Pa\u0144stwu na wyj\u0105tkowym wzorze ogrodzenia to zapraszamy do przejrzenia naszej broszury.<\/p>\n\n\n\n<div class=\"wp-block-file btn btn-secondary mt-5 scroll-fade-bottom-up visibility-hidden\"><a id=\"wp-block-file--media-2183178d-4b7b-49b9-b2bf-b71181d2f5c5\" href=\"https:\/\/www.blecha.at\/wp-content\/uploads\/2021\/02\/PDF-Broschuere-Zaunbau-Tor-und-Antriebstechnik.pdf\">Otw\u00f3rz broszur\u0119 PDF<\/a><\/div>\n\n\n\n<\/blockquote>\n      <\/div>\n    <\/div>\n  <\/div>\n<\/section>\n\n\n\n<section class=\"py-8 py-md-9 px-lg-9 border-left border-right border-right-lg-none bg-white\">\n\n\n<div class=\"wp-bootstrap-blocks-row row\">\n\t\n\n<div class=\"col-12\">\n\t\t\t\n<div class=\"row mx-auto\"><div class=\"col-12 col-md-6 col-lg-4 mb-7 scroll-fade-bottom-up visibility-hidden\">\n                <a href=\"https:\/\/www.blecha.at\/produkte\/zaunsysteme\/lamellen\/\">\n                    <div class=\"card position-relative\">\n                        <div class=\"card-zoom\"><img loading=\"lazy\" decoding=\"async\" width=\"1024\" height=\"1024\" src=\"https:\/\/www.blecha.at\/wp-content\/uploads\/2021\/08\/lamellen-1024x1024.jpg\" class=\"card-img d-block w-100 h-auto\" alt=\"\" srcset=\"https:\/\/www.blecha.at\/wp-content\/uploads\/2021\/08\/lamellen-1024x1024.jpg 1024w, https:\/\/www.blecha.at\/wp-content\/uploads\/2021\/08\/lamellen-300x300.jpg 300w, https:\/\/www.blecha.at\/wp-content\/uploads\/2021\/08\/lamellen-150x150.jpg 150w, https:\/\/www.blecha.at\/wp-content\/uploads\/2021\/08\/lamellen-768x768.jpg 768w, https:\/\/www.blecha.at\/wp-content\/uploads\/2021\/08\/lamellen-1536x1536.jpg 1536w, https:\/\/www.blecha.at\/wp-content\/uploads\/2021\/08\/lamellen.jpg 1600w\" sizes=\"auto, (max-width: 1024px) 100vw, 1024px\" \/><\/div>\n\n                        <div class=\"card-img-overlay card-img-overlay-hover-hide card-img-overlay-black\">\n                            <div class=\"card-body\">\n\n                                <!-- Heading -->\n                                <h4 class=\"font-weight-bold text-white mb-0\">Lamele<\/h4>\n\n                                <!-- Description -->\n                                \n                            <\/div>\n                        <\/div>\n                    <\/div>\n                <\/a>\n            <\/div><div class=\"col-12 col-md-6 col-lg-4 mb-7 scroll-fade-bottom-up visibility-hidden\">\n                <a href=\"https:\/\/www.blecha.at\/pl\/produkte\/zaunsysteme\/sichtschutzprofile\/\">\n                    <div class=\"card position-relative\">\n                        <div class=\"card-zoom\"><img loading=\"lazy\" decoding=\"async\" width=\"1024\" height=\"1024\" src=\"https:\/\/www.blecha.at\/wp-content\/uploads\/2021\/08\/sichtschutzprofile-1024x1024.jpg\" class=\"card-img d-block w-100 h-auto\" alt=\"\" srcset=\"https:\/\/www.blecha.at\/wp-content\/uploads\/2021\/08\/sichtschutzprofile-1024x1024.jpg 1024w, https:\/\/www.blecha.at\/wp-content\/uploads\/2021\/08\/sichtschutzprofile-300x300.jpg 300w, https:\/\/www.blecha.at\/wp-content\/uploads\/2021\/08\/sichtschutzprofile-150x150.jpg 150w, https:\/\/www.blecha.at\/wp-content\/uploads\/2021\/08\/sichtschutzprofile-768x768.jpg 768w, https:\/\/www.blecha.at\/wp-content\/uploads\/2021\/08\/sichtschutzprofile-1536x1536.jpg 1536w, https:\/\/www.blecha.at\/wp-content\/uploads\/2021\/08\/sichtschutzprofile.jpg 1600w\" sizes=\"auto, (max-width: 1024px) 100vw, 1024px\" \/><\/div>\n\n                        <div class=\"card-img-overlay card-img-overlay-hover-hide card-img-overlay-black\">\n                            <div class=\"card-body\">\n\n                                <!-- Heading -->\n                                <h4 class=\"font-weight-bold text-white mb-0\"> Profile do ograniczenia widoczno\u015bci<\/h4>\n\n                                <!-- Description -->\n                                \n                            <\/div>\n                        <\/div>\n                    <\/div>\n                <\/a>\n            <\/div><div class=\"col-12 col-md-6 col-lg-4 mb-7 scroll-fade-bottom-up visibility-hidden\">\n                <a href=\"https:\/\/www.blecha.at\/pl\/produkte\/zaunsysteme\/latten-und-kappen\/\">\n                    <div class=\"card position-relative\">\n                        <div class=\"card-zoom\"><img loading=\"lazy\" decoding=\"async\" width=\"1024\" height=\"1024\" src=\"https:\/\/www.blecha.at\/wp-content\/uploads\/2021\/08\/latten-und-kappen-1024x1024.jpg\" class=\"card-img d-block w-100 h-auto\" alt=\"\" srcset=\"https:\/\/www.blecha.at\/wp-content\/uploads\/2021\/08\/latten-und-kappen-1024x1024.jpg 1024w, https:\/\/www.blecha.at\/wp-content\/uploads\/2021\/08\/latten-und-kappen-300x300.jpg 300w, https:\/\/www.blecha.at\/wp-content\/uploads\/2021\/08\/latten-und-kappen-150x150.jpg 150w, https:\/\/www.blecha.at\/wp-content\/uploads\/2021\/08\/latten-und-kappen-768x768.jpg 768w, https:\/\/www.blecha.at\/wp-content\/uploads\/2021\/08\/latten-und-kappen-1536x1536.jpg 1536w, https:\/\/www.blecha.at\/wp-content\/uploads\/2021\/08\/latten-und-kappen.jpg 1600w\" sizes=\"auto, (max-width: 1024px) 100vw, 1024px\" \/><\/div>\n\n                        <div class=\"card-img-overlay card-img-overlay-hover-hide card-img-overlay-black\">\n                            <div class=\"card-body\">\n\n                                <!-- Heading -->\n                                <h4 class=\"font-weight-bold text-white mb-0\">Listwy i daszki<\/h4>\n\n                                <!-- Description -->\n                                \n                            <\/div>\n                        <\/div>\n                    <\/div>\n                <\/a>\n            <\/div><div class=\"col-12 col-md-6 col-lg-4 mb-7 scroll-fade-bottom-up visibility-hidden\">\n                <a href=\"https:\/\/www.blecha.at\/pl\/produkty\/system-ogrodzen\/privacy\/\">\n                    <div class=\"card position-relative\">\n                        <div class=\"card-zoom\"><img loading=\"lazy\" decoding=\"async\" width=\"1024\" height=\"1024\" src=\"https:\/\/www.blecha.at\/wp-content\/uploads\/2023\/05\/blecha-zaunsysteme-privacy.jpg\" class=\"card-img d-block w-100 h-auto\" alt=\"\" srcset=\"https:\/\/www.blecha.at\/wp-content\/uploads\/2023\/05\/blecha-zaunsysteme-privacy.jpg 1024w, https:\/\/www.blecha.at\/wp-content\/uploads\/2023\/05\/blecha-zaunsysteme-privacy-300x300.jpg 300w, https:\/\/www.blecha.at\/wp-content\/uploads\/2023\/05\/blecha-zaunsysteme-privacy-150x150.jpg 150w, https:\/\/www.blecha.at\/wp-content\/uploads\/2023\/05\/blecha-zaunsysteme-privacy-768x768.jpg 768w\" sizes=\"auto, (max-width: 1024px) 100vw, 1024px\" \/><\/div>\n\n                        <div class=\"card-img-overlay card-img-overlay-hover-hide card-img-overlay-black\">\n                            <div class=\"card-body\">\n\n                                <!-- Heading -->\n                                <h4 class=\"font-weight-bold text-white mb-0\">Privacy<\/h4>\n\n                                <!-- Description -->\n                                \n                            <\/div>\n                        <\/div>\n                    <\/div>\n                <\/a>\n            <\/div><div class=\"col-12 col-md-6 col-lg-4 mb-7 scroll-fade-bottom-up visibility-hidden\">\n                <a href=\"https:\/\/www.blecha.at\/pl\/produkte\/zaunsysteme\/palisaden-und-aufsteckteile\/\">\n                    <div class=\"card position-relative\">\n                        <div class=\"card-zoom\"><img loading=\"lazy\" decoding=\"async\" width=\"1024\" height=\"1024\" src=\"https:\/\/www.blecha.at\/wp-content\/uploads\/2021\/08\/palisaden-und-aufsteckteile-1024x1024.jpg\" class=\"card-img d-block w-100 h-auto\" alt=\"\" srcset=\"https:\/\/www.blecha.at\/wp-content\/uploads\/2021\/08\/palisaden-und-aufsteckteile-1024x1024.jpg 1024w, https:\/\/www.blecha.at\/wp-content\/uploads\/2021\/08\/palisaden-und-aufsteckteile-300x300.jpg 300w, https:\/\/www.blecha.at\/wp-content\/uploads\/2021\/08\/palisaden-und-aufsteckteile-150x150.jpg 150w, https:\/\/www.blecha.at\/wp-content\/uploads\/2021\/08\/palisaden-und-aufsteckteile-768x768.jpg 768w, https:\/\/www.blecha.at\/wp-content\/uploads\/2021\/08\/palisaden-und-aufsteckteile-1536x1536.jpg 1536w, https:\/\/www.blecha.at\/wp-content\/uploads\/2021\/08\/palisaden-und-aufsteckteile.jpg 1600w\" sizes=\"auto, (max-width: 1024px) 100vw, 1024px\" \/><\/div>\n\n                        <div class=\"card-img-overlay card-img-overlay-hover-hide card-img-overlay-black\">\n                            <div class=\"card-body\">\n\n                                <!-- Heading -->\n                                <h4 class=\"font-weight-bold text-white mb-0\">Palisady i ga\u0142ki ogrodzeniowe<\/h4>\n\n                                <!-- Description -->\n                                \n                            <\/div>\n                        <\/div>\n                    <\/div>\n                <\/a>\n            <\/div><div class=\"col-12 col-md-6 col-lg-4 mb-7 scroll-fade-bottom-up visibility-hidden\">\n                <a href=\"https:\/\/www.blecha.at\/pl\/produkte\/zaunsysteme\/dekorzaeune\/\">\n                    <div class=\"card position-relative\">\n                        <div class=\"card-zoom\"><img loading=\"lazy\" decoding=\"async\" width=\"1024\" height=\"1024\" src=\"https:\/\/www.blecha.at\/wp-content\/uploads\/2021\/08\/dekorzaeune-1024x1024.jpg\" class=\"card-img d-block w-100 h-auto\" alt=\"\" srcset=\"https:\/\/www.blecha.at\/wp-content\/uploads\/2021\/08\/dekorzaeune-1024x1024.jpg 1024w, https:\/\/www.blecha.at\/wp-content\/uploads\/2021\/08\/dekorzaeune-300x300.jpg 300w, https:\/\/www.blecha.at\/wp-content\/uploads\/2021\/08\/dekorzaeune-150x150.jpg 150w, https:\/\/www.blecha.at\/wp-content\/uploads\/2021\/08\/dekorzaeune-768x768.jpg 768w, https:\/\/www.blecha.at\/wp-content\/uploads\/2021\/08\/dekorzaeune-1536x1536.jpg 1536w, https:\/\/www.blecha.at\/wp-content\/uploads\/2021\/08\/dekorzaeune.jpg 1600w\" sizes=\"auto, (max-width: 1024px) 100vw, 1024px\" \/><\/div>\n\n                        <div class=\"card-img-overlay card-img-overlay-hover-hide card-img-overlay-black\">\n                            <div class=\"card-body\">\n\n                                <!-- Heading -->\n                                <h4 class=\"font-weight-bold text-white mb-0\">Ogrodzenia ozdobne<\/h4>\n\n                                <!-- Description -->\n                                \n                            <\/div>\n                        <\/div>\n                    <\/div>\n                <\/a>\n            <\/div><div class=\"col-12 col-md-6 col-lg-4 mb-7 scroll-fade-bottom-up visibility-hidden\">\n                <a href=\"https:\/\/www.blecha.at\/pl\/produkte\/zaunsysteme\/schmiedeoptik\/\">\n                    <div class=\"card position-relative\">\n                        <div class=\"card-zoom\"><img loading=\"lazy\" decoding=\"async\" width=\"1024\" height=\"1024\" src=\"https:\/\/www.blecha.at\/wp-content\/uploads\/2021\/08\/schmiedeoptik-1024x1024.jpg\" class=\"card-img d-block w-100 h-auto\" alt=\"\" srcset=\"https:\/\/www.blecha.at\/wp-content\/uploads\/2021\/08\/schmiedeoptik-1024x1024.jpg 1024w, https:\/\/www.blecha.at\/wp-content\/uploads\/2021\/08\/schmiedeoptik-300x300.jpg 300w, https:\/\/www.blecha.at\/wp-content\/uploads\/2021\/08\/schmiedeoptik-150x150.jpg 150w, https:\/\/www.blecha.at\/wp-content\/uploads\/2021\/08\/schmiedeoptik-768x768.jpg 768w, https:\/\/www.blecha.at\/wp-content\/uploads\/2021\/08\/schmiedeoptik-1536x1536.jpg 1536w, https:\/\/www.blecha.at\/wp-content\/uploads\/2021\/08\/schmiedeoptik.jpg 1600w\" sizes=\"auto, (max-width: 1024px) 100vw, 1024px\" \/><\/div>\n\n                        <div class=\"card-img-overlay card-img-overlay-hover-hide card-img-overlay-black\">\n                            <div class=\"card-body\">\n\n                                <!-- Heading -->\n                                <h4 class=\"font-weight-bold text-white mb-0\">Aluminium kute<\/h4>\n\n                                <!-- Description -->\n                                \n                            <\/div>\n                        <\/div>\n                    <\/div>\n                <\/a>\n            <\/div><div class=\"col-12 col-md-6 col-lg-4 mb-7 scroll-fade-bottom-up visibility-hidden\">\n                <a href=\"https:\/\/www.blecha.at\/pl\/produkte\/zaunsysteme\/balkone-und-gelaender\/\">\n                    <div class=\"card position-relative\">\n                        <div class=\"card-zoom\"><img loading=\"lazy\" decoding=\"async\" width=\"1024\" height=\"1024\" src=\"https:\/\/www.blecha.at\/wp-content\/uploads\/2021\/08\/balkone-und-gelaender-1024x1024.jpg\" class=\"card-img d-block w-100 h-auto\" alt=\"\" srcset=\"https:\/\/www.blecha.at\/wp-content\/uploads\/2021\/08\/balkone-und-gelaender-1024x1024.jpg 1024w, https:\/\/www.blecha.at\/wp-content\/uploads\/2021\/08\/balkone-und-gelaender-300x300.jpg 300w, https:\/\/www.blecha.at\/wp-content\/uploads\/2021\/08\/balkone-und-gelaender-150x150.jpg 150w, https:\/\/www.blecha.at\/wp-content\/uploads\/2021\/08\/balkone-und-gelaender-768x768.jpg 768w, https:\/\/www.blecha.at\/wp-content\/uploads\/2021\/08\/balkone-und-gelaender-1536x1536.jpg 1536w, https:\/\/www.blecha.at\/wp-content\/uploads\/2021\/08\/balkone-und-gelaender.jpg 1600w\" sizes=\"auto, (max-width: 1024px) 100vw, 1024px\" \/><\/div>\n\n                        <div class=\"card-img-overlay card-img-overlay-hover-hide card-img-overlay-black\">\n                            <div class=\"card-body\">\n\n                                <!-- Heading -->\n                                <h4 class=\"font-weight-bold text-white mb-0\">Balkony i balustrady<\/h4>\n\n                                <!-- Description -->\n                                \n                            <\/div>\n                        <\/div>\n                    <\/div>\n                <\/a>\n            <\/div><div class=\"col-12 col-md-6 col-lg-4 mb-7 scroll-fade-bottom-up visibility-hidden\">\n                <a href=\"https:\/\/www.blecha.at\/pl\/produkte\/zaunsysteme\/saeulen-und-montagematerial\/\">\n                    <div class=\"card position-relative\">\n                        <div class=\"card-zoom\"><img loading=\"lazy\" decoding=\"async\" width=\"1024\" height=\"1024\" src=\"https:\/\/www.blecha.at\/wp-content\/uploads\/2021\/08\/saeulen-und-montagematerial-1024x1024.jpg\" class=\"card-img d-block w-100 h-auto\" alt=\"\" srcset=\"https:\/\/www.blecha.at\/wp-content\/uploads\/2021\/08\/saeulen-und-montagematerial-1024x1024.jpg 1024w, https:\/\/www.blecha.at\/wp-content\/uploads\/2021\/08\/saeulen-und-montagematerial-300x300.jpg 300w, https:\/\/www.blecha.at\/wp-content\/uploads\/2021\/08\/saeulen-und-montagematerial-150x150.jpg 150w, https:\/\/www.blecha.at\/wp-content\/uploads\/2021\/08\/saeulen-und-montagematerial-768x768.jpg 768w, https:\/\/www.blecha.at\/wp-content\/uploads\/2021\/08\/saeulen-und-montagematerial-1536x1536.jpg 1536w, https:\/\/www.blecha.at\/wp-content\/uploads\/2021\/08\/saeulen-und-montagematerial.jpg 1600w\" sizes=\"auto, (max-width: 1024px) 100vw, 1024px\" \/><\/div>\n\n                        <div class=\"card-img-overlay card-img-overlay-hover-hide card-img-overlay-black\">\n                            <div class=\"card-body\">\n\n                                <!-- Heading -->\n                                <h4 class=\"font-weight-bold text-white mb-0\">S\u0142upki i elementy monta\u017cowe<\/h4>\n\n                                <!-- Description -->\n                                \n                            <\/div>\n                        <\/div>\n                    <\/div>\n                <\/a>\n            <\/div><div class=\"col-12 col-md-6 col-lg-4 mb-7 scroll-fade-bottom-up visibility-hidden\">\n                <a href=\"https:\/\/www.blecha.at\/pl\/produkte\/zaunsysteme\/traegerprofile-und-abdeckleisten\/\">\n                    <div class=\"card position-relative\">\n                        <div class=\"card-zoom\"><img loading=\"lazy\" decoding=\"async\" width=\"1024\" height=\"1024\" src=\"https:\/\/www.blecha.at\/wp-content\/uploads\/2021\/08\/traegerprofile-und-abdeckleisten-1024x1024.jpg\" class=\"card-img d-block w-100 h-auto\" alt=\"\" srcset=\"https:\/\/www.blecha.at\/wp-content\/uploads\/2021\/08\/traegerprofile-und-abdeckleisten-1024x1024.jpg 1024w, https:\/\/www.blecha.at\/wp-content\/uploads\/2021\/08\/traegerprofile-und-abdeckleisten-300x300.jpg 300w, https:\/\/www.blecha.at\/wp-content\/uploads\/2021\/08\/traegerprofile-und-abdeckleisten-150x150.jpg 150w, https:\/\/www.blecha.at\/wp-content\/uploads\/2021\/08\/traegerprofile-und-abdeckleisten-768x768.jpg 768w, https:\/\/www.blecha.at\/wp-content\/uploads\/2021\/08\/traegerprofile-und-abdeckleisten-1536x1536.jpg 1536w, https:\/\/www.blecha.at\/wp-content\/uploads\/2021\/08\/traegerprofile-und-abdeckleisten.jpg 1600w\" sizes=\"auto, (max-width: 1024px) 100vw, 1024px\" \/><\/div>\n\n                        <div class=\"card-img-overlay card-img-overlay-hover-hide card-img-overlay-black\">\n                            <div class=\"card-body\">\n\n                                <!-- Heading -->\n                                <h4 class=\"font-weight-bold text-white mb-0\">Listwy no\u015bne i kryj\u0105ce<\/h4>\n\n                                <!-- Description -->\n                                \n                            <\/div>\n                        <\/div>\n                    <\/div>\n                <\/a>\n            <\/div><div class=\"col-12 col-md-6 col-lg-4 scroll-fade-bottom-up visibility-hidden\">\n                <a href=\"https:\/\/www.blecha.at\/pl\/produkte\/zaunsysteme\/tore-und-gehtueren\/\">\n                    <div class=\"card position-relative\">\n                        <div class=\"card-zoom\"><img loading=\"lazy\" decoding=\"async\" width=\"1024\" height=\"1024\" src=\"https:\/\/www.blecha.at\/wp-content\/uploads\/2021\/08\/tore-und-gehtuere-1024x1024.jpg\" class=\"card-img d-block w-100 h-auto\" alt=\"\" srcset=\"https:\/\/www.blecha.at\/wp-content\/uploads\/2021\/08\/tore-und-gehtuere-1024x1024.jpg 1024w, https:\/\/www.blecha.at\/wp-content\/uploads\/2021\/08\/tore-und-gehtuere-300x300.jpg 300w, https:\/\/www.blecha.at\/wp-content\/uploads\/2021\/08\/tore-und-gehtuere-150x150.jpg 150w, https:\/\/www.blecha.at\/wp-content\/uploads\/2021\/08\/tore-und-gehtuere-768x768.jpg 768w, https:\/\/www.blecha.at\/wp-content\/uploads\/2021\/08\/tore-und-gehtuere-1536x1536.jpg 1536w, https:\/\/www.blecha.at\/wp-content\/uploads\/2021\/08\/tore-und-gehtuere.jpg 1600w\" sizes=\"auto, (max-width: 1024px) 100vw, 1024px\" \/><\/div>\n\n                        <div class=\"card-img-overlay card-img-overlay-hover-hide card-img-overlay-black\">\n                            <div class=\"card-body\">\n\n                                <!-- Heading -->\n                                <h4 class=\"font-weight-bold text-white mb-0\">Bramy i furtki<\/h4>\n\n                                <!-- Description -->\n                                \n                            <\/div>\n                        <\/div>\n                    <\/div>\n                <\/a>\n            <\/div><\/div>\n\n\t<\/div>\n\n<\/div>\n\n\n\n<\/section>\n\n\n\n<section class=\"py-8 py-md-11 px-lg-9 border-top border-left border-right border-right-lg-none bg-white\">\n\n\n<div class=\"wp-bootstrap-blocks-container container-fluid mb-0\">\n\t\n<div class=\"wp-bootstrap-blocks-row row\">\n\t\n\n<div class=\"col-12 col-md-10\">\n\t\t\t\n\n<h2 class=\"wp-block-heading text-secondary mb-7 scroll-fade-bottom-up visibility-hidden\">Media<\/h2>\n\n\t<\/div>\n\n<\/div>\n\n\n<div class=\"wp-bootstrap-blocks-row row\">\n\t\n\n<div class=\"col-12 col-lg-4\">\n\t\t\t\n\n<figure class=\"wp-block-embed is-type-video is-provider-youtube wp-block-embed-youtube wp-embed-aspect-16-9 wp-has-aspect-ratio\"><div class=\"wp-block-embed__wrapper\">\n<iframe loading=\"lazy\" title=\"Imagevideo Mustergarten (deutsch)\" width=\"500\" height=\"281\" src=\"https:\/\/www.youtube.com\/embed\/zSIuhvLgVjw?feature=oembed\" frameborder=\"0\" allow=\"accelerometer; autoplay; clipboard-write; encrypted-media; gyroscope; picture-in-picture; web-share\" referrerpolicy=\"strict-origin-when-cross-origin\" allowfullscreen><\/iframe>\n<\/div><\/figure>\n\n\t<\/div>\n\n<\/div>\n\n<\/div>\n\n\n\n<\/section>\n","protected":false},"excerpt":{"rendered":"Aluminium oferuje nieograniczone mo\u017cliwo\u015bci aran\u017cacji. Je\u017celi zale\u017cy Pa\u0144stwu na wyj\u0105tkowym wzorze ogrodzenia to zapraszamy do przejrzenia naszej broszury.","protected":false},"author":2,"featured_media":6273,"parent":5427,"menu_order":0,"comment_status":"closed","ping_status":"closed","template":"page-produkte.php","meta":{"_acf_changed":false,"footnotes":""},"class_list":["post-6271","page","type-page","status-publish","has-post-thumbnail","hentry"],"acf":[],"yoast_head":"<!-- This site is optimized with the Yoast SEO plugin v27.3 - https:\/\/yoast.com\/product\/yoast-seo-wordpress\/ -->\n<title>System ogrodze\u0144 | BLECHA<\/title>\n<meta name=\"description\" content=\"Dzi\u0119ki naszemu systemowi, ogrodzenie aluminiowe na Pa\u0144stwa posesji stanie si\u0119 prawdziw\u0105 ozdob\u0105.\" \/>\n<meta name=\"robots\" content=\"index, follow, max-snippet:-1, max-image-preview:large, max-video-preview:-1\" \/>\n<link rel=\"canonical\" href=\"https:\/\/www.blecha.at\/pl\/produkty\/system-ogrodzen\/\" \/>\n<meta property=\"og:locale\" content=\"pl_PL\" \/>\n<meta property=\"og:type\" content=\"article\" \/>\n<meta property=\"og:title\" content=\"System ogrodze\u0144 | BLECHA\" \/>\n<meta property=\"og:description\" content=\"Dzi\u0119ki naszemu systemowi, ogrodzenie aluminiowe na Pa\u0144stwa posesji stanie si\u0119 prawdziw\u0105 ozdob\u0105.\" \/>\n<meta property=\"og:url\" content=\"https:\/\/www.blecha.at\/pl\/produkty\/system-ogrodzen\/\" \/>\n<meta property=\"og:site_name\" content=\"BLECHA\" \/>\n<meta property=\"article:modified_time\" content=\"2023-05-19T11:05:15+00:00\" \/>\n<meta property=\"og:image\" content=\"https:\/\/www.blecha.at\/wp-content\/uploads\/2021\/03\/blecha-zaunprofile-1-thumbnail.jpg\" \/>\n\t<meta property=\"og:image:width\" content=\"1600\" \/>\n\t<meta property=\"og:image:height\" content=\"1600\" \/>\n\t<meta property=\"og:image:type\" content=\"image\/jpeg\" \/>\n<meta name=\"twitter:card\" content=\"summary_large_image\" \/>\n<meta name=\"twitter:label1\" content=\"Szacowany czas czytania\" \/>\n\t<meta name=\"twitter:data1\" content=\"2 minuty\" \/>\n<script type=\"application\/ld+json\" class=\"yoast-schema-graph\">{\"@context\":\"https:\\\/\\\/schema.org\",\"@graph\":[{\"@type\":\"WebPage\",\"@id\":\"https:\\\/\\\/www.blecha.at\\\/pl\\\/produkty\\\/system-ogrodzen\\\/\",\"url\":\"https:\\\/\\\/www.blecha.at\\\/pl\\\/produkty\\\/system-ogrodzen\\\/\",\"name\":\"System ogrodze\u0144 | BLECHA\",\"isPartOf\":{\"@id\":\"https:\\\/\\\/www.blecha.at\\\/#website\"},\"primaryImageOfPage\":{\"@id\":\"https:\\\/\\\/www.blecha.at\\\/pl\\\/produkty\\\/system-ogrodzen\\\/#primaryimage\"},\"image\":{\"@id\":\"https:\\\/\\\/www.blecha.at\\\/pl\\\/produkty\\\/system-ogrodzen\\\/#primaryimage\"},\"thumbnailUrl\":\"https:\\\/\\\/www.blecha.at\\\/wp-content\\\/uploads\\\/2021\\\/03\\\/blecha-zaunprofile-1-thumbnail.jpg\",\"datePublished\":\"2021-01-22T22:12:58+00:00\",\"dateModified\":\"2023-05-19T11:05:15+00:00\",\"description\":\"Dzi\u0119ki naszemu systemowi, ogrodzenie aluminiowe na Pa\u0144stwa posesji stanie si\u0119 prawdziw\u0105 ozdob\u0105.\",\"breadcrumb\":{\"@id\":\"https:\\\/\\\/www.blecha.at\\\/pl\\\/produkty\\\/system-ogrodzen\\\/#breadcrumb\"},\"inLanguage\":\"pl-PL\",\"potentialAction\":[{\"@type\":\"ReadAction\",\"target\":[\"https:\\\/\\\/www.blecha.at\\\/pl\\\/produkty\\\/system-ogrodzen\\\/\"]}]},{\"@type\":\"ImageObject\",\"inLanguage\":\"pl-PL\",\"@id\":\"https:\\\/\\\/www.blecha.at\\\/pl\\\/produkty\\\/system-ogrodzen\\\/#primaryimage\",\"url\":\"https:\\\/\\\/www.blecha.at\\\/wp-content\\\/uploads\\\/2021\\\/03\\\/blecha-zaunprofile-1-thumbnail.jpg\",\"contentUrl\":\"https:\\\/\\\/www.blecha.at\\\/wp-content\\\/uploads\\\/2021\\\/03\\\/blecha-zaunprofile-1-thumbnail.jpg\",\"width\":1600,\"height\":1600},{\"@type\":\"BreadcrumbList\",\"@id\":\"https:\\\/\\\/www.blecha.at\\\/pl\\\/produkty\\\/system-ogrodzen\\\/#breadcrumb\",\"itemListElement\":[{\"@type\":\"ListItem\",\"position\":1,\"name\":\"Home\",\"item\":\"https:\\\/\\\/www.blecha.at\\\/pl\\\/\"},{\"@type\":\"ListItem\",\"position\":2,\"name\":\"Produkty\",\"item\":\"https:\\\/\\\/www.blecha.at\\\/pl\\\/produkty\\\/\"},{\"@type\":\"ListItem\",\"position\":3,\"name\":\"System ogrodze\u0144\"}]},{\"@type\":\"WebSite\",\"@id\":\"https:\\\/\\\/www.blecha.at\\\/#website\",\"url\":\"https:\\\/\\\/www.blecha.at\\\/\",\"name\":\"BLECHA\",\"description\":\"Eine weitere WordPress-Website\",\"potentialAction\":[{\"@type\":\"SearchAction\",\"target\":{\"@type\":\"EntryPoint\",\"urlTemplate\":\"https:\\\/\\\/www.blecha.at\\\/?s={search_term_string}\"},\"query-input\":{\"@type\":\"PropertyValueSpecification\",\"valueRequired\":true,\"valueName\":\"search_term_string\"}}],\"inLanguage\":\"pl-PL\"}]}<\/script>\n<!-- \/ Yoast SEO plugin. -->","yoast_head_json":{"title":"System ogrodze\u0144 | BLECHA","description":"Dzi\u0119ki naszemu systemowi, ogrodzenie aluminiowe na Pa\u0144stwa posesji stanie si\u0119 prawdziw\u0105 ozdob\u0105.","robots":{"index":"index","follow":"follow","max-snippet":"max-snippet:-1","max-image-preview":"max-image-preview:large","max-video-preview":"max-video-preview:-1"},"canonical":"https:\/\/www.blecha.at\/pl\/produkty\/system-ogrodzen\/","og_locale":"pl_PL","og_type":"article","og_title":"System ogrodze\u0144 | BLECHA","og_description":"Dzi\u0119ki naszemu systemowi, ogrodzenie aluminiowe na Pa\u0144stwa posesji stanie si\u0119 prawdziw\u0105 ozdob\u0105.","og_url":"https:\/\/www.blecha.at\/pl\/produkty\/system-ogrodzen\/","og_site_name":"BLECHA","article_modified_time":"2023-05-19T11:05:15+00:00","og_image":[{"width":1600,"height":1600,"url":"https:\/\/www.blecha.at\/wp-content\/uploads\/2021\/03\/blecha-zaunprofile-1-thumbnail.jpg","type":"image\/jpeg"}],"twitter_card":"summary_large_image","twitter_misc":{"Szacowany czas czytania":"2 minuty"},"schema":{"@context":"https:\/\/schema.org","@graph":[{"@type":"WebPage","@id":"https:\/\/www.blecha.at\/pl\/produkty\/system-ogrodzen\/","url":"https:\/\/www.blecha.at\/pl\/produkty\/system-ogrodzen\/","name":"System ogrodze\u0144 | BLECHA","isPartOf":{"@id":"https:\/\/www.blecha.at\/#website"},"primaryImageOfPage":{"@id":"https:\/\/www.blecha.at\/pl\/produkty\/system-ogrodzen\/#primaryimage"},"image":{"@id":"https:\/\/www.blecha.at\/pl\/produkty\/system-ogrodzen\/#primaryimage"},"thumbnailUrl":"https:\/\/www.blecha.at\/wp-content\/uploads\/2021\/03\/blecha-zaunprofile-1-thumbnail.jpg","datePublished":"2021-01-22T22:12:58+00:00","dateModified":"2023-05-19T11:05:15+00:00","description":"Dzi\u0119ki naszemu systemowi, ogrodzenie aluminiowe na Pa\u0144stwa posesji stanie si\u0119 prawdziw\u0105 ozdob\u0105.","breadcrumb":{"@id":"https:\/\/www.blecha.at\/pl\/produkty\/system-ogrodzen\/#breadcrumb"},"inLanguage":"pl-PL","potentialAction":[{"@type":"ReadAction","target":["https:\/\/www.blecha.at\/pl\/produkty\/system-ogrodzen\/"]}]},{"@type":"ImageObject","inLanguage":"pl-PL","@id":"https:\/\/www.blecha.at\/pl\/produkty\/system-ogrodzen\/#primaryimage","url":"https:\/\/www.blecha.at\/wp-content\/uploads\/2021\/03\/blecha-zaunprofile-1-thumbnail.jpg","contentUrl":"https:\/\/www.blecha.at\/wp-content\/uploads\/2021\/03\/blecha-zaunprofile-1-thumbnail.jpg","width":1600,"height":1600},{"@type":"BreadcrumbList","@id":"https:\/\/www.blecha.at\/pl\/produkty\/system-ogrodzen\/#breadcrumb","itemListElement":[{"@type":"ListItem","position":1,"name":"Home","item":"https:\/\/www.blecha.at\/pl\/"},{"@type":"ListItem","position":2,"name":"Produkty","item":"https:\/\/www.blecha.at\/pl\/produkty\/"},{"@type":"ListItem","position":3,"name":"System ogrodze\u0144"}]},{"@type":"WebSite","@id":"https:\/\/www.blecha.at\/#website","url":"https:\/\/www.blecha.at\/","name":"BLECHA","description":"Eine weitere WordPress-Website","potentialAction":[{"@type":"SearchAction","target":{"@type":"EntryPoint","urlTemplate":"https:\/\/www.blecha.at\/?s={search_term_string}"},"query-input":{"@type":"PropertyValueSpecification","valueRequired":true,"valueName":"search_term_string"}}],"inLanguage":"pl-PL"}]}},"_links":{"self":[{"href":"https:\/\/www.blecha.at\/pl\/wp-json\/wp\/v2\/pages\/6271","targetHints":{"allow":["GET"]}}],"collection":[{"href":"https:\/\/www.blecha.at\/pl\/wp-json\/wp\/v2\/pages"}],"about":[{"href":"https:\/\/www.blecha.at\/pl\/wp-json\/wp\/v2\/types\/page"}],"author":[{"embeddable":true,"href":"https:\/\/www.blecha.at\/pl\/wp-json\/wp\/v2\/users\/2"}],"replies":[{"embeddable":true,"href":"https:\/\/www.blecha.at\/pl\/wp-json\/wp\/v2\/comments?post=6271"}],"version-history":[{"count":9,"href":"https:\/\/www.blecha.at\/pl\/wp-json\/wp\/v2\/pages\/6271\/revisions"}],"predecessor-version":[{"id":21525,"href":"https:\/\/www.blecha.at\/pl\/wp-json\/wp\/v2\/pages\/6271\/revisions\/21525"}],"up":[{"embeddable":true,"href":"https:\/\/www.blecha.at\/pl\/wp-json\/wp\/v2\/pages\/5427"}],"wp:featuredmedia":[{"embeddable":true,"href":"https:\/\/www.blecha.at\/pl\/wp-json\/wp\/v2\/media\/6273"}],"wp:attachment":[{"href":"https:\/\/www.blecha.at\/pl\/wp-json\/wp\/v2\/media?parent=6271"}],"curies":[{"name":"wp","href":"https:\/\/api.w.org\/{rel}","templated":true}]}}