{"id":5185,"date":"2021-01-22T21:44:17","date_gmt":"2021-01-22T20:44:17","guid":{"rendered":"https:\/\/www.blecha.at\/rezultate\/verpackung-und-versand\/"},"modified":"2021-10-04T14:05:05","modified_gmt":"2021-10-04T12:05:05","slug":"ambalare-si-livrare","status":"publish","type":"page","link":"https:\/\/www.blecha.at\/ro\/rezultate\/ambalare-si-livrare\/","title":{"rendered":"Verpackung und Versand"},"content":{"rendered":"\n<section id=\"sectionTwo\" class=\"mt-lg-n11 py-8 py-md-11 px-lg-9 border-left border-right border-right-lg-none bg-white\">\n\n\n<div class=\"wp-bootstrap-blocks-container container-fluid mb-0\">\n\t\n<div class=\"wp-bootstrap-blocks-row row mx-auto\">\n\t\n\n<div class=\"col-12 col-md-10\">\n\t\t\t\n\n<h2 class=\"text-secondary scroll-fade-bottom-up visibility-hidden wp-block-heading\">Mai rapid la destina\u021bie! <br>Cu sistemul de logistic\u0103 BLECHA, cel mai sigur serviciu de livrare.<\/h2>\n\n\n\n<p class=\"scroll-fade-bottom-up visibility-hidden\">Clien\u021bii no\u0219tri apreciaz\u0103 calitatea oferit\u0103 de noi. \u00cens\u0103 aceasta nu se aplic\u0103 doar materialelor folosite. Promisiunea calit\u0103\u021bii merge dincolo de etapa plas\u0103rii comenzii, \u00eencep\u00e2nd cu primul salut \u0219i p\u00e2n\u0103 la momentul \u00een care curierul sun\u0103 la u\u0219a dvs. Astfel, noi prelu\u0103m toate sarcinile \u00een ceea ce prive\u0219te solu\u021biile optime de ambalare, astfel \u00eenc\u00e2t comanda s\u0103 ajung\u0103 100% \u00een siguran\u021b\u0103 \u0219i \u00een stare perfect\u0103 la adresa dvs. Apoi, stabilim \u00eempreun\u0103 cu dvs. \u0219i pe baza orarului nostru de transport datele livr\u0103rii pe teritoriul \u0219i \u00een vecin\u0103tatea Austriei. \u00cen cazuri excep\u021bionale \u0219i pe alte c\u0103i de livrare, avem la dispozi\u021bie parteneri de \u00eencredere pentru a efectua o livrare rapid\u0103 \u0219i sigur\u0103. De asemenea, ne ocup\u0103m \u0219i de derularea optim\u0103 a procedurilor vamale. Concentra\/i-v\u0103 asupra proiectului dvs., iar ni ne ocup\u0103m de restul.<\/p>\n\n\t<\/div>\n\n<\/div>\n\n<\/div>\n\n\n\n<\/section>\n\n\n\n<section class=\"border-left border-right border-right-lg-none bg-primary\">\n\n\n<div class=\"wp-bootstrap-blocks-container container-fluid mb-0 px-0\">\n\t\n<div class=\"wp-bootstrap-blocks-row row mx-auto\">\n\t\n\n<div class=\"col-12 col-md-6 px-7 px-lg-9 py-7 py-lg-9\">\n\t\t\t\n\n<h3 class=\"text-secondary scroll-fade-bottom-up visibility-hidden wp-block-heading\">Dispozitiv de ambalat<\/h3>\n\n\n\n<p class=\"scroll-fade-bottom-up visibility-hidden\">Prin utilizarea dispozitivelor noastre de ambalat, BLECHA v\u0103 garanteaz\u0103 siguran\u021ba, stabilitatea \u0219i protec\u021bia transportului comenzii dvs. Dac\u0103 dori\u021bi, v\u0103 putem ambala produsele \u00een leg\u0103turi sau individual, folosind folii sub\u021biri.<\/p>\n\n\n\n<h5 class=\"text-secondary mt-7 mb-5 scroll-fade-bottom-up visibility-hidden wp-block-heading\">Posibilit\u0103\u021bi tehnice:<\/h5>\n\n\n\n<div class=\"d-flex text-left scroll-fade-bottom-up visibility-hidden\">\n<div class=\"badge badge-rounded-circle badge-secondary mt-1 mr-4\">\n<i class=\"fe fe-check\"><\/i>\n<\/div><p class=\"text-white\">L\u0103\u021bimea produsului: 100 mm &#8211; 550 mm<\/p><\/div>\n\n<div class=\"d-flex text-left scroll-fade-bottom-up visibility-hidden\">\n<div class=\"badge badge-rounded-circle badge-secondary mt-1 mr-4\">\n<i class=\"fe fe-check\"><\/i>\n<\/div><p class=\"text-white\">\u00cen\u0103l\u021bimea produsului: 30 mm &#8211; 500 mm<\/p><\/div>\n\n<div class=\"d-flex text-left scroll-fade-bottom-up visibility-hidden\">\n<div class=\"badge badge-rounded-circle badge-secondary mt-1 mr-4\">\n<i class=\"fe fe-check\"><\/i>\n<\/div><p class=\"text-white\">Lungimea produsului: 2000 mm &#8211; 6020 mm<\/p><\/div>\n\n<div class=\"d-flex text-left scroll-fade-bottom-up visibility-hidden\">\n<div class=\"badge badge-rounded-circle badge-secondary mt-1 mr-4\">\n<i class=\"fe fe-check\"><\/i>\n<\/div><p class=\"text-white\">Greutatea produsului: max. 600 kg<\/p><\/div>\n\n<div class=\"d-flex text-left scroll-fade-bottom-up visibility-hidden\">\n<div class=\"badge badge-rounded-circle badge-secondary mt-1 mr-4\">\n<i class=\"fe fe-check\"><\/i>\n<\/div><p class=\"text-white\">Diagonala produsului: max. 744 mm<\/p><\/div>\n\n\t<\/div>\n\n\n\n<div class=\"col-12 col-md-6 px-0 scroll-reveal-right-to-left\">\n\t\t\t\n\n<div class=\"reveal-item\">\n<div class=\"reveal-item-inner\">\n\n\n\n<figure class=\"wp-block-image size-large wp-block-image-cover h-100 mb-0\"><img loading=\"lazy\" decoding=\"async\" width=\"795\" height=\"1024\" src=\"https:\/\/www.blecha.at\/wp-content\/uploads\/2021\/02\/blecha-wickelmaschine-1-795x1024.jpg\" alt=\"\" class=\"wp-image-1854\" srcset=\"https:\/\/www.blecha.at\/wp-content\/uploads\/2021\/02\/blecha-wickelmaschine-1-795x1024.jpg 795w, https:\/\/www.blecha.at\/wp-content\/uploads\/2021\/02\/blecha-wickelmaschine-1-233x300.jpg 233w, https:\/\/www.blecha.at\/wp-content\/uploads\/2021\/02\/blecha-wickelmaschine-1-768x990.jpg 768w, https:\/\/www.blecha.at\/wp-content\/uploads\/2021\/02\/blecha-wickelmaschine-1-1192x1536.jpg 1192w, https:\/\/www.blecha.at\/wp-content\/uploads\/2021\/02\/blecha-wickelmaschine-1-1589x2048.jpg 1589w, https:\/\/www.blecha.at\/wp-content\/uploads\/2021\/02\/blecha-wickelmaschine-1.jpg 1707w\" sizes=\"auto, (max-width: 795px) 100vw, 795px\" \/><\/figure>\n\n\n\n<\/div>\n<\/div>\n\n\t<\/div>\n\n\n\n<div class=\"col-12 col-md-6 px-7 px-lg-9 py-7 py-lg-9 order-md-2\">\n\t\t\t\n\n<h3 class=\"text-secondary scroll-fade-bottom-up visibility-hidden wp-block-heading\">Stivuitoare \u0219i instala\u021bii de ridicare a comenzilor<\/h3>\n\n\n\n<p>La BLECHA lucr\u0103m cu 10 motostivuitoare de ultim\u0103 genera\u021bie, cu ajutorul c\u0103rora se \u00eencarc\u0103 \u0219i se descarc\u0103 vehiculele noastre.<\/p>\n\n\n\n<p>\u00cen afar\u0103 de acestea, mai avem \u0219i 4 stivuitoare cu \u00eenc\u0103rcare lateral\u0103, cu 4 direc\u021bii flexibile \u0219i co\u0219 pentru ridicarea comenzilor, care sunt utilizate pentru ridicarea produselor de pe rafturi \u0219i preg\u0103tirea lor pentru clien\u021bi.<\/p>\n\n\n\n<p>\u00cen cele din urm\u0103, mai folosim 4 stivuitoare cu \u00eenc\u0103rcare lateral\u0103, cu 4 direc\u021bii flexibile, f\u0103r\u0103 co\u0219 pentru ridicarea comenzilor, cu ajutorul c\u0103rora exper\u021bii no\u0219tri cu experien\u021b\u0103 \u00eendelungat\u0103 stivuiesc produsele pe rafturi. Astfel, suntem perfect echipa\u021bi pentru a ne aproviziona clien\u021bii cu produsele noastre de \u00eenalt\u0103 calitate \u00eentr-un mod rapid \u0219i eficient. \u00cencepe\u021bi-v\u0103 urm\u0103torul proiect cu BLECHA \u0219i convinge\u021bi-v\u0103 singuri.<\/p>\n\n\t<\/div>\n\n\n\n<div class=\"col-12 col-md-6 px-0 scroll-reveal-left-to-right\">\n\t\t\t\n\n<div class=\"reveal-item\">\n<div class=\"reveal-item-inner\">\n\n\n\n<figure class=\"wp-block-image size-large wp-block-image-cover h-100 mb-0\"><img loading=\"lazy\" decoding=\"async\" width=\"795\" height=\"1024\" src=\"https:\/\/www.blecha.at\/wp-content\/uploads\/2021\/02\/blecha-kommissioniermaschine-1-795x1024.jpg\" alt=\"\" class=\"wp-image-1869\" srcset=\"https:\/\/www.blecha.at\/wp-content\/uploads\/2021\/02\/blecha-kommissioniermaschine-1-795x1024.jpg 795w, https:\/\/www.blecha.at\/wp-content\/uploads\/2021\/02\/blecha-kommissioniermaschine-1-233x300.jpg 233w, https:\/\/www.blecha.at\/wp-content\/uploads\/2021\/02\/blecha-kommissioniermaschine-1-768x990.jpg 768w, https:\/\/www.blecha.at\/wp-content\/uploads\/2021\/02\/blecha-kommissioniermaschine-1-1192x1536.jpg 1192w, https:\/\/www.blecha.at\/wp-content\/uploads\/2021\/02\/blecha-kommissioniermaschine-1-1589x2048.jpg 1589w, https:\/\/www.blecha.at\/wp-content\/uploads\/2021\/02\/blecha-kommissioniermaschine-1.jpg 1707w\" sizes=\"auto, (max-width: 795px) 100vw, 795px\" \/><\/figure>\n\n\n\n<\/div>\n<\/div>\n\n\t<\/div>\n\n<\/div>\n\n<\/div>\n\n\n\n<\/section>\n\n\n\n<section class=\"py-8 py-md-11 px-lg-9 border-left border-right border-right-lg-none bg-light\">\n\n\n<div class=\"wp-bootstrap-blocks-container container-fluid mb-0\">\n\t\n<div class=\"wp-bootstrap-blocks-row row mx-auto\">\n\t\n\n<div class=\"col-12 col-md-10\">\n\t\t\t\n\n<h3 class=\"scroll-fade-bottom-up visibility-hidden wp-block-heading\">Instala\u021bia de asamblare pentru foi de tabl\u0103<meta charset=\"utf-8\"><\/h3>\n\n\n\n<p class=\"scroll-fade-bottom-up visibility-hidden\">\u00cen cadrul acestui proces rapid \u0219i automat, stivuim foile de tabl\u0103 comandate, piesele din tabl\u0103 \u0219i pl\u0103cile, protej\u00e2nd materialul, iar la cerere, chiar \u0219i f\u0103r\u0103 foi separatoare din h\u00e2rtie.<\/p>\n\n\n\n<h5 class=\"wp-block-heading\">Avantajele dvs.:<\/h5>\n\n\n\n<div class=\"d-flex text-left scroll-fade-bottom-up visibility-hidden\">\n<div class=\"badge badge-rounded-circle badge-secondary mt-1 mr-4\">\n<i class=\"fe fe-check\"><\/i>\n<\/div><p class=\"text-black\">Timp scurt de livrare<\/p><\/div>\n\n<div class=\"d-flex text-left scroll-fade-bottom-up visibility-hidden\">\n<div class=\"badge badge-rounded-circle badge-secondary mt-1 mr-4\">\n<i class=\"fe fe-check\"><\/i>\n<\/div><p class=\"text-black\">Cea mai \u00eenalt\u0103 calitate a suprafe\u021belor<\/p><\/div>\n\n<div class=\"d-flex text-left scroll-fade-bottom-up visibility-hidden\">\n<div class=\"badge badge-rounded-circle badge-secondary mt-1 mr-4\">\n<i class=\"fe fe-check\"><\/i>\n<\/div><p class=\"text-black\">F\u0103r\u0103 costuri suplimentare<\/p><\/div>\n\n\t<\/div>\n\n<\/div>\n\n<\/div>\n\n\n\n<\/section>\n\n\n\n<section class=\"py-8 py-md-11 px-lg-9 border-left border-right border-right-lg-none bg-white\">\n\n\n<div class=\"wp-bootstrap-blocks-container container-fluid mb-0\">\n\t\n<div class=\"wp-bootstrap-blocks-row row mx-auto\">\n\t\n\n<div class=\"col-12 col-md-10\">\n\t\t\t\n\n<h3 class=\"scroll-fade-bottom-up visibility-hidden wp-block-heading\">Parcul auto BLECHA<\/h3>\n\n\n\n<p class=\"scroll-fade-bottom-up visibility-hidden\">Niciun drum nu este prea lung pentru noi. Nici pentru sistemul nostru de transport. Primi\u021bi comanda \u00een Austria, Germania, Cehia, Slovacia, Ungaria, Slovenia, Tirolul de Sud, Italia \u0219i p\u00e2n\u0103 \u00een Croa\u021bia. Sau folosi\u021bi sistemul nostru de livrare \u00een 5 zile pe teritoriul Austriei, la o greutate minim\u0103 de livrare de 100 kg pe adres\u0103. Nu este suficient? Atunci ne bucur\u0103m s\u0103 ne lansa\u021bi o provocare. Contacta\u021bi-ne iar noi vom reu\u0219i s\u0103 v\u0103 \u00eendeplinim dorin\u021ba!<\/p>\n\n\t<\/div>\n\n<\/div>\n\n<\/div>\n\n\n\n<\/section>\n\n\n\n<section class=\"px-lg-9 border-left border-right border-right-lg-none bg-secondary\">\n\n\n<div class=\"wp-bootstrap-blocks-container container-fluid mb-0\">\n\t\n<div class=\"wp-bootstrap-blocks-row row mx-auto\">\n\t\n\n<div class=\"col-12 col-md-12 text-white border-bottom border-white py-7 py-lg-9\">\n\t\t\t\n\n<svg class=\"icon-brand mb-4 scroll-fade-bottom-up visibility-hidden\" viewBox=\"0 0 64 64\" xmlns=\"http:\/\/www.w3.org\/2000\/svg\"><g fill=\"none\" class=\"stroke-primary\" stroke-linecap=\"square\" stroke-miterlimit=\"10\" stroke-width=\"2\"><path d=\"m20 56v6h-11v-6\"><\/path><path d=\"m55 56v6h-11v-6\"><\/path><g class=\"stroke-primary\"><path d=\"m4 25v7\"><\/path><path d=\"m60 25v7\"><\/path><path d=\"m58.073 39.887-4.073-4.887v-33h-44v33l-4.073 4.887c-.599.719-.927 1.623-.927 2.559v13.554h54v-13.552c0-.936-.328-1.842-.927-2.561z\"><\/path><\/g><circle cx=\"16\" cy=\"46\" r=\"4\"><\/circle><circle cx=\"48\" cy=\"46\" r=\"4\"><\/circle><path d=\"m28 46h8\"><\/path><path d=\"m10 8h44\" class=\"stroke-primary\" stroke-linecap=\"butt\"><\/path><path d=\"m16 14h32v20h-32z\"><\/path><\/g><\/svg>\n\n\n\n<h4 class=\"scroll-fade-bottom-up visibility-hidden wp-block-heading\">Preluarea m\u0103rfurilor<\/h4>\n\n\n\n<p class=\"mb-5 scroll-fade-bottom-up visibility-hidden\">\u00cen acest caz, clien\u021bii no\u0219tri preiau singuri produsele. \u00cens\u0103 \u0219i \u00een aceste situa\u021bii acord\u0103m importan\u021b\u0103 siguran\u021bei \u0219i respect\u0103rii prevederilor legale:<\/p>\n\n\n\n<div class=\"d-flex text-left scroll-fade-bottom-up visibility-hidden\">\n<div class=\"badge badge-rounded-circle badge-primary mt-1 mr-4\">\n<i class=\"fe fe-check\"><\/i>\n<\/div><p class=\"text-white\">Autovehiculul trebuie s\u0103 corespund\u0103 tehnic cerin\u021belor de \u00eenc\u0103rcare<\/p><\/div>\n\n<div class=\"d-flex text-left scroll-fade-bottom-up visibility-hidden\">\n<div class=\"badge badge-rounded-circle badge-primary mt-1 mr-4\">\n<i class=\"fe fe-check\"><\/i>\n<\/div><p class=\"text-white\">Greutatea maxim\u0103 total\u0103 admis\u0103 a autovehiculului nu trebuie s\u0103 fie dep\u0103\u0219it\u0103<\/p><\/div>\n\n<div class=\"d-flex text-left scroll-fade-bottom-up visibility-hidden\">\n<div class=\"badge badge-rounded-circle badge-primary mt-1 mr-4\">\n<i class=\"fe fe-check\"><\/i>\n<\/div><p class=\"text-white\">Trebuie s\u0103 ave\u021bi chingi de \u00eentindere pentru a fixa produsele*<\/p><\/div>\n\n<div class=\"d-flex text-left scroll-fade-bottom-up visibility-hidden\">\n<div class=\"badge badge-rounded-circle badge-primary mt-1 mr-4\">\n<i class=\"fe fe-check\"><\/i>\n<\/div><p class=\"text-white\">Trebuie s\u0103 aduce\u021bi cu dvs. o platform\u0103 de \u00eenc\u0103rcare pentru m\u0103rfurile de o lungime mai mare<\/p><\/div>\n\n<div class=\"d-flex text-left scroll-fade-bottom-up visibility-hidden\">\n<div class=\"badge badge-rounded-circle badge-primary mt-1 mr-4\">\n<i class=\"fe fe-check\"><\/i>\n<\/div><p class=\"text-white\">\u00cenc\u0103rc\u0103tura nu trebuie s\u0103 dep\u0103\u0219easc\u0103 4 m \u00een \u00een\u0103l\u021bime<\/p><\/div>\n\n\n\n<p class=\"mt-3 scroll-fade-bottom-up visibility-hidden\"><em>* Pute\u021bi achizi\u021biona oric\u00e2nd de la noi chingile de \u00eentindere sau sistemele de prindere similare necesare pentru transport. Adresa\u021bi-v\u0103 consilierului \u00een v\u00e2nz\u0103ri \u0219i astfel produsele necesare v\u0103 vor sta la dispozi\u021bie c\u00e2nd veni\u021bi s\u0103 prelua\u021bi marfa<\/em>.<\/p>\n\n\t<\/div>\n\n\n\n<div class=\"col-12 col-md-6 text-white py-7 border-bottom border-white\">\n\t\t\t\n\n<svg class=\"icon-brand mb-4 scroll-fade-bottom-up visibility-hidden\" viewBox=\"0 0 64 64\" xmlns=\"http:\/\/www.w3.org\/2000\/svg\"><g fill=\"none\" class=\"stroke-primary\" stroke-linecap=\"square\" stroke-miterlimit=\"10\" stroke-width=\"2\"><g class=\"stroke-primary\"><path d=\"m44 19h11l7 14v17h-8\"><\/path><path d=\"m42 50h-21\"><\/path><path d=\"m9 50h-7v-42h37v29\"><\/path><\/g><path d=\"m47 25v8l9-.001\"><\/path><circle cx=\"15\" cy=\"50\" r=\"6\"><\/circle><circle cx=\"48\" cy=\"50\" r=\"6\"><\/circle><\/g><\/svg>\n\n\n\n<h4 class=\"scroll-fade-bottom-up visibility-hidden wp-block-heading\">Transportul m\u0103rfurilor<\/h4>\n\n\n\n<p class=\"scroll-fade-bottom-up visibility-hidden\">Primi\u021bi-v\u0103 marfa \u00een peste 60 de \u021b\u0103ri din lume. Ne ocup\u0103m de gestionarea optim\u0103 a procesului, precum \u0219i de toat\u0103 documenta\u021bia aferent\u0103 livr\u0103rii \u0219i procedurilor vamale \u00een limba \u021b\u0103rii de destina\u021bie.<\/p>\n\n\t<\/div>\n\n\n\n<div class=\"col-12 col-md-6 text-white py-7 border-bottom border-white\">\n\t\t\t\n\n<svg class=\"icon-brand mb-4 scroll-fade-bottom-up visibility-hidden\" viewBox=\"0 0 64 64\" xmlns=\"http:\/\/www.w3.org\/2000\/svg\"><g fill=\"none\" class=\"stroke-primary\" stroke-linecap=\"square\" stroke-miterlimit=\"10\" stroke-width=\"2\"><path d=\"m2 16h60\" class=\"stroke-primary\" stroke-linecap=\"butt\"><\/path><path d=\"m62 16-14-12h-32l-14 12v44h60z\" class=\"stroke-primary\"><\/path><path d=\"m40 36h-16v-20l6-12h4l6 12z\"><\/path><\/g><\/svg>\n\n\n\n<h4 class=\"scroll-fade-bottom-up visibility-hidden wp-block-heading\">Servicii de curierat<\/h4>\n\n\n\n<p class=\"scroll-fade-bottom-up visibility-hidden\">\u00cen cazul pachetelor mai mici, serviciile noastre de curierat v\u0103 vin \u00een ajutor. Apela\u021bi la serviciile noastre avantajoase ca pre\u021b, at\u00e2t \u00een \u021bar\u0103, c\u00e2t \u0219i \u00een str\u0103in\u0103tate, pentru pachete cu o lungime maxim\u0103 de 2 m, sau, pentru transportul pe calea ferat\u0103, pachete cu o lungime maxim\u0103 de 3 m.<\/p>\n\n\t<\/div>\n\n\n\n<div class=\"col-12 text-white mt-5 pb-7 pb-md-9\">\n\t\t\t\n\n<p class=\"scroll-fade-bottom-up visibility-hidden\"><em>Costurile de transport iau \u00een considerare tipul de transport, zona de livrare, marfa, greutatea, etc. \u00cens\u0103 echipa noastr\u0103 se ocup\u0103 cu aten\u021bie \u0219i de aceste detalii, pentru a v\u0103 preg\u0103ti o livrare c\u00e2t mai eficient\u0103.<\/em><\/p>\n\n\t<\/div>\n\n<\/div>\n\n<\/div>\n\n\n\n<\/section>\n\n\n\n<section class=\"py-8 py-md-11 px-lg-9 border-left border-right border-right-lg-none bg-white\">\n\n\n<div class=\"wp-bootstrap-blocks-container container-fluid mb-0\">\n\t\n<div class=\"wp-bootstrap-blocks-row row mx-auto\">\n\t\n\n<div class=\"col-12 col-md-10\">\n\t\t\t\n\n<h2 class=\"text-secondary mb-7 scroll-fade-bottom-up visibility-hidden wp-block-heading\">Resurse media<\/h2>\n\n\t<\/div>\n\n\n\n<div class=\"col-12 col-lg-4\">\n\t\t\t\n\n<figure class=\"wp-block-embed is-type-video is-provider-youtube wp-block-embed-youtube wp-embed-aspect-16-9 wp-has-aspect-ratio\"><div class=\"wp-block-embed__wrapper\">\n<iframe loading=\"lazy\" title=\"Wickelmaschine bei Firma Blecha\" width=\"500\" height=\"281\" src=\"https:\/\/www.youtube.com\/embed\/U-TvgAFpl-I?feature=oembed\" frameborder=\"0\" allow=\"accelerometer; autoplay; clipboard-write; encrypted-media; gyroscope; picture-in-picture; web-share\" referrerpolicy=\"strict-origin-when-cross-origin\" allowfullscreen><\/iframe>\n<\/div><\/figure>\n\n\t<\/div>\n\n\n\n<div class=\"col-12 col-lg-4\">\n\t\t\t\n\n<figure class=\"wp-block-embed is-type-video is-provider-youtube wp-block-embed-youtube wp-embed-aspect-16-9 wp-has-aspect-ratio\"><div class=\"wp-block-embed__wrapper\">\n<iframe loading=\"lazy\" title=\"Blech-Kommissionier Anlage bei Firma Blecha\" width=\"500\" height=\"281\" src=\"https:\/\/www.youtube.com\/embed\/YCuRZ2LqE0E?feature=oembed\" frameborder=\"0\" allow=\"accelerometer; autoplay; clipboard-write; encrypted-media; gyroscope; picture-in-picture; web-share\" referrerpolicy=\"strict-origin-when-cross-origin\" allowfullscreen><\/iframe>\n<\/div><\/figure>\n\n\t<\/div>\n\n<\/div>\n\n<\/div>\n\n\n\n<\/section>\n","protected":false},"excerpt":{"rendered":"","protected":false},"author":2,"featured_media":5187,"parent":4596,"menu_order":0,"comment_status":"closed","ping_status":"closed","template":"page-leistungen.php","meta":{"_acf_changed":false,"footnotes":""},"class_list":["post-5185","page","type-page","status-publish","has-post-thumbnail","hentry"],"acf":[],"yoast_head":"<!-- This site is optimized with the Yoast SEO plugin v27.3 - https:\/\/yoast.com\/product\/yoast-seo-wordpress\/ -->\n<title>Ambalare \u0219i livrare | BLECHA<\/title>\n<meta name=\"description\" content=\"Cu serviciul de logistic\u0103 BLECHA, noi ne ocup\u0103m de tot ceea ce \u021bine de ambalarea optim\u0103 a m\u0103rfurilor, astfel \u00eenc\u00e2t comanda s\u0103 ajung\u0103 100% \u00een siguran\u021b\u0103 \u0219i \u00een stare perfect\u0103 la adresa dvs.\" \/>\n<meta name=\"robots\" content=\"index, follow, max-snippet:-1, max-image-preview:large, max-video-preview:-1\" \/>\n<link rel=\"canonical\" href=\"https:\/\/www.blecha.at\/ro\/rezultate\/ambalare-si-livrare\/\" \/>\n<meta property=\"og:locale\" content=\"ro_RO\" \/>\n<meta property=\"og:type\" content=\"article\" \/>\n<meta property=\"og:title\" content=\"Ambalare \u0219i livrare | BLECHA\" \/>\n<meta property=\"og:description\" content=\"Cu serviciul de logistic\u0103 BLECHA, noi ne ocup\u0103m de tot ceea ce \u021bine de ambalarea optim\u0103 a m\u0103rfurilor, astfel \u00eenc\u00e2t comanda s\u0103 ajung\u0103 100% \u00een siguran\u021b\u0103 \u0219i \u00een stare perfect\u0103 la adresa dvs.\" \/>\n<meta property=\"og:url\" content=\"https:\/\/www.blecha.at\/ro\/rezultate\/ambalare-si-livrare\/\" \/>\n<meta property=\"og:site_name\" content=\"BLECHA\" \/>\n<meta property=\"article:modified_time\" content=\"2021-10-04T12:05:05+00:00\" \/>\n<meta property=\"og:image\" content=\"https:\/\/www.blecha.at\/wp-content\/uploads\/2021\/03\/blecha-verpackung-und-versand-1-thumbnail.jpg\" \/>\n\t<meta property=\"og:image:width\" content=\"1600\" \/>\n\t<meta property=\"og:image:height\" content=\"1600\" \/>\n\t<meta property=\"og:image:type\" content=\"image\/jpeg\" \/>\n<meta name=\"twitter:card\" content=\"summary_large_image\" \/>\n<meta name=\"twitter:label1\" content=\"Timp estimat pentru citire\" \/>\n\t<meta name=\"twitter:data1\" content=\"4 minute\" \/>\n<script type=\"application\/ld+json\" class=\"yoast-schema-graph\">{\"@context\":\"https:\\\/\\\/schema.org\",\"@graph\":[{\"@type\":\"WebPage\",\"@id\":\"https:\\\/\\\/www.blecha.at\\\/ro\\\/rezultate\\\/ambalare-si-livrare\\\/\",\"url\":\"https:\\\/\\\/www.blecha.at\\\/ro\\\/rezultate\\\/ambalare-si-livrare\\\/\",\"name\":\"Ambalare \u0219i livrare | BLECHA\",\"isPartOf\":{\"@id\":\"https:\\\/\\\/www.blecha.at\\\/#website\"},\"primaryImageOfPage\":{\"@id\":\"https:\\\/\\\/www.blecha.at\\\/ro\\\/rezultate\\\/ambalare-si-livrare\\\/#primaryimage\"},\"image\":{\"@id\":\"https:\\\/\\\/www.blecha.at\\\/ro\\\/rezultate\\\/ambalare-si-livrare\\\/#primaryimage\"},\"thumbnailUrl\":\"https:\\\/\\\/www.blecha.at\\\/wp-content\\\/uploads\\\/2021\\\/03\\\/blecha-verpackung-und-versand-1-thumbnail.jpg\",\"datePublished\":\"2021-01-22T20:44:17+00:00\",\"dateModified\":\"2021-10-04T12:05:05+00:00\",\"description\":\"Cu serviciul de logistic\u0103 BLECHA, noi ne ocup\u0103m de tot ceea ce \u021bine de ambalarea optim\u0103 a m\u0103rfurilor, astfel \u00eenc\u00e2t comanda s\u0103 ajung\u0103 100% \u00een siguran\u021b\u0103 \u0219i \u00een stare perfect\u0103 la adresa dvs.\",\"breadcrumb\":{\"@id\":\"https:\\\/\\\/www.blecha.at\\\/ro\\\/rezultate\\\/ambalare-si-livrare\\\/#breadcrumb\"},\"inLanguage\":\"ro-RO\",\"potentialAction\":[{\"@type\":\"ReadAction\",\"target\":[\"https:\\\/\\\/www.blecha.at\\\/ro\\\/rezultate\\\/ambalare-si-livrare\\\/\"]}]},{\"@type\":\"ImageObject\",\"inLanguage\":\"ro-RO\",\"@id\":\"https:\\\/\\\/www.blecha.at\\\/ro\\\/rezultate\\\/ambalare-si-livrare\\\/#primaryimage\",\"url\":\"https:\\\/\\\/www.blecha.at\\\/wp-content\\\/uploads\\\/2021\\\/03\\\/blecha-verpackung-und-versand-1-thumbnail.jpg\",\"contentUrl\":\"https:\\\/\\\/www.blecha.at\\\/wp-content\\\/uploads\\\/2021\\\/03\\\/blecha-verpackung-und-versand-1-thumbnail.jpg\",\"width\":1600,\"height\":1600},{\"@type\":\"BreadcrumbList\",\"@id\":\"https:\\\/\\\/www.blecha.at\\\/ro\\\/rezultate\\\/ambalare-si-livrare\\\/#breadcrumb\",\"itemListElement\":[{\"@type\":\"ListItem\",\"position\":1,\"name\":\"Home\",\"item\":\"https:\\\/\\\/www.blecha.at\\\/ro\\\/\"},{\"@type\":\"ListItem\",\"position\":2,\"name\":\"Rezultate\",\"item\":\"https:\\\/\\\/www.blecha.at\\\/ro\\\/rezultate\\\/\"},{\"@type\":\"ListItem\",\"position\":3,\"name\":\"Verpackung und Versand\"}]},{\"@type\":\"WebSite\",\"@id\":\"https:\\\/\\\/www.blecha.at\\\/#website\",\"url\":\"https:\\\/\\\/www.blecha.at\\\/\",\"name\":\"BLECHA\",\"description\":\"Eine weitere WordPress-Website\",\"potentialAction\":[{\"@type\":\"SearchAction\",\"target\":{\"@type\":\"EntryPoint\",\"urlTemplate\":\"https:\\\/\\\/www.blecha.at\\\/?s={search_term_string}\"},\"query-input\":{\"@type\":\"PropertyValueSpecification\",\"valueRequired\":true,\"valueName\":\"search_term_string\"}}],\"inLanguage\":\"ro-RO\"}]}<\/script>\n<!-- \/ Yoast SEO plugin. -->","yoast_head_json":{"title":"Ambalare \u0219i livrare | BLECHA","description":"Cu serviciul de logistic\u0103 BLECHA, noi ne ocup\u0103m de tot ceea ce \u021bine de ambalarea optim\u0103 a m\u0103rfurilor, astfel \u00eenc\u00e2t comanda s\u0103 ajung\u0103 100% \u00een siguran\u021b\u0103 \u0219i \u00een stare perfect\u0103 la adresa dvs.","robots":{"index":"index","follow":"follow","max-snippet":"max-snippet:-1","max-image-preview":"max-image-preview:large","max-video-preview":"max-video-preview:-1"},"canonical":"https:\/\/www.blecha.at\/ro\/rezultate\/ambalare-si-livrare\/","og_locale":"ro_RO","og_type":"article","og_title":"Ambalare \u0219i livrare | BLECHA","og_description":"Cu serviciul de logistic\u0103 BLECHA, noi ne ocup\u0103m de tot ceea ce \u021bine de ambalarea optim\u0103 a m\u0103rfurilor, astfel \u00eenc\u00e2t comanda s\u0103 ajung\u0103 100% \u00een siguran\u021b\u0103 \u0219i \u00een stare perfect\u0103 la adresa dvs.","og_url":"https:\/\/www.blecha.at\/ro\/rezultate\/ambalare-si-livrare\/","og_site_name":"BLECHA","article_modified_time":"2021-10-04T12:05:05+00:00","og_image":[{"width":1600,"height":1600,"url":"https:\/\/www.blecha.at\/wp-content\/uploads\/2021\/03\/blecha-verpackung-und-versand-1-thumbnail.jpg","type":"image\/jpeg"}],"twitter_card":"summary_large_image","twitter_misc":{"Timp estimat pentru citire":"4 minute"},"schema":{"@context":"https:\/\/schema.org","@graph":[{"@type":"WebPage","@id":"https:\/\/www.blecha.at\/ro\/rezultate\/ambalare-si-livrare\/","url":"https:\/\/www.blecha.at\/ro\/rezultate\/ambalare-si-livrare\/","name":"Ambalare \u0219i livrare | BLECHA","isPartOf":{"@id":"https:\/\/www.blecha.at\/#website"},"primaryImageOfPage":{"@id":"https:\/\/www.blecha.at\/ro\/rezultate\/ambalare-si-livrare\/#primaryimage"},"image":{"@id":"https:\/\/www.blecha.at\/ro\/rezultate\/ambalare-si-livrare\/#primaryimage"},"thumbnailUrl":"https:\/\/www.blecha.at\/wp-content\/uploads\/2021\/03\/blecha-verpackung-und-versand-1-thumbnail.jpg","datePublished":"2021-01-22T20:44:17+00:00","dateModified":"2021-10-04T12:05:05+00:00","description":"Cu serviciul de logistic\u0103 BLECHA, noi ne ocup\u0103m de tot ceea ce \u021bine de ambalarea optim\u0103 a m\u0103rfurilor, astfel \u00eenc\u00e2t comanda s\u0103 ajung\u0103 100% \u00een siguran\u021b\u0103 \u0219i \u00een stare perfect\u0103 la adresa dvs.","breadcrumb":{"@id":"https:\/\/www.blecha.at\/ro\/rezultate\/ambalare-si-livrare\/#breadcrumb"},"inLanguage":"ro-RO","potentialAction":[{"@type":"ReadAction","target":["https:\/\/www.blecha.at\/ro\/rezultate\/ambalare-si-livrare\/"]}]},{"@type":"ImageObject","inLanguage":"ro-RO","@id":"https:\/\/www.blecha.at\/ro\/rezultate\/ambalare-si-livrare\/#primaryimage","url":"https:\/\/www.blecha.at\/wp-content\/uploads\/2021\/03\/blecha-verpackung-und-versand-1-thumbnail.jpg","contentUrl":"https:\/\/www.blecha.at\/wp-content\/uploads\/2021\/03\/blecha-verpackung-und-versand-1-thumbnail.jpg","width":1600,"height":1600},{"@type":"BreadcrumbList","@id":"https:\/\/www.blecha.at\/ro\/rezultate\/ambalare-si-livrare\/#breadcrumb","itemListElement":[{"@type":"ListItem","position":1,"name":"Home","item":"https:\/\/www.blecha.at\/ro\/"},{"@type":"ListItem","position":2,"name":"Rezultate","item":"https:\/\/www.blecha.at\/ro\/rezultate\/"},{"@type":"ListItem","position":3,"name":"Verpackung und Versand"}]},{"@type":"WebSite","@id":"https:\/\/www.blecha.at\/#website","url":"https:\/\/www.blecha.at\/","name":"BLECHA","description":"Eine weitere WordPress-Website","potentialAction":[{"@type":"SearchAction","target":{"@type":"EntryPoint","urlTemplate":"https:\/\/www.blecha.at\/?s={search_term_string}"},"query-input":{"@type":"PropertyValueSpecification","valueRequired":true,"valueName":"search_term_string"}}],"inLanguage":"ro-RO"}]}},"_links":{"self":[{"href":"https:\/\/www.blecha.at\/ro\/wp-json\/wp\/v2\/pages\/5185","targetHints":{"allow":["GET"]}}],"collection":[{"href":"https:\/\/www.blecha.at\/ro\/wp-json\/wp\/v2\/pages"}],"about":[{"href":"https:\/\/www.blecha.at\/ro\/wp-json\/wp\/v2\/types\/page"}],"author":[{"embeddable":true,"href":"https:\/\/www.blecha.at\/ro\/wp-json\/wp\/v2\/users\/2"}],"replies":[{"embeddable":true,"href":"https:\/\/www.blecha.at\/ro\/wp-json\/wp\/v2\/comments?post=5185"}],"version-history":[{"count":4,"href":"https:\/\/www.blecha.at\/ro\/wp-json\/wp\/v2\/pages\/5185\/revisions"}],"predecessor-version":[{"id":5542,"href":"https:\/\/www.blecha.at\/ro\/wp-json\/wp\/v2\/pages\/5185\/revisions\/5542"}],"up":[{"embeddable":true,"href":"https:\/\/www.blecha.at\/ro\/wp-json\/wp\/v2\/pages\/4596"}],"wp:featuredmedia":[{"embeddable":true,"href":"https:\/\/www.blecha.at\/ro\/wp-json\/wp\/v2\/media\/5187"}],"wp:attachment":[{"href":"https:\/\/www.blecha.at\/ro\/wp-json\/wp\/v2\/media?parent=5185"}],"curies":[{"name":"wp","href":"https:\/\/api.w.org\/{rel}","templated":true}]}}