{"id":5602,"date":"2021-01-22T23:18:28","date_gmt":"2021-01-22T22:18:28","guid":{"rendered":"https:\/\/www.blecha.at\/produse\/bleche-und-platten\/"},"modified":"2022-02-22T15:08:09","modified_gmt":"2022-02-22T14:08:09","slug":"foi-si-placi","status":"publish","type":"page","link":"https:\/\/www.blecha.at\/ro\/produse\/foi-si-placi\/","title":{"rendered":"Foi \u0219i pl\u0103ci"},"content":{"rendered":"\n<section id=\"sectionTwo\" class=\"mt-lg-n11 py-8 py-md-11 px-lg-9 border-left border-right border-right-lg-none bg-white\">\n\n\n<div class=\"wp-bootstrap-blocks-container container-fluid mb-0\">\n\t\n<div class=\"wp-bootstrap-blocks-row row\">\n\t\n\n<div class=\"col-12 col-md-10\">\n\t\t\t\n\n<h2 class=\"text-secondary scroll-fade-bottom-up visibility-hidden wp-block-heading\" id=\"foi-dure-din-aluminiu-aluminiu-\u0219i-aluminiu-pur-vopsite-oxidate-anodic-sau-perforate\">Foi dure din aluminiu, <br>aluminiu \u0219i aluminiu pur. <br>Vopsite, oxidate anodic sau perforate.<\/h2>\n\n\n\n<p class=\"scroll-fade-bottom-up visibility-hidden\">G\u0103si\u021bi produsul potrivit din aluminiu. Dar v\u0103 promitem c\u0103 v\u0103 vom u\u0219ura c\u0103utarea. Fie c\u0103 este vorba de foi de tabl\u0103 sau pl\u0103ci din aluminiu, tabl\u0103 neted\u0103 sau striat\u0103 (pentru pardoseal\u0103, tabl\u0103 striat\u0103), tabl\u0103 din aluminiu pur sau aliaj de aluminiu \u0219i magneziu, oxidat\u0103 anodic \u0219i vopsit\u0103 prin pulverizare, tabl\u0103 perforat\u0103 (perfora\u021bii p\u0103trate \u0219i rotunde), \u00een formate 2000 x 1000 mm, 2500 x 1250 mm, 3000 x 1500 mm \u0219i 4000 x 2000 mm \u2013 discuta\u021bi cu consilierii no\u0219tri \u0219i vom g\u0103si cu siguran\u021b\u0103 solu\u021bia potrivit\u0103. Primi\u021bi produsele dorite \u00eentr-un singur transport, \u00eempreun\u0103 cu profilul comandat.<\/p>\n\n\t<\/div>\n\n<\/div>\n\n<\/div>\n\n\n\n<\/section>\n\n\n\n<section data-jarallax=\"\" data-speed=\".8\" class=\"py-12 py-md-13 overlay overlay-black overlay-40 bg-cover jarallax\" style=\"background-image: url(\/wp-content\/uploads\/2021\/01\/blecha-aluminium-profile.jpg);\">\n  <div class=\"container\">\n    <div class=\"row mx-auto\">\n      <div class=\"col-12 col-md-10\">\n        <!-- Blockquote -->\n        <blockquote class=\"blockquote mb-0\"> \n          \n          <!-- Text -->\n          <p class=\"h2 text-white text-left font-regular scroll-fade-bottom-up visibility-hidden\">Dac\u0103 nu g\u0103si\u021bi la Blecha, nu g\u0103si\u021bi nic\u0103ieri. C\u0103uta\u021bi prin sortimentele noastre \u0219i g\u0103si\u021bi foile \u0219i pl\u0103cile dorite.\n<\/p>\n\n\n<div class=\"wp-bootstrap-blocks-button\">\n\t<a\n\t\thref=\"https:\/\/www.aluprofil.at\/ro\/table\/table-si-placi\/\"\n\t\t\t\t\t\tclass=\"btn mt-4 scroll-fade-bottom-up visibility-hidden btn-secondary\"\n\t>\n\t\tAccesa\u021bi sortimentul\t<\/a>\n<\/div>\n\n\n\n<\/blockquote>\n      <\/div>\n    <\/div>\n  <\/div>\n<\/section>\n","protected":false},"excerpt":{"rendered":"Dac\u0103 nu g\u0103si\u021bi la Blecha, nu g\u0103si\u021bi nic\u0103ieri. C\u0103uta\u021bi prin sortimentele noastre \u0219i g\u0103si\u021bi foile \u0219i pl\u0103cile dorite.","protected":false},"author":2,"featured_media":5604,"parent":5433,"menu_order":0,"comment_status":"closed","ping_status":"closed","template":"page-produkte.php","meta":{"_acf_changed":false,"footnotes":""},"class_list":["post-5602","page","type-page","status-publish","has-post-thumbnail","hentry"],"acf":[],"yoast_head":"<!-- This site is optimized with the Yoast SEO plugin v27.3 - https:\/\/yoast.com\/product\/yoast-seo-wordpress\/ -->\n<title>Foi \u0219i pl\u0103ci | BLECHA<\/title>\n<meta name=\"description\" content=\"Foi din aluminiu, pl\u0103ci din aluminiu \u0219i aluminiu pur \u00een cele mai diverse execu\u021bii. Vopsite, oxidate anodic sau perforate.\" \/>\n<meta name=\"robots\" content=\"index, follow, max-snippet:-1, max-image-preview:large, max-video-preview:-1\" \/>\n<link rel=\"canonical\" href=\"https:\/\/www.blecha.at\/ro\/produse\/foi-si-placi\/\" \/>\n<meta property=\"og:locale\" content=\"ro_RO\" \/>\n<meta property=\"og:type\" content=\"article\" \/>\n<meta property=\"og:title\" content=\"Foi \u0219i pl\u0103ci | BLECHA\" \/>\n<meta property=\"og:description\" content=\"Foi din aluminiu, pl\u0103ci din aluminiu \u0219i aluminiu pur \u00een cele mai diverse execu\u021bii. Vopsite, oxidate anodic sau perforate.\" \/>\n<meta property=\"og:url\" content=\"https:\/\/www.blecha.at\/ro\/produse\/foi-si-placi\/\" \/>\n<meta property=\"og:site_name\" content=\"BLECHA\" \/>\n<meta property=\"article:modified_time\" content=\"2022-02-22T14:08:09+00:00\" \/>\n<meta property=\"og:image\" content=\"https:\/\/www.blecha.at\/wp-content\/uploads\/2021\/03\/blecha-bleche-und-platten-1-thumbnail.jpg\" \/>\n\t<meta property=\"og:image:width\" content=\"1600\" \/>\n\t<meta property=\"og:image:height\" content=\"1600\" \/>\n\t<meta property=\"og:image:type\" content=\"image\/jpeg\" \/>\n<meta name=\"twitter:card\" content=\"summary_large_image\" \/>\n<meta name=\"twitter:label1\" content=\"Timp estimat pentru citire\" \/>\n\t<meta name=\"twitter:data1\" content=\"1 minut\" \/>\n<script type=\"application\/ld+json\" class=\"yoast-schema-graph\">{\"@context\":\"https:\\\/\\\/schema.org\",\"@graph\":[{\"@type\":\"WebPage\",\"@id\":\"https:\\\/\\\/www.blecha.at\\\/ro\\\/produse\\\/foi-si-placi\\\/\",\"url\":\"https:\\\/\\\/www.blecha.at\\\/ro\\\/produse\\\/foi-si-placi\\\/\",\"name\":\"Foi \u0219i pl\u0103ci | BLECHA\",\"isPartOf\":{\"@id\":\"https:\\\/\\\/www.blecha.at\\\/#website\"},\"primaryImageOfPage\":{\"@id\":\"https:\\\/\\\/www.blecha.at\\\/ro\\\/produse\\\/foi-si-placi\\\/#primaryimage\"},\"image\":{\"@id\":\"https:\\\/\\\/www.blecha.at\\\/ro\\\/produse\\\/foi-si-placi\\\/#primaryimage\"},\"thumbnailUrl\":\"https:\\\/\\\/www.blecha.at\\\/wp-content\\\/uploads\\\/2021\\\/03\\\/blecha-bleche-und-platten-1-thumbnail.jpg\",\"datePublished\":\"2021-01-22T22:18:28+00:00\",\"dateModified\":\"2022-02-22T14:08:09+00:00\",\"description\":\"Foi din aluminiu, pl\u0103ci din aluminiu \u0219i aluminiu pur \u00een cele mai diverse execu\u021bii. Vopsite, oxidate anodic sau perforate.\",\"breadcrumb\":{\"@id\":\"https:\\\/\\\/www.blecha.at\\\/ro\\\/produse\\\/foi-si-placi\\\/#breadcrumb\"},\"inLanguage\":\"ro-RO\",\"potentialAction\":[{\"@type\":\"ReadAction\",\"target\":[\"https:\\\/\\\/www.blecha.at\\\/ro\\\/produse\\\/foi-si-placi\\\/\"]}]},{\"@type\":\"ImageObject\",\"inLanguage\":\"ro-RO\",\"@id\":\"https:\\\/\\\/www.blecha.at\\\/ro\\\/produse\\\/foi-si-placi\\\/#primaryimage\",\"url\":\"https:\\\/\\\/www.blecha.at\\\/wp-content\\\/uploads\\\/2021\\\/03\\\/blecha-bleche-und-platten-1-thumbnail.jpg\",\"contentUrl\":\"https:\\\/\\\/www.blecha.at\\\/wp-content\\\/uploads\\\/2021\\\/03\\\/blecha-bleche-und-platten-1-thumbnail.jpg\",\"width\":1600,\"height\":1600},{\"@type\":\"BreadcrumbList\",\"@id\":\"https:\\\/\\\/www.blecha.at\\\/ro\\\/produse\\\/foi-si-placi\\\/#breadcrumb\",\"itemListElement\":[{\"@type\":\"ListItem\",\"position\":1,\"name\":\"Home\",\"item\":\"https:\\\/\\\/www.blecha.at\\\/ro\\\/\"},{\"@type\":\"ListItem\",\"position\":2,\"name\":\"Produse\",\"item\":\"https:\\\/\\\/www.blecha.at\\\/ro\\\/produse\\\/\"},{\"@type\":\"ListItem\",\"position\":3,\"name\":\"Foi \u0219i pl\u0103ci\"}]},{\"@type\":\"WebSite\",\"@id\":\"https:\\\/\\\/www.blecha.at\\\/#website\",\"url\":\"https:\\\/\\\/www.blecha.at\\\/\",\"name\":\"BLECHA\",\"description\":\"Eine weitere WordPress-Website\",\"potentialAction\":[{\"@type\":\"SearchAction\",\"target\":{\"@type\":\"EntryPoint\",\"urlTemplate\":\"https:\\\/\\\/www.blecha.at\\\/?s={search_term_string}\"},\"query-input\":{\"@type\":\"PropertyValueSpecification\",\"valueRequired\":true,\"valueName\":\"search_term_string\"}}],\"inLanguage\":\"ro-RO\"}]}<\/script>\n<!-- \/ Yoast SEO plugin. -->","yoast_head_json":{"title":"Foi \u0219i pl\u0103ci | BLECHA","description":"Foi din aluminiu, pl\u0103ci din aluminiu \u0219i aluminiu pur \u00een cele mai diverse execu\u021bii. Vopsite, oxidate anodic sau perforate.","robots":{"index":"index","follow":"follow","max-snippet":"max-snippet:-1","max-image-preview":"max-image-preview:large","max-video-preview":"max-video-preview:-1"},"canonical":"https:\/\/www.blecha.at\/ro\/produse\/foi-si-placi\/","og_locale":"ro_RO","og_type":"article","og_title":"Foi \u0219i pl\u0103ci | BLECHA","og_description":"Foi din aluminiu, pl\u0103ci din aluminiu \u0219i aluminiu pur \u00een cele mai diverse execu\u021bii. Vopsite, oxidate anodic sau perforate.","og_url":"https:\/\/www.blecha.at\/ro\/produse\/foi-si-placi\/","og_site_name":"BLECHA","article_modified_time":"2022-02-22T14:08:09+00:00","og_image":[{"width":1600,"height":1600,"url":"https:\/\/www.blecha.at\/wp-content\/uploads\/2021\/03\/blecha-bleche-und-platten-1-thumbnail.jpg","type":"image\/jpeg"}],"twitter_card":"summary_large_image","twitter_misc":{"Timp estimat pentru citire":"1 minut"},"schema":{"@context":"https:\/\/schema.org","@graph":[{"@type":"WebPage","@id":"https:\/\/www.blecha.at\/ro\/produse\/foi-si-placi\/","url":"https:\/\/www.blecha.at\/ro\/produse\/foi-si-placi\/","name":"Foi \u0219i pl\u0103ci | BLECHA","isPartOf":{"@id":"https:\/\/www.blecha.at\/#website"},"primaryImageOfPage":{"@id":"https:\/\/www.blecha.at\/ro\/produse\/foi-si-placi\/#primaryimage"},"image":{"@id":"https:\/\/www.blecha.at\/ro\/produse\/foi-si-placi\/#primaryimage"},"thumbnailUrl":"https:\/\/www.blecha.at\/wp-content\/uploads\/2021\/03\/blecha-bleche-und-platten-1-thumbnail.jpg","datePublished":"2021-01-22T22:18:28+00:00","dateModified":"2022-02-22T14:08:09+00:00","description":"Foi din aluminiu, pl\u0103ci din aluminiu \u0219i aluminiu pur \u00een cele mai diverse execu\u021bii. Vopsite, oxidate anodic sau perforate.","breadcrumb":{"@id":"https:\/\/www.blecha.at\/ro\/produse\/foi-si-placi\/#breadcrumb"},"inLanguage":"ro-RO","potentialAction":[{"@type":"ReadAction","target":["https:\/\/www.blecha.at\/ro\/produse\/foi-si-placi\/"]}]},{"@type":"ImageObject","inLanguage":"ro-RO","@id":"https:\/\/www.blecha.at\/ro\/produse\/foi-si-placi\/#primaryimage","url":"https:\/\/www.blecha.at\/wp-content\/uploads\/2021\/03\/blecha-bleche-und-platten-1-thumbnail.jpg","contentUrl":"https:\/\/www.blecha.at\/wp-content\/uploads\/2021\/03\/blecha-bleche-und-platten-1-thumbnail.jpg","width":1600,"height":1600},{"@type":"BreadcrumbList","@id":"https:\/\/www.blecha.at\/ro\/produse\/foi-si-placi\/#breadcrumb","itemListElement":[{"@type":"ListItem","position":1,"name":"Home","item":"https:\/\/www.blecha.at\/ro\/"},{"@type":"ListItem","position":2,"name":"Produse","item":"https:\/\/www.blecha.at\/ro\/produse\/"},{"@type":"ListItem","position":3,"name":"Foi \u0219i pl\u0103ci"}]},{"@type":"WebSite","@id":"https:\/\/www.blecha.at\/#website","url":"https:\/\/www.blecha.at\/","name":"BLECHA","description":"Eine weitere WordPress-Website","potentialAction":[{"@type":"SearchAction","target":{"@type":"EntryPoint","urlTemplate":"https:\/\/www.blecha.at\/?s={search_term_string}"},"query-input":{"@type":"PropertyValueSpecification","valueRequired":true,"valueName":"search_term_string"}}],"inLanguage":"ro-RO"}]}},"_links":{"self":[{"href":"https:\/\/www.blecha.at\/ro\/wp-json\/wp\/v2\/pages\/5602","targetHints":{"allow":["GET"]}}],"collection":[{"href":"https:\/\/www.blecha.at\/ro\/wp-json\/wp\/v2\/pages"}],"about":[{"href":"https:\/\/www.blecha.at\/ro\/wp-json\/wp\/v2\/types\/page"}],"author":[{"embeddable":true,"href":"https:\/\/www.blecha.at\/ro\/wp-json\/wp\/v2\/users\/2"}],"replies":[{"embeddable":true,"href":"https:\/\/www.blecha.at\/ro\/wp-json\/wp\/v2\/comments?post=5602"}],"version-history":[{"count":6,"href":"https:\/\/www.blecha.at\/ro\/wp-json\/wp\/v2\/pages\/5602\/revisions"}],"predecessor-version":[{"id":14398,"href":"https:\/\/www.blecha.at\/ro\/wp-json\/wp\/v2\/pages\/5602\/revisions\/14398"}],"up":[{"embeddable":true,"href":"https:\/\/www.blecha.at\/ro\/wp-json\/wp\/v2\/pages\/5433"}],"wp:featuredmedia":[{"embeddable":true,"href":"https:\/\/www.blecha.at\/ro\/wp-json\/wp\/v2\/media\/5604"}],"wp:attachment":[{"href":"https:\/\/www.blecha.at\/ro\/wp-json\/wp\/v2\/media?parent=5602"}],"curies":[{"name":"wp","href":"https:\/\/api.w.org\/{rel}","templated":true}]}}