{"id":5211,"date":"2021-01-22T21:44:17","date_gmt":"2021-01-22T20:44:17","guid":{"rendered":"https:\/\/www.blecha.at\/sluzby\/verpackung-und-versand\/"},"modified":"2021-10-01T19:20:16","modified_gmt":"2021-10-01T17:20:16","slug":"balenie-a-preprava","status":"publish","type":"page","link":"https:\/\/www.blecha.at\/sk\/sluzby\/balenie-a-preprava\/","title":{"rendered":"Verpackung und Versand"},"content":{"rendered":"\n<section id=\"sectionTwo\" class=\"mt-lg-n11 py-8 py-md-11 px-lg-9 border-left border-right border-right-lg-none bg-white\">\n\n\n<div class=\"wp-bootstrap-blocks-container container-fluid mb-0\">\n\t\n<div class=\"wp-bootstrap-blocks-row row mx-auto\">\n\t\n\n<div class=\"col-12 col-md-10\">\n\t\t\t\n\n<h2 class=\"text-secondary scroll-fade-bottom-up visibility-hidden wp-block-heading\">R\u00fdchlej\u0161ie do cie\u013ea!! <br>S logistikou BLECHA, najistej\u0161ou doru\u010dovacou slu\u017ebou..<\/h2>\n\n\n\n<p class=\"scroll-fade-bottom-up visibility-hidden\">Na\u0161i z\u00e1kazn\u00edci oce\u0148uj\u00fa na\u0161u kvalitu, ale nielen materi\u00e1lu. Preto\u017ee n\u00e1\u0161 s\u013eub \u010faleko presahuje Va\u0161u objedn\u00e1vku, od prv\u00e9ho \u201eahoj\u201c a\u017e po zvonenie n\u00e1\u0161ho doru\u010dovate\u013ea. Postar\u00e1me sa o v\u0161etko, \u010do je potrebn\u00e9 pre optim\u00e1lne balenie, aby Va\u0161a dod\u00e1vka dorazila 100% chr\u00e1nen\u00e1 a nepo\u0161koden\u00e1. \u010ealej k na\u0161ej preprave, ktor\u00fa s Vami m\u00f4\u017eeme koordinova\u0165 v r\u00e1mci Rak\u00faska a okolit\u00fdch kraj\u00edn na z\u00e1klade n\u00e1\u0161ho pl\u00e1nu z\u00e1vozov. Vo v\u00fdnimo\u010dn\u00fdch pr\u00edpadoch a pre in\u00e9 sp\u00f4soby doru\u010denia m\u00e1me k dispoz\u00edcii spo\u013eahliv\u00e9 partnersk\u00e9 prepravn\u00e9 spolo\u010dnosti, ktor\u00e9 zais\u0165uj\u00fa r\u00fdchle a bezpe\u010dn\u00e9 doru\u010denie. Postar\u00e1me sa tie\u017e o bezprobl\u00e9mov\u00e9 coln\u00e9 spracovanie. Sledujte svoj projekt, o ostatn\u00e9 sa postar\u00e1me.<\/p>\n\n\t<\/div>\n\n<\/div>\n\n<\/div>\n\n\n\n<\/section>\n\n\n\n<section class=\"border-left border-right border-right-lg-none bg-primary\">\n\n\n<div class=\"wp-bootstrap-blocks-container container-fluid mb-0 px-0\">\n\t\n<div class=\"wp-bootstrap-blocks-row row mx-auto\">\n\t\n\n<div class=\"col-12 col-md-6 px-7 px-lg-9 py-7 py-lg-9\">\n\t\t\t\n\n<h3 class=\"text-secondary scroll-fade-bottom-up visibility-hidden wp-block-heading\">Baliaci stroj<\/h3>\n\n\n\n<p class=\"scroll-fade-bottom-up visibility-hidden\">BLECHA V\u00e1m zaru\u010duje bezpe\u010dnos\u0165, stabilitu a ochranu po\u010das prepravy pomocou na\u0161ich baliacich strojov. V\u010faka tomu m\u00f4\u017eeme na po\u017eiadanie tenko f\u00f3liova\u0165 V\u00e1\u0161 tovar v cel\u00fdch zv\u00e4zkoch alebo po jednotliv\u00fdch ty\u010diach.<\/p>\n\n\n\n<h5 class=\"text-secondary mt-7 mb-5 scroll-fade-bottom-up visibility-hidden wp-block-heading\">Technick\u00e9 mo\u017enosti:<\/h5>\n\n\n\n<div class=\"d-flex text-left scroll-fade-bottom-up visibility-hidden\">\n<div class=\"badge badge-rounded-circle badge-secondary mt-1 mr-4\">\n<i class=\"fe fe-check\"><\/i>\n<\/div><p class=\"text-white\">\u0160\u00edrka v\u00fdrobku: 100 mm a\u017e 550 mm<\/p><\/div>\n\n<div class=\"d-flex text-left scroll-fade-bottom-up visibility-hidden\">\n<div class=\"badge badge-rounded-circle badge-secondary mt-1 mr-4\">\n<i class=\"fe fe-check\"><\/i>\n<\/div><p class=\"text-white\">V\u00fd\u0161ka v\u00fdrobku: 30 mm a\u017e 500 mm<\/p><\/div>\n\n<div class=\"d-flex text-left scroll-fade-bottom-up visibility-hidden\">\n<div class=\"badge badge-rounded-circle badge-secondary mt-1 mr-4\">\n<i class=\"fe fe-check\"><\/i>\n<\/div><p class=\"text-white\">D\u013a\u017eka v\u00fdrobku: 2000 mm a\u017e 6020 mm<\/p><\/div>\n\n<div class=\"d-flex text-left scroll-fade-bottom-up visibility-hidden\">\n<div class=\"badge badge-rounded-circle badge-secondary mt-1 mr-4\">\n<i class=\"fe fe-check\"><\/i>\n<\/div><p class=\"text-white\">Hmotnos\u0165 v\u00fdrobku: max. 600 kg<\/p><\/div>\n\n<div class=\"d-flex text-left scroll-fade-bottom-up visibility-hidden\">\n<div class=\"badge badge-rounded-circle badge-secondary mt-1 mr-4\">\n<i class=\"fe fe-check\"><\/i>\n<\/div><p class=\"text-white\">Uhloprie\u010dka produktu: max. 744 mm<\/p><\/div>\n\n\t<\/div>\n\n\n\n<div class=\"col-12 col-md-6 px-0 scroll-reveal-right-to-left\">\n\t\t\t\n\n<div class=\"reveal-item\">\n<div class=\"reveal-item-inner\">\n\n\n\n<figure class=\"wp-block-image size-large wp-block-image-cover h-100 mb-0\"><img loading=\"lazy\" decoding=\"async\" width=\"795\" height=\"1024\" src=\"https:\/\/www.blecha.at\/wp-content\/uploads\/2021\/02\/blecha-wickelmaschine-1-795x1024.jpg\" alt=\"\" class=\"wp-image-1854\" srcset=\"https:\/\/www.blecha.at\/wp-content\/uploads\/2021\/02\/blecha-wickelmaschine-1-795x1024.jpg 795w, https:\/\/www.blecha.at\/wp-content\/uploads\/2021\/02\/blecha-wickelmaschine-1-233x300.jpg 233w, https:\/\/www.blecha.at\/wp-content\/uploads\/2021\/02\/blecha-wickelmaschine-1-768x990.jpg 768w, https:\/\/www.blecha.at\/wp-content\/uploads\/2021\/02\/blecha-wickelmaschine-1-1192x1536.jpg 1192w, https:\/\/www.blecha.at\/wp-content\/uploads\/2021\/02\/blecha-wickelmaschine-1-1589x2048.jpg 1589w, https:\/\/www.blecha.at\/wp-content\/uploads\/2021\/02\/blecha-wickelmaschine-1.jpg 1707w\" sizes=\"auto, (max-width: 795px) 100vw, 795px\" \/><\/figure>\n\n\n\n<\/div>\n<\/div>\n\n\t<\/div>\n\n\n\n<div class=\"col-12 col-md-6 px-7 px-lg-9 py-7 py-lg-9 order-md-2\">\n\t\t\t\n\n<h3 class=\"text-secondary scroll-fade-bottom-up visibility-hidden wp-block-heading\">Vysokozdvi\u017en\u00e9 voz\u00edky a vychyst\u00e1va\u010di tovaru<\/h3>\n\n\n\n<p>V spolo\u010dnosti BLECHA pracujeme s 10 najmodernej\u0161\u00edmi vysokozdvi\u017en\u00fdmi voz\u00edkmi, ktor\u00fdmi s\u00fa na\u0161e vozidl\u00e1 nalo\u017een\u00e9 a vykladan\u00e9 tovarom.<\/p>\n\n\n\n<p>M\u00e1me tie\u017e 4 4-cestn\u00e9 bo\u010dn\u00e9 naklada\u010de s ko\u0161\u00edkmi na vychyst\u00e1vanie, ktor\u00e9 sl\u00fa\u017eia na vyberanie tovaru z reg\u00e1lov a jeho pr\u00edpravu pre z\u00e1kazn\u00edkov.<\/p>\n\n\n\n<p>V neposlednom rade s\u00fa pou\u017eit\u00e9 4 na\u0161e 4-smern\u00e9 bo\u010dn\u00e9 naklada\u010de bez vyberacieho ko\u0161a, s ktor\u00fdmi na\u0161i sk\u00fasen\u00ed odborn\u00edci ukladaj\u00fa tovar do reg\u00e1lov. Sme preto optim\u00e1lne vybaven\u00ed na to, aby sme na\u0161im z\u00e1kazn\u00edkom r\u00fdchlo a efekt\u00edvne dod\u00e1vali n\u00e1\u0161 vysokokvalitn\u00fd tovar. Za\u010dnite svoj \u010fal\u0161\u00ed projekt s firmou BLECHA a presved\u010dte sa sami.<\/p>\n\n\t<\/div>\n\n\n\n<div class=\"col-12 col-md-6 px-0 scroll-reveal-left-to-right\">\n\t\t\t\n\n<div class=\"reveal-item\">\n<div class=\"reveal-item-inner\">\n\n\n\n<figure class=\"wp-block-image size-large wp-block-image-cover h-100 mb-0\"><img loading=\"lazy\" decoding=\"async\" width=\"795\" height=\"1024\" src=\"https:\/\/www.blecha.at\/wp-content\/uploads\/2021\/02\/blecha-kommissioniermaschine-1-795x1024.jpg\" alt=\"\" class=\"wp-image-1869\" srcset=\"https:\/\/www.blecha.at\/wp-content\/uploads\/2021\/02\/blecha-kommissioniermaschine-1-795x1024.jpg 795w, https:\/\/www.blecha.at\/wp-content\/uploads\/2021\/02\/blecha-kommissioniermaschine-1-233x300.jpg 233w, https:\/\/www.blecha.at\/wp-content\/uploads\/2021\/02\/blecha-kommissioniermaschine-1-768x990.jpg 768w, https:\/\/www.blecha.at\/wp-content\/uploads\/2021\/02\/blecha-kommissioniermaschine-1-1192x1536.jpg 1192w, https:\/\/www.blecha.at\/wp-content\/uploads\/2021\/02\/blecha-kommissioniermaschine-1-1589x2048.jpg 1589w, https:\/\/www.blecha.at\/wp-content\/uploads\/2021\/02\/blecha-kommissioniermaschine-1.jpg 1707w\" sizes=\"auto, (max-width: 795px) 100vw, 795px\" \/><\/figure>\n\n\n\n<\/div>\n<\/div>\n\n\t<\/div>\n\n<\/div>\n\n<\/div>\n\n\n\n<\/section>\n\n\n\n<section class=\"py-8 py-md-11 px-lg-9 border-left border-right border-right-lg-none bg-light\">\n\n\n<div class=\"wp-bootstrap-blocks-container container-fluid mb-0\">\n\t\n<div class=\"wp-bootstrap-blocks-row row mx-auto\">\n\t\n\n<div class=\"col-12 col-md-10\">\n\t\t\t\n\n<h3 class=\"scroll-fade-bottom-up visibility-hidden wp-block-heading\">Manipula\u010dn\u00e9 zariadenie na plechy<meta charset=\"utf-8\"><\/h3>\n\n\n\n<p class=\"scroll-fade-bottom-up visibility-hidden\">T\u00fdmto zariaden\u00edm r\u00fdchlo a automaticky nasklad\u00e1me objednan\u00e9 plechy, slzi\u010dkov\u00e9 plechy a dosky &#8211; \u0161etrne k materi\u00e1lu a na po\u017eiadanie aj bez papierovej medzivrstvy.<\/p>\n\n\n\n<h5 class=\"wp-block-heading\">Va\u0161e v\u00fdhody:<\/h5>\n\n\n\n<div class=\"d-flex text-left scroll-fade-bottom-up visibility-hidden\">\n<div class=\"badge badge-rounded-circle badge-secondary mt-1 mr-4\">\n<i class=\"fe fe-check\"><\/i>\n<\/div><p class=\"text-black\">kr\u00e1tka dodacia lehota<\/p><\/div>\n\n<div class=\"d-flex text-left scroll-fade-bottom-up visibility-hidden\">\n<div class=\"badge badge-rounded-circle badge-secondary mt-1 mr-4\">\n<i class=\"fe fe-check\"><\/i>\n<\/div><p class=\"text-black\">najvy\u0161\u0161ia kvalita povrchu<\/p><\/div>\n\n<div class=\"d-flex text-left scroll-fade-bottom-up visibility-hidden\">\n<div class=\"badge badge-rounded-circle badge-secondary mt-1 mr-4\">\n<i class=\"fe fe-check\"><\/i>\n<\/div><p class=\"text-black\">\u017eiadne dodato\u010dn\u00e9 n\u00e1klady<\/p><\/div>\n\n\t<\/div>\n\n<\/div>\n\n<\/div>\n\n\n\n<\/section>\n\n\n\n<section class=\"py-8 py-md-11 px-lg-9 border-left border-right border-right-lg-none bg-white\">\n\n\n<div class=\"wp-bootstrap-blocks-container container-fluid mb-0\">\n\t\n<div class=\"wp-bootstrap-blocks-row row mx-auto\">\n\t\n\n<div class=\"col-12 col-md-10\">\n\t\t\t\n\n<h3 class=\"scroll-fade-bottom-up visibility-hidden wp-block-heading\">BLECHA-vozov\u00fd park<\/h3>\n\n\n\n<p class=\"scroll-fade-bottom-up visibility-hidden\">\u017diadna cesta nie je pre n\u00e1s pr\u00edli\u0161 \u010faleko. Zvl\u00e1\u0161\u0165 nie pre na\u0161u prepravn\u00fa spolo\u010dnos\u0165. Obdr\u017ete Va\u0161u z\u00e1sielku do Rak\u00faska, Nemecka, \u010ceskej republiky, Slovenska, Ma\u010farska, Slovinska, Ju\u017en\u00e9ho Tirolska, Talianska a\u017e do Chorv\u00e1tska. Alebo s na\u0161\u00edm 5-d\u0148ov\u00fdm doru\u010dovac\u00edm syst\u00e9mom v r\u00e1mci Rak\u00faska. Minim\u00e1lna hmotnos\u0165 dodania na dodaciu adresu je 100 kg. Ak V\u00e1m to nesta\u010d\u00ed, budeme sa te\u0161i\u0165 na Va\u0161u v\u00fdzvu. Kontaktujte n\u00e1s, dok\u00e1\u017eeme to!<\/p>\n\n\t<\/div>\n\n<\/div>\n\n<\/div>\n\n\n\n<\/section>\n\n\n\n<section class=\"px-lg-9 border-left border-right border-right-lg-none bg-secondary\">\n\n\n<div class=\"wp-bootstrap-blocks-container container-fluid mb-0\">\n\t\n<div class=\"wp-bootstrap-blocks-row row mx-auto\">\n\t\n\n<div class=\"col-12 col-md-12 text-white border-bottom border-white py-7 py-lg-9\">\n\t\t\t\n\n<svg class=\"icon-brand mb-4 scroll-fade-bottom-up visibility-hidden\" viewBox=\"0 0 64 64\" xmlns=\"http:\/\/www.w3.org\/2000\/svg\"><g fill=\"none\" class=\"stroke-primary\" stroke-linecap=\"square\" stroke-miterlimit=\"10\" stroke-width=\"2\"><path d=\"m20 56v6h-11v-6\"><\/path><path d=\"m55 56v6h-11v-6\"><\/path><g class=\"stroke-primary\"><path d=\"m4 25v7\"><\/path><path d=\"m60 25v7\"><\/path><path d=\"m58.073 39.887-4.073-4.887v-33h-44v33l-4.073 4.887c-.599.719-.927 1.623-.927 2.559v13.554h54v-13.552c0-.936-.328-1.842-.927-2.561z\"><\/path><\/g><circle cx=\"16\" cy=\"46\" r=\"4\"><\/circle><circle cx=\"48\" cy=\"46\" r=\"4\"><\/circle><path d=\"m28 46h8\"><\/path><path d=\"m10 8h44\" class=\"stroke-primary\" stroke-linecap=\"butt\"><\/path><path d=\"m16 14h32v20h-32z\"><\/path><\/g><\/svg>\n\n\n\n<h4 class=\"scroll-fade-bottom-up visibility-hidden wp-block-heading\">Vyzdvihnutie tovaru<\/h4>\n\n\n\n<p class=\"mb-5 scroll-fade-bottom-up visibility-hidden\">Z\u00e1kazn\u00edci n\u00e1m vych\u00e1dzaj\u00fa v \u00fastrety aj vlastn\u00fdm odberom materi\u00e1lu z na\u0161ich skladov. Aj tu v\u0161ak kladieme ve\u013ek\u00fd d\u00f4raz na bezpe\u010dnos\u0165 a dodr\u017eiavanie z\u00e1konn\u00fdch po\u017eiadaviek:<\/p>\n\n\n\n<div class=\"d-flex text-left scroll-fade-bottom-up visibility-hidden\">\n<div class=\"badge badge-rounded-circle badge-primary mt-1 mr-4\">\n<i class=\"fe fe-check\"><\/i>\n<\/div><p class=\"text-white\">vozidlo mus\u00ed by\u0165 technicky schopn\u00e9 pre dobr\u00e9 nalo\u017eenie materi\u00e1lu<\/p><\/div>\n\n<div class=\"d-flex text-left scroll-fade-bottom-up visibility-hidden\">\n<div class=\"badge badge-rounded-circle badge-primary mt-1 mr-4\">\n<i class=\"fe fe-check\"><\/i>\n<\/div><p class=\"text-white\">maxim\u00e1lna pr\u00edpustn\u00e1 celkov\u00e1 hmotnos\u0165 vozidla nesmie by\u0165 prekro\u010den\u00e1<\/p><\/div>\n\n<div class=\"d-flex text-left scroll-fade-bottom-up visibility-hidden\">\n<div class=\"badge badge-rounded-circle badge-primary mt-1 mr-4\">\n<i class=\"fe fe-check\"><\/i>\n<\/div><p class=\"text-white\">up\u00ednacie popruhy na zviazanie tovaru treba ma\u0165 k dispoz\u00edcii*<\/p><\/div>\n\n<div class=\"d-flex text-left scroll-fade-bottom-up visibility-hidden\">\n<div class=\"badge badge-rounded-circle badge-primary mt-1 mr-4\">\n<i class=\"fe fe-check\"><\/i>\n<\/div><p class=\"text-white\">mo\u017enos\u0165 pripojenia \u201enakladacej dosky\u201c pre dlh\u00fd tovar<\/p><\/div>\n\n<div class=\"d-flex text-left scroll-fade-bottom-up visibility-hidden\">\n<div class=\"badge badge-rounded-circle badge-primary mt-1 mr-4\">\n<i class=\"fe fe-check\"><\/i>\n<\/div><p class=\"text-white\">nalo\u017eenie do max. povolenej v\u00fd\u0161ky 4 metre<\/p><\/div>\n\n\n\n<p class=\"mt-3 scroll-fade-bottom-up visibility-hidden\"><em>* Up\u00ednacie popruhy alebo ak\u00e9ko\u013evek upev\u0148ovacie prvky na prepravu je mo\u017en\u00e9 zak\u00fapi\u0165 priamo u n\u00e1s kedyko\u013evek po\u010das odberu. Jednoducho sa op\u00fdtajte svojho predajn\u00e9ho poradcu a po\u017eadovan\u00fd prvok bude pripraven\u00fd, hne\u010f ako sa dostav\u00edte<\/em>.<\/p>\n\n\t<\/div>\n\n\n\n<div class=\"col-12 col-md-6 text-white py-7 border-bottom border-white\">\n\t\t\t\n\n<svg class=\"icon-brand mb-4 scroll-fade-bottom-up visibility-hidden\" viewBox=\"0 0 64 64\" xmlns=\"http:\/\/www.w3.org\/2000\/svg\"><g fill=\"none\" class=\"stroke-primary\" stroke-linecap=\"square\" stroke-miterlimit=\"10\" stroke-width=\"2\"><g class=\"stroke-primary\"><path d=\"m44 19h11l7 14v17h-8\"><\/path><path d=\"m42 50h-21\"><\/path><path d=\"m9 50h-7v-42h37v29\"><\/path><\/g><path d=\"m47 25v8l9-.001\"><\/path><circle cx=\"15\" cy=\"50\" r=\"6\"><\/circle><circle cx=\"48\" cy=\"50\" r=\"6\"><\/circle><\/g><\/svg>\n\n\n\n<h4 class=\"scroll-fade-bottom-up visibility-hidden wp-block-heading\">\u0160ped\u00edcia<\/h4>\n\n\n\n<p class=\"scroll-fade-bottom-up visibility-hidden\">Obdr\u017ete Va\u0161u z\u00e1sielku vo viac ako 60 krajin\u00e1ch po celom svete. Zais\u0165ujeme bezprobl\u00e9mov\u00e9 spracovanie, ako aj v\u0161etky potrebn\u00e9 doru\u010dovacie a coln\u00e9 papiere v pr\u00edslu\u0161nom n\u00e1rodnom jazyku.<\/p>\n\n\t<\/div>\n\n\n\n<div class=\"col-12 col-md-6 text-white py-7 border-bottom border-white\">\n\t\t\t\n\n<svg class=\"icon-brand mb-4 scroll-fade-bottom-up visibility-hidden\" viewBox=\"0 0 64 64\" xmlns=\"http:\/\/www.w3.org\/2000\/svg\"><g fill=\"none\" class=\"stroke-primary\" stroke-linecap=\"square\" stroke-miterlimit=\"10\" stroke-width=\"2\"><path d=\"m2 16h60\" class=\"stroke-primary\" stroke-linecap=\"butt\"><\/path><path d=\"m62 16-14-12h-32l-14 12v44h60z\" class=\"stroke-primary\"><\/path><path d=\"m40 36h-16v-20l6-12h4l6 12z\"><\/path><\/g><\/svg>\n\n\n\n<h4 class=\"scroll-fade-bottom-up visibility-hidden wp-block-heading\">Z\u00e1sielkov\u00e1 slu\u017eba<\/h4>\n\n\n\n<p class=\"scroll-fade-bottom-up visibility-hidden\">Men\u0161ie mno\u017estv\u00e1 sa prepravuj\u00fa r\u00fdchlo a n\u00e1kladovo efekt\u00edvne prostredn\u00edctvom z\u00e1sielkov\u00fdch slu\u017eieb pre V\u00e1s doma aj v zahrani\u010d\u00ed (pre ty\u010dov\u00fd tovar je max. dodacia d\u013a\u017eka 2 m &#8211; radi V\u00e1m priprav\u00edme pr\u00edrezy). Prostredn\u00edctvom slu\u017eby Bahnexpress m\u00f4\u017eeme doda\u0165 d\u013a\u017eku do 3 m.<\/p>\n\n\t<\/div>\n\n\n\n<div class=\"col-12 text-white mt-5 pb-7 pb-md-9\">\n\t\t\t\n\n<p class=\"scroll-fade-bottom-up visibility-hidden\"><em>Pokia\u013e ide o n\u00e1klady na dopravu, je potrebn\u00e9 vzia\u0165 do \u00favahy druh dopravy, oblas\u0165 dodania, tovar, hmotnos\u0165 at\u010f. N\u00e1\u0161 t\u00edm sa v\u0161ak star\u00e1 aj o tieto detaily, aby doru\u010denie k V\u00e1m bolo \u010do najjednoduch\u0161ie.<\/em><\/p>\n\n\t<\/div>\n\n<\/div>\n\n<\/div>\n\n\n\n<\/section>\n\n\n\n<section class=\"py-8 py-md-11 px-lg-9 border-left border-right border-right-lg-none bg-white\">\n\n\n<div class=\"wp-bootstrap-blocks-container container-fluid mb-0\">\n\t\n<div class=\"wp-bootstrap-blocks-row row mx-auto\">\n\t\n\n<div class=\"col-12 col-md-10\">\n\t\t\t\n\n<h2 class=\"text-secondary mb-7 scroll-fade-bottom-up visibility-hidden wp-block-heading\">M\u00e9di\u00e1<\/h2>\n\n\t<\/div>\n\n\n\n<div class=\"col-12 col-lg-4\">\n\t\t\t\n\n<figure class=\"wp-block-embed is-type-video is-provider-youtube wp-block-embed-youtube wp-embed-aspect-16-9 wp-has-aspect-ratio\"><div class=\"wp-block-embed__wrapper\">\n<iframe loading=\"lazy\" title=\"Wickelmaschine bei Firma Blecha\" width=\"500\" height=\"281\" src=\"https:\/\/www.youtube.com\/embed\/U-TvgAFpl-I?feature=oembed\" frameborder=\"0\" allow=\"accelerometer; autoplay; clipboard-write; encrypted-media; gyroscope; picture-in-picture; web-share\" referrerpolicy=\"strict-origin-when-cross-origin\" allowfullscreen><\/iframe>\n<\/div><\/figure>\n\n\t<\/div>\n\n\n\n<div class=\"col-12 col-lg-4\">\n\t\t\t\n\n<figure class=\"wp-block-embed is-type-video is-provider-youtube wp-block-embed-youtube wp-embed-aspect-16-9 wp-has-aspect-ratio\"><div class=\"wp-block-embed__wrapper\">\n<iframe loading=\"lazy\" title=\"Blech-Kommissionier Anlage bei Firma Blecha\" width=\"500\" height=\"281\" src=\"https:\/\/www.youtube.com\/embed\/YCuRZ2LqE0E?feature=oembed\" frameborder=\"0\" allow=\"accelerometer; autoplay; clipboard-write; encrypted-media; gyroscope; picture-in-picture; web-share\" referrerpolicy=\"strict-origin-when-cross-origin\" allowfullscreen><\/iframe>\n<\/div><\/figure>\n\n\t<\/div>\n\n<\/div>\n\n<\/div>\n\n\n\n<\/section>\n","protected":false},"excerpt":{"rendered":"","protected":false},"author":2,"featured_media":5213,"parent":4609,"menu_order":0,"comment_status":"closed","ping_status":"closed","template":"page-leistungen.php","meta":{"_acf_changed":false,"footnotes":""},"class_list":["post-5211","page","type-page","status-publish","has-post-thumbnail","hentry"],"acf":[],"yoast_head":"<!-- This site is optimized with the Yoast SEO plugin v27.3 - https:\/\/yoast.com\/product\/yoast-seo-wordpress\/ -->\n<title>Balenie a preprava | BLECHA<\/title>\n<meta name=\"description\" content=\"S logistickou slu\u017ebou BLECHA sa postar\u00e1me o v\u0161etko, \u010do je potrebn\u00e9 pre optim\u00e1lne balenie, aby Va\u0161a dod\u00e1vka dorazila 100% chr\u00e1nen\u00e1 a v nepo\u0161kodenom stave.\" \/>\n<meta name=\"robots\" content=\"index, follow, max-snippet:-1, max-image-preview:large, max-video-preview:-1\" \/>\n<link rel=\"canonical\" href=\"https:\/\/www.blecha.at\/sk\/sluzby\/balenie-a-preprava\/\" \/>\n<meta property=\"og:locale\" content=\"sk_SK\" \/>\n<meta property=\"og:type\" content=\"article\" \/>\n<meta property=\"og:title\" content=\"Balenie a preprava | BLECHA\" \/>\n<meta property=\"og:description\" content=\"S logistickou slu\u017ebou BLECHA sa postar\u00e1me o v\u0161etko, \u010do je potrebn\u00e9 pre optim\u00e1lne balenie, aby Va\u0161a dod\u00e1vka dorazila 100% chr\u00e1nen\u00e1 a v nepo\u0161kodenom stave.\" \/>\n<meta property=\"og:url\" content=\"https:\/\/www.blecha.at\/sk\/sluzby\/balenie-a-preprava\/\" \/>\n<meta property=\"og:site_name\" content=\"BLECHA\" \/>\n<meta property=\"article:modified_time\" content=\"2021-10-01T17:20:16+00:00\" \/>\n<meta property=\"og:image\" content=\"https:\/\/www.blecha.at\/wp-content\/uploads\/2021\/03\/blecha-verpackung-und-versand-1-thumbnail.jpg\" \/>\n\t<meta property=\"og:image:width\" content=\"1600\" \/>\n\t<meta property=\"og:image:height\" content=\"1600\" \/>\n\t<meta property=\"og:image:type\" content=\"image\/jpeg\" \/>\n<meta name=\"twitter:card\" content=\"summary_large_image\" \/>\n<meta name=\"twitter:label1\" content=\"Predpokladan\u00fd \u010das \u010d\u00edtania\" \/>\n\t<meta name=\"twitter:data1\" content=\"3 min\u00faty\" \/>\n<script type=\"application\/ld+json\" class=\"yoast-schema-graph\">{\"@context\":\"https:\\\/\\\/schema.org\",\"@graph\":[{\"@type\":\"WebPage\",\"@id\":\"https:\\\/\\\/www.blecha.at\\\/sk\\\/sluzby\\\/balenie-a-preprava\\\/\",\"url\":\"https:\\\/\\\/www.blecha.at\\\/sk\\\/sluzby\\\/balenie-a-preprava\\\/\",\"name\":\"Balenie a preprava | BLECHA\",\"isPartOf\":{\"@id\":\"https:\\\/\\\/www.blecha.at\\\/#website\"},\"primaryImageOfPage\":{\"@id\":\"https:\\\/\\\/www.blecha.at\\\/sk\\\/sluzby\\\/balenie-a-preprava\\\/#primaryimage\"},\"image\":{\"@id\":\"https:\\\/\\\/www.blecha.at\\\/sk\\\/sluzby\\\/balenie-a-preprava\\\/#primaryimage\"},\"thumbnailUrl\":\"https:\\\/\\\/www.blecha.at\\\/wp-content\\\/uploads\\\/2021\\\/03\\\/blecha-verpackung-und-versand-1-thumbnail.jpg\",\"datePublished\":\"2021-01-22T20:44:17+00:00\",\"dateModified\":\"2021-10-01T17:20:16+00:00\",\"description\":\"S logistickou slu\u017ebou BLECHA sa postar\u00e1me o v\u0161etko, \u010do je potrebn\u00e9 pre optim\u00e1lne balenie, aby Va\u0161a dod\u00e1vka dorazila 100% chr\u00e1nen\u00e1 a v nepo\u0161kodenom stave.\",\"breadcrumb\":{\"@id\":\"https:\\\/\\\/www.blecha.at\\\/sk\\\/sluzby\\\/balenie-a-preprava\\\/#breadcrumb\"},\"inLanguage\":\"sk-SK\",\"potentialAction\":[{\"@type\":\"ReadAction\",\"target\":[\"https:\\\/\\\/www.blecha.at\\\/sk\\\/sluzby\\\/balenie-a-preprava\\\/\"]}]},{\"@type\":\"ImageObject\",\"inLanguage\":\"sk-SK\",\"@id\":\"https:\\\/\\\/www.blecha.at\\\/sk\\\/sluzby\\\/balenie-a-preprava\\\/#primaryimage\",\"url\":\"https:\\\/\\\/www.blecha.at\\\/wp-content\\\/uploads\\\/2021\\\/03\\\/blecha-verpackung-und-versand-1-thumbnail.jpg\",\"contentUrl\":\"https:\\\/\\\/www.blecha.at\\\/wp-content\\\/uploads\\\/2021\\\/03\\\/blecha-verpackung-und-versand-1-thumbnail.jpg\",\"width\":1600,\"height\":1600},{\"@type\":\"BreadcrumbList\",\"@id\":\"https:\\\/\\\/www.blecha.at\\\/sk\\\/sluzby\\\/balenie-a-preprava\\\/#breadcrumb\",\"itemListElement\":[{\"@type\":\"ListItem\",\"position\":1,\"name\":\"Home\",\"item\":\"https:\\\/\\\/www.blecha.at\\\/sk\\\/\"},{\"@type\":\"ListItem\",\"position\":2,\"name\":\"Slu\u017eby\",\"item\":\"https:\\\/\\\/www.blecha.at\\\/sk\\\/sluzby\\\/\"},{\"@type\":\"ListItem\",\"position\":3,\"name\":\"Verpackung und Versand\"}]},{\"@type\":\"WebSite\",\"@id\":\"https:\\\/\\\/www.blecha.at\\\/#website\",\"url\":\"https:\\\/\\\/www.blecha.at\\\/\",\"name\":\"BLECHA\",\"description\":\"Eine weitere WordPress-Website\",\"potentialAction\":[{\"@type\":\"SearchAction\",\"target\":{\"@type\":\"EntryPoint\",\"urlTemplate\":\"https:\\\/\\\/www.blecha.at\\\/?s={search_term_string}\"},\"query-input\":{\"@type\":\"PropertyValueSpecification\",\"valueRequired\":true,\"valueName\":\"search_term_string\"}}],\"inLanguage\":\"sk-SK\"}]}<\/script>\n<!-- \/ Yoast SEO plugin. -->","yoast_head_json":{"title":"Balenie a preprava | BLECHA","description":"S logistickou slu\u017ebou BLECHA sa postar\u00e1me o v\u0161etko, \u010do je potrebn\u00e9 pre optim\u00e1lne balenie, aby Va\u0161a dod\u00e1vka dorazila 100% chr\u00e1nen\u00e1 a v nepo\u0161kodenom stave.","robots":{"index":"index","follow":"follow","max-snippet":"max-snippet:-1","max-image-preview":"max-image-preview:large","max-video-preview":"max-video-preview:-1"},"canonical":"https:\/\/www.blecha.at\/sk\/sluzby\/balenie-a-preprava\/","og_locale":"sk_SK","og_type":"article","og_title":"Balenie a preprava | BLECHA","og_description":"S logistickou slu\u017ebou BLECHA sa postar\u00e1me o v\u0161etko, \u010do je potrebn\u00e9 pre optim\u00e1lne balenie, aby Va\u0161a dod\u00e1vka dorazila 100% chr\u00e1nen\u00e1 a v nepo\u0161kodenom stave.","og_url":"https:\/\/www.blecha.at\/sk\/sluzby\/balenie-a-preprava\/","og_site_name":"BLECHA","article_modified_time":"2021-10-01T17:20:16+00:00","og_image":[{"width":1600,"height":1600,"url":"https:\/\/www.blecha.at\/wp-content\/uploads\/2021\/03\/blecha-verpackung-und-versand-1-thumbnail.jpg","type":"image\/jpeg"}],"twitter_card":"summary_large_image","twitter_misc":{"Predpokladan\u00fd \u010das \u010d\u00edtania":"3 min\u00faty"},"schema":{"@context":"https:\/\/schema.org","@graph":[{"@type":"WebPage","@id":"https:\/\/www.blecha.at\/sk\/sluzby\/balenie-a-preprava\/","url":"https:\/\/www.blecha.at\/sk\/sluzby\/balenie-a-preprava\/","name":"Balenie a preprava | BLECHA","isPartOf":{"@id":"https:\/\/www.blecha.at\/#website"},"primaryImageOfPage":{"@id":"https:\/\/www.blecha.at\/sk\/sluzby\/balenie-a-preprava\/#primaryimage"},"image":{"@id":"https:\/\/www.blecha.at\/sk\/sluzby\/balenie-a-preprava\/#primaryimage"},"thumbnailUrl":"https:\/\/www.blecha.at\/wp-content\/uploads\/2021\/03\/blecha-verpackung-und-versand-1-thumbnail.jpg","datePublished":"2021-01-22T20:44:17+00:00","dateModified":"2021-10-01T17:20:16+00:00","description":"S logistickou slu\u017ebou BLECHA sa postar\u00e1me o v\u0161etko, \u010do je potrebn\u00e9 pre optim\u00e1lne balenie, aby Va\u0161a dod\u00e1vka dorazila 100% chr\u00e1nen\u00e1 a v nepo\u0161kodenom stave.","breadcrumb":{"@id":"https:\/\/www.blecha.at\/sk\/sluzby\/balenie-a-preprava\/#breadcrumb"},"inLanguage":"sk-SK","potentialAction":[{"@type":"ReadAction","target":["https:\/\/www.blecha.at\/sk\/sluzby\/balenie-a-preprava\/"]}]},{"@type":"ImageObject","inLanguage":"sk-SK","@id":"https:\/\/www.blecha.at\/sk\/sluzby\/balenie-a-preprava\/#primaryimage","url":"https:\/\/www.blecha.at\/wp-content\/uploads\/2021\/03\/blecha-verpackung-und-versand-1-thumbnail.jpg","contentUrl":"https:\/\/www.blecha.at\/wp-content\/uploads\/2021\/03\/blecha-verpackung-und-versand-1-thumbnail.jpg","width":1600,"height":1600},{"@type":"BreadcrumbList","@id":"https:\/\/www.blecha.at\/sk\/sluzby\/balenie-a-preprava\/#breadcrumb","itemListElement":[{"@type":"ListItem","position":1,"name":"Home","item":"https:\/\/www.blecha.at\/sk\/"},{"@type":"ListItem","position":2,"name":"Slu\u017eby","item":"https:\/\/www.blecha.at\/sk\/sluzby\/"},{"@type":"ListItem","position":3,"name":"Verpackung und Versand"}]},{"@type":"WebSite","@id":"https:\/\/www.blecha.at\/#website","url":"https:\/\/www.blecha.at\/","name":"BLECHA","description":"Eine weitere WordPress-Website","potentialAction":[{"@type":"SearchAction","target":{"@type":"EntryPoint","urlTemplate":"https:\/\/www.blecha.at\/?s={search_term_string}"},"query-input":{"@type":"PropertyValueSpecification","valueRequired":true,"valueName":"search_term_string"}}],"inLanguage":"sk-SK"}]}},"_links":{"self":[{"href":"https:\/\/www.blecha.at\/sk\/wp-json\/wp\/v2\/pages\/5211","targetHints":{"allow":["GET"]}}],"collection":[{"href":"https:\/\/www.blecha.at\/sk\/wp-json\/wp\/v2\/pages"}],"about":[{"href":"https:\/\/www.blecha.at\/sk\/wp-json\/wp\/v2\/types\/page"}],"author":[{"embeddable":true,"href":"https:\/\/www.blecha.at\/sk\/wp-json\/wp\/v2\/users\/2"}],"replies":[{"embeddable":true,"href":"https:\/\/www.blecha.at\/sk\/wp-json\/wp\/v2\/comments?post=5211"}],"version-history":[{"count":3,"href":"https:\/\/www.blecha.at\/sk\/wp-json\/wp\/v2\/pages\/5211\/revisions"}],"predecessor-version":[{"id":5220,"href":"https:\/\/www.blecha.at\/sk\/wp-json\/wp\/v2\/pages\/5211\/revisions\/5220"}],"up":[{"embeddable":true,"href":"https:\/\/www.blecha.at\/sk\/wp-json\/wp\/v2\/pages\/4609"}],"wp:featuredmedia":[{"embeddable":true,"href":"https:\/\/www.blecha.at\/sk\/wp-json\/wp\/v2\/media\/5213"}],"wp:attachment":[{"href":"https:\/\/www.blecha.at\/sk\/wp-json\/wp\/v2\/media?parent=5211"}],"curies":[{"name":"wp","href":"https:\/\/api.w.org\/{rel}","templated":true}]}}